{"id":2142,"date":"2024-05-29T07:14:49","date_gmt":"2024-05-29T07:14:49","guid":{"rendered":"https:\/\/niederthalerhof.muwit.net\/foto-e-video\/"},"modified":"2026-04-07T11:36:46","modified_gmt":"2026-04-07T11:36:46","slug":"foto-e-video","status":"publish","type":"page","link":"https:\/\/www.niederthalerhof.com\/it\/foto-e-video\/","title":{"rendered":"Foto e Video"},"content":{"rendered":"\t\t<div data-elementor-type=\"wp-page\" data-elementor-id=\"2142\" class=\"elementor elementor-2142 elementor-22\" data-elementor-post-type=\"page\">\n\t\t\t\t<div class=\"elementor-element elementor-element-9603cf3 e-con-full e-flex e-con e-parent\" data-id=\"9603cf3\" data-element_type=\"container\">\n\t\t\t\t<div class=\"elementor-element elementor-element-b28e3e3 elementor-pagination-position-inside pfeillinksunten dc-has-condition dc-condition-equal elementor-skin-carousel elementor-pagination-type-bullets elementor-widget elementor-widget-media-carousel\" data-id=\"b28e3e3\" data-element_type=\"widget\" data-settings=\"{&quot;slides_per_view&quot;:&quot;1&quot;,&quot;slides_per_view_widescreen&quot;:&quot;1&quot;,&quot;slides_per_view_laptop&quot;:&quot;1&quot;,&quot;slides_per_view_tablet_extra&quot;:&quot;1&quot;,&quot;slides_per_view_tablet&quot;:&quot;1&quot;,&quot;slides_per_view_mobile_extra&quot;:&quot;1&quot;,&quot;skin&quot;:&quot;carousel&quot;,&quot;effect&quot;:&quot;slide&quot;,&quot;pagination&quot;:&quot;bullets&quot;,&quot;speed&quot;:500,&quot;autoplay&quot;:&quot;yes&quot;,&quot;autoplay_speed&quot;:5000,&quot;loop&quot;:&quot;yes&quot;,&quot;pause_on_hover&quot;:&quot;yes&quot;,&quot;pause_on_interaction&quot;:&quot;yes&quot;,&quot;space_between&quot;:{&quot;unit&quot;:&quot;px&quot;,&quot;size&quot;:10,&quot;sizes&quot;:[]},&quot;space_between_widescreen&quot;:{&quot;unit&quot;:&quot;px&quot;,&quot;size&quot;:10,&quot;sizes&quot;:[]},&quot;space_between_laptop&quot;:{&quot;unit&quot;:&quot;px&quot;,&quot;size&quot;:10,&quot;sizes&quot;:[]},&quot;space_between_tablet_extra&quot;:{&quot;unit&quot;:&quot;px&quot;,&quot;size&quot;:10,&quot;sizes&quot;:[]},&quot;space_between_tablet&quot;:{&quot;unit&quot;:&quot;px&quot;,&quot;size&quot;:10,&quot;sizes&quot;:[]},&quot;space_between_mobile_extra&quot;:{&quot;unit&quot;:&quot;px&quot;,&quot;size&quot;:10,&quot;sizes&quot;:[]},&quot;space_between_mobile&quot;:{&quot;unit&quot;:&quot;px&quot;,&quot;size&quot;:10,&quot;sizes&quot;:[]}}\" data-widget_type=\"media-carousel.default\">\n\t\t\t\t<div class=\"elementor-widget-container\">\n\t\t\t<link rel=\"stylesheet\" href=\"https:\/\/www.niederthalerhof.com\/wp-content\/plugins\/elementor-pro\/assets\/css\/widget-carousel.min.css?ver=1721981042\">\t\t<div class=\"elementor-swiper\">\n\t\t\t<div class=\"elementor-main-swiper swiper\">\n\t\t\t\t<div class=\"swiper-wrapper\">\n\t\t\t\t\t\t\t\t\t\t\t<div class=\"swiper-slide\">\n\t\t\t\t\t\t\t\t\t<div class=\"elementor-carousel-image\" role=\"img\" aria-label=\"suedtirol-chalet.jpg\" style=\"background-image: url(&#039;https:\/\/www.niederthalerhof.com\/wp-content\/uploads\/2026\/04\/suedtirol-chalet.jpg&#039;)\">\n\n\t\t\t\n\t\t\t\t\t<\/div>\n\t\t\t\t\t\t\t\t<\/div>\n\t\t\t\t\t\t\t\t\t<\/div>\n\t\t\t\t\t\t\t<\/div>\n\t\t<\/div>\n\t\t\t\t<\/div>\n\t\t\t\t<\/div>\n\t\t<!-- hidden widget 2142-eb47f72 -->\t\t<\/div>\n\t\t<div class=\"elementor-element elementor-element-79e5b9b5 e-con-full brownlink e-flex e-con e-parent\" data-id=\"79e5b9b5\" data-element_type=\"container\" data-settings=\"{&quot;background_background&quot;:&quot;classic&quot;}\">\n\t\t<div class=\"elementor-element elementor-element-c145f82 e-flex e-con-boxed e-con e-child\" data-id=\"c145f82\" data-element_type=\"container\">\n\t\t\t\t\t<div class=\"e-con-inner\">\n\t\t\t\t<div class=\"elementor-element elementor-element-1e24bdb9 elementor-widget elementor-widget-heading\" data-id=\"1e24bdb9\" data-element_type=\"widget\" data-widget_type=\"heading.default\">\n\t\t\t\t<div class=\"elementor-widget-container\">\n\t\t\t<style>\/*! elementor - v3.23.0 - 25-07-2024 *\/\n.elementor-heading-title{padding:0;margin:0;line-height:1}.elementor-widget-heading .elementor-heading-title[class*=elementor-size-]>a{color:inherit;font-size:inherit;line-height:inherit}.elementor-widget-heading .elementor-heading-title.elementor-size-small{font-size:15px}.elementor-widget-heading .elementor-heading-title.elementor-size-medium{font-size:19px}.elementor-widget-heading .elementor-heading-title.elementor-size-large{font-size:29px}.elementor-widget-heading .elementor-heading-title.elementor-size-xl{font-size:39px}.elementor-widget-heading .elementor-heading-title.elementor-size-xxl{font-size:59px}<\/style><h1 class=\"elementor-heading-title elementor-size-default\">Un\u2019anteprima <br>dei nostri <br>chalet vicino alla Plose <\/h1>\t\t<\/div>\n\t\t\t\t<\/div>\n\t\t\t\t\t<\/div>\n\t\t\t\t<\/div>\n\t\t<div class=\"elementor-element elementor-element-44b5a3d4 e-flex e-con-boxed e-con e-child\" data-id=\"44b5a3d4\" data-element_type=\"container\">\n\t\t\t\t\t<div class=\"e-con-inner\">\n\t\t\t\t<div class=\"elementor-element elementor-element-2d015f3d elementor-widget elementor-widget-heading\" data-id=\"2d015f3d\" data-element_type=\"widget\" data-widget_type=\"heading.default\">\n\t\t\t\t<div class=\"elementor-widget-container\">\n\t\t\t<h2 class=\"elementor-heading-title elementor-size-default\">Vuoi sapere cosa ti riservano i nostri chalet, e cosa ti aspetta a Bressanone e dintorni? <\/h2>\t\t<\/div>\n\t\t\t\t<\/div>\n\t\t\t\t<div class=\"elementor-element elementor-element-79fb3411 elementor-widget elementor-widget-text-editor\" data-id=\"79fb3411\" data-element_type=\"widget\" data-widget_type=\"text-editor.default\">\n\t\t\t\t<div class=\"elementor-widget-container\">\n\t\t\t<style>\/*! elementor - v3.23.0 - 25-07-2024 *\/\n.elementor-widget-text-editor.elementor-drop-cap-view-stacked .elementor-drop-cap{background-color:#69727d;color:#fff}.elementor-widget-text-editor.elementor-drop-cap-view-framed .elementor-drop-cap{color:#69727d;border:3px solid;background-color:transparent}.elementor-widget-text-editor:not(.elementor-drop-cap-view-default) .elementor-drop-cap{margin-top:8px}.elementor-widget-text-editor:not(.elementor-drop-cap-view-default) .elementor-drop-cap-letter{width:1em;height:1em}.elementor-widget-text-editor .elementor-drop-cap{float:left;text-align:center;line-height:1;font-size:50px}.elementor-widget-text-editor .elementor-drop-cap-letter{display:inline-block}<\/style>\t\t\t\t<p>Ecco qualche foto e video per stuzzicare la tua <a href=\"https:\/\/niederthalerhof.com\/chalet-suedtirol\/\"> voglia di vacanza<\/a>\u2026 con un\u2019anteprima di cosa ti aspetta a <a href=\"https:\/\/niederthalerhof.com\/brixen-umgebung\/\">Bressanone e sulla Plose<\/a>. Lasciati ispirare!<\/p>\n\t\t\t\t\t\t<\/div>\n\t\t\t\t<\/div>\n\t\t\t\t\t<\/div>\n\t\t\t\t<\/div>\n\t\t\t\t<\/div>\n\t\t<div class=\"elementor-element elementor-element-4198d634 e-con-full brownlink e-flex e-con e-parent\" data-id=\"4198d634\" data-element_type=\"container\" data-settings=\"{&quot;background_background&quot;:&quot;classic&quot;}\">\n\t\t\t\t<div class=\"elementor-element elementor-element-7d78a3 elementor-widget elementor-widget-heading\" data-id=\"7d78a3\" data-element_type=\"widget\" data-widget_type=\"heading.default\">\n\t\t\t\t<div class=\"elementor-widget-container\">\n\t\t\t<h2 class=\"elementor-heading-title elementor-size-default\">Foto<\/h2>\t\t<\/div>\n\t\t\t\t<\/div>\n\t\t\t\t<div class=\"elementor-element elementor-element-6a00280 elementor-widget elementor-widget-gallery\" data-id=\"6a00280\" data-element_type=\"widget\" data-settings=\"{&quot;columns&quot;:3,&quot;columns_laptop&quot;:2,&quot;columns_tablet_extra&quot;:2,&quot;columns_mobile_extra&quot;:2,&quot;columns_mobile&quot;:2,&quot;lazyload&quot;:&quot;yes&quot;,&quot;gallery_layout&quot;:&quot;grid&quot;,&quot;columns_tablet&quot;:2,&quot;gap&quot;:{&quot;unit&quot;:&quot;px&quot;,&quot;size&quot;:10,&quot;sizes&quot;:[]},&quot;gap_widescreen&quot;:{&quot;unit&quot;:&quot;px&quot;,&quot;size&quot;:&quot;&quot;,&quot;sizes&quot;:[]},&quot;gap_laptop&quot;:{&quot;unit&quot;:&quot;px&quot;,&quot;size&quot;:10,&quot;sizes&quot;:[]},&quot;gap_tablet_extra&quot;:{&quot;unit&quot;:&quot;px&quot;,&quot;size&quot;:10,&quot;sizes&quot;:[]},&quot;gap_tablet&quot;:{&quot;unit&quot;:&quot;px&quot;,&quot;size&quot;:10,&quot;sizes&quot;:[]},&quot;gap_mobile_extra&quot;:{&quot;unit&quot;:&quot;px&quot;,&quot;size&quot;:10,&quot;sizes&quot;:[]},&quot;gap_mobile&quot;:{&quot;unit&quot;:&quot;px&quot;,&quot;size&quot;:10,&quot;sizes&quot;:[]},&quot;link_to&quot;:&quot;file&quot;,&quot;aspect_ratio&quot;:&quot;3:2&quot;,&quot;overlay_background&quot;:&quot;yes&quot;,&quot;content_hover_animation&quot;:&quot;fade-in&quot;}\" data-widget_type=\"gallery.default\">\n\t\t\t\t<div class=\"elementor-widget-container\">\n\t\t\t<style>\/*! elementor-pro - v3.23.0 - 23-07-2024 *\/\n.elementor-gallery__container{min-height:1px}.elementor-gallery-item{position:relative;overflow:hidden;display:block;text-decoration:none;border:solid var(--image-border-width) var(--image-border-color);border-radius:var(--image-border-radius)}.elementor-gallery-item__content,.elementor-gallery-item__overlay{height:100%;width:100%;position:absolute;top:0;left:0}.elementor-gallery-item__overlay{mix-blend-mode:var(--overlay-mix-blend-mode);transition-duration:var(--overlay-transition-duration);transition-property:mix-blend-mode,transform,opacity,background-color}.elementor-gallery-item__image.e-gallery-image{transition-duration:var(--image-transition-duration);transition-property:filter,transform}.elementor-gallery-item__content{display:flex;flex-direction:column;justify-content:var(--content-justify-content,center);align-items:center;text-align:var(--content-text-align);padding:var(--content-padding)}.elementor-gallery-item__content>div{transition-duration:var(--content-transition-duration)}.elementor-gallery-item__content.elementor-gallery--sequenced-animation>div:nth-child(2){transition-delay:calc(var(--content-transition-delay) \/ 3)}.elementor-gallery-item__content.elementor-gallery--sequenced-animation>div:nth-child(3){transition-delay:calc(var(--content-transition-delay) \/ 3 * 2)}.elementor-gallery-item__content.elementor-gallery--sequenced-animation>div:nth-child(4){transition-delay:calc(var(--content-transition-delay) \/ 3 * 3)}.elementor-gallery-item__description{color:var(--description-text-color,#fff);width:100%}.elementor-gallery-item__title{color:var(--title-text-color,#fff);font-weight:700;width:100%}.elementor-gallery__titles-container{display:flex;flex-wrap:wrap;justify-content:var(--titles-container-justify-content,center);margin-bottom:20px}.elementor-gallery__titles-container:not(.e--pointer-framed) .elementor-item:after,.elementor-gallery__titles-container:not(.e--pointer-framed) .elementor-item:before{background-color:var(--galleries-pointer-bg-color-hover)}.elementor-gallery__titles-container:not(.e--pointer-framed) .elementor-item.elementor-item-active:after,.elementor-gallery__titles-container:not(.e--pointer-framed) .elementor-item.elementor-item-active:before{background-color:var(--galleries-pointer-bg-color-active)}.elementor-gallery__titles-container.e--pointer-framed .elementor-item:before{border-color:var(--galleries-pointer-bg-color-hover);border-width:var(--galleries-pointer-border-width)}.elementor-gallery__titles-container.e--pointer-framed .elementor-item:after{border-color:var(--galleries-pointer-bg-color-hover)}.elementor-gallery__titles-container.e--pointer-framed .elementor-item.elementor-item-active:after,.elementor-gallery__titles-container.e--pointer-framed .elementor-item.elementor-item-active:before{border-color:var(--galleries-pointer-bg-color-active)}.elementor-gallery__titles-container.e--pointer-framed.e--animation-draw .elementor-item:before{border-left-width:var(--galleries-pointer-border-width);border-bottom-width:var(--galleries-pointer-border-width);border-right-width:0;border-top-width:0}.elementor-gallery__titles-container.e--pointer-framed.e--animation-draw .elementor-item:after{border-left-width:0;border-bottom-width:0;border-right-width:var(--galleries-pointer-border-width);border-top-width:var(--galleries-pointer-border-width)}.elementor-gallery__titles-container.e--pointer-framed.e--animation-corners .elementor-item:before{border-left-width:var(--galleries-pointer-border-width);border-bottom-width:0;border-right-width:0;border-top-width:var(--galleries-pointer-border-width)}.elementor-gallery__titles-container.e--pointer-framed.e--animation-corners .elementor-item:after{border-left-width:0;border-bottom-width:var(--galleries-pointer-border-width);border-right-width:var(--galleries-pointer-border-width);border-top-width:0}.elementor-gallery__titles-container .e--pointer-double-line .elementor-item:after,.elementor-gallery__titles-container .e--pointer-double-line .elementor-item:before,.elementor-gallery__titles-container .e--pointer-overline .elementor-item:before,.elementor-gallery__titles-container .e--pointer-underline .elementor-item:after{height:var(--galleries-pointer-border-width)}.elementor-gallery-title{--space-between:10px;cursor:pointer;color:#6d7882;font-weight:500;position:relative;padding:7px 14px;transition:all .3s}.elementor-gallery-title--active{color:#495157}.elementor-gallery-title:not(:last-child){margin-inline-end:var(--space-between)}.elementor-gallery-item__title+.elementor-gallery-item__description{margin-top:var(--description-margin-top)}.e-gallery-item.elementor-gallery-item{transition-property:all}.e-gallery-item.elementor-animated-content .elementor-animated-item--enter-from-bottom,.e-gallery-item.elementor-animated-content .elementor-animated-item--enter-from-left,.e-gallery-item.elementor-animated-content .elementor-animated-item--enter-from-right,.e-gallery-item.elementor-animated-content .elementor-animated-item--enter-from-top,.e-gallery-item:focus .elementor-gallery__item-overlay-bg,.e-gallery-item:focus .elementor-gallery__item-overlay-content,.e-gallery-item:focus .elementor-gallery__item-overlay-content__description,.e-gallery-item:focus .elementor-gallery__item-overlay-content__title,.e-gallery-item:hover .elementor-gallery__item-overlay-bg,.e-gallery-item:hover .elementor-gallery__item-overlay-content,.e-gallery-item:hover .elementor-gallery__item-overlay-content__description,.e-gallery-item:hover .elementor-gallery__item-overlay-content__title{opacity:1}a.elementor-item.elementor-gallery-title{color:var(--galleries-title-color-normal)}a.elementor-item.elementor-gallery-title.elementor-item-active,a.elementor-item.elementor-gallery-title.highlighted,a.elementor-item.elementor-gallery-title:focus,a.elementor-item.elementor-gallery-title:hover{color:var(--galleries-title-color-hover)}a.elementor-item.elementor-gallery-title.elementor-item-active{color:var(--gallery-title-color-active)}.e-con-inner>.elementor-widget-gallery,.e-con>.elementor-widget-gallery{width:var(--container-widget-width);--flex-grow:var(--container-widget-flex-grow)}<\/style>\t\t<div class=\"elementor-gallery__container\">\n\t\t\t\t\t\t\t<a class=\"e-gallery-item elementor-gallery-item elementor-animated-content\" href=\"https:\/\/www.niederthalerhof.com\/wp-content\/uploads\/2024\/06\/luxus-chalet-fuer-zwei-1.jpg\" data-elementor-open-lightbox=\"yes\" data-elementor-lightbox-slideshow=\"6a00280\" data-elementor-lightbox-title=\"luxus-chalet-fuer-zwei\" data-elementor-lightbox-description=\"Luxuschalet f\u00fcr zwei Personen\" data-e-action-hash=\"#elementor-action%3Aaction%3Dlightbox%26settings%3DeyJpZCI6MTkzOSwidXJsIjoiaHR0cHM6XC9cL3d3dy5uaWVkZXJ0aGFsZXJob2YuY29tXC93cC1jb250ZW50XC91cGxvYWRzXC8yMDI0XC8wNlwvbHV4dXMtY2hhbGV0LWZ1ZXItendlaS0xLmpwZyIsInNsaWRlc2hvdyI6IjZhMDAyODAifQ%3D%3D\">\n\t\t\t\t\t<div class=\"e-gallery-image elementor-gallery-item__image\" data-thumbnail=\"https:\/\/www.niederthalerhof.com\/wp-content\/uploads\/2024\/06\/luxus-chalet-fuer-zwei-1-1024x683.jpg\" data-width=\"800\" data-height=\"534\" aria-label=\"\" role=\"img\" ><\/div>\n\t\t\t\t\t\t\t\t\t\t\t<div class=\"elementor-gallery-item__overlay\"><\/div>\n\t\t\t\t\t\t\t\t\t\t\t\t\t\t<\/a>\n\t\t\t\t\t\t\t<a class=\"e-gallery-item elementor-gallery-item elementor-animated-content\" href=\"https:\/\/www.niederthalerhof.com\/wp-content\/uploads\/2024\/06\/luxus-chalet-suedtirol-brixen.jpg\" data-elementor-open-lightbox=\"yes\" data-elementor-lightbox-slideshow=\"6a00280\" data-elementor-lightbox-title=\"luxus-chalet-suedtirol-brixen\" data-elementor-lightbox-description=\"Luxus Chalet in Brixen S\u00fcdtirol\" data-e-action-hash=\"#elementor-action%3Aaction%3Dlightbox%26settings%3DeyJpZCI6MTk0MSwidXJsIjoiaHR0cHM6XC9cL3d3dy5uaWVkZXJ0aGFsZXJob2YuY29tXC93cC1jb250ZW50XC91cGxvYWRzXC8yMDI0XC8wNlwvbHV4dXMtY2hhbGV0LXN1ZWR0aXJvbC1icml4ZW4uanBnIiwic2xpZGVzaG93IjoiNmEwMDI4MCJ9\">\n\t\t\t\t\t<div class=\"e-gallery-image elementor-gallery-item__image\" data-thumbnail=\"https:\/\/www.niederthalerhof.com\/wp-content\/uploads\/2024\/06\/luxus-chalet-suedtirol-brixen-1024x683.jpg\" data-width=\"800\" data-height=\"534\" aria-label=\"\" role=\"img\" ><\/div>\n\t\t\t\t\t\t\t\t\t\t\t<div class=\"elementor-gallery-item__overlay\"><\/div>\n\t\t\t\t\t\t\t\t\t\t\t\t\t\t<\/a>\n\t\t\t\t\t\t\t<a class=\"e-gallery-item elementor-gallery-item elementor-animated-content\" href=\"https:\/\/www.niederthalerhof.com\/wp-content\/uploads\/2024\/06\/freienwohung-mit-aussicht.jpg\" data-elementor-open-lightbox=\"yes\" data-elementor-lightbox-slideshow=\"6a00280\" data-elementor-lightbox-title=\"freienwohung-mit-aussicht\" data-elementor-lightbox-description=\"Ferienwohnung mit Aussicht bei Brixen\" data-e-action-hash=\"#elementor-action%3Aaction%3Dlightbox%26settings%3DeyJpZCI6MTk0MywidXJsIjoiaHR0cHM6XC9cL3d3dy5uaWVkZXJ0aGFsZXJob2YuY29tXC93cC1jb250ZW50XC91cGxvYWRzXC8yMDI0XC8wNlwvZnJlaWVud29odW5nLW1pdC1hdXNzaWNodC5qcGciLCJzbGlkZXNob3ciOiI2YTAwMjgwIn0%3D\">\n\t\t\t\t\t<div class=\"e-gallery-image elementor-gallery-item__image\" data-thumbnail=\"https:\/\/www.niederthalerhof.com\/wp-content\/uploads\/2024\/06\/freienwohung-mit-aussicht-1024x681.jpg\" data-width=\"800\" data-height=\"532\" aria-label=\"\" role=\"img\" ><\/div>\n\t\t\t\t\t\t\t\t\t\t\t<div class=\"elementor-gallery-item__overlay\"><\/div>\n\t\t\t\t\t\t\t\t\t\t\t\t\t\t<\/a>\n\t\t\t\t\t\t\t<a class=\"e-gallery-item elementor-gallery-item elementor-animated-content\" href=\"https:\/\/www.niederthalerhof.com\/wp-content\/uploads\/2024\/06\/urlaub-bauernhof-mit-sauna.jpg\" data-elementor-open-lightbox=\"yes\" data-elementor-lightbox-slideshow=\"6a00280\" data-elementor-lightbox-title=\"urlaub-bauernhof-mit-sauna\" data-elementor-lightbox-description=\"Urlaub auf dem Bauernhof mit Sauna\" data-e-action-hash=\"#elementor-action%3Aaction%3Dlightbox%26settings%3DeyJpZCI6MTkzMSwidXJsIjoiaHR0cHM6XC9cL3d3dy5uaWVkZXJ0aGFsZXJob2YuY29tXC93cC1jb250ZW50XC91cGxvYWRzXC8yMDI0XC8wNlwvdXJsYXViLWJhdWVybmhvZi1taXQtc2F1bmEuanBnIiwic2xpZGVzaG93IjoiNmEwMDI4MCJ9\">\n\t\t\t\t\t<div class=\"e-gallery-image elementor-gallery-item__image\" data-thumbnail=\"https:\/\/www.niederthalerhof.com\/wp-content\/uploads\/2024\/06\/urlaub-bauernhof-mit-sauna-1024x683.jpg\" data-width=\"800\" data-height=\"534\" aria-label=\"\" role=\"img\" ><\/div>\n\t\t\t\t\t\t\t\t\t\t\t<div class=\"elementor-gallery-item__overlay\"><\/div>\n\t\t\t\t\t\t\t\t\t\t\t\t\t\t<\/a>\n\t\t\t\t\t\t\t<a class=\"e-gallery-item elementor-gallery-item elementor-animated-content\" href=\"https:\/\/www.niederthalerhof.com\/wp-content\/uploads\/2024\/06\/luxus-chalet-mieten.jpg\" data-elementor-open-lightbox=\"yes\" data-elementor-lightbox-slideshow=\"6a00280\" data-elementor-lightbox-title=\"luxus-chalet-mieten\" data-elementor-lightbox-description=\"Luxus Chalet mieten in S\u00fcdtirol\" data-e-action-hash=\"#elementor-action%3Aaction%3Dlightbox%26settings%3DeyJpZCI6MTkzMywidXJsIjoiaHR0cHM6XC9cL3d3dy5uaWVkZXJ0aGFsZXJob2YuY29tXC93cC1jb250ZW50XC91cGxvYWRzXC8yMDI0XC8wNlwvbHV4dXMtY2hhbGV0LW1pZXRlbi5qcGciLCJzbGlkZXNob3ciOiI2YTAwMjgwIn0%3D\">\n\t\t\t\t\t<div class=\"e-gallery-image elementor-gallery-item__image\" data-thumbnail=\"https:\/\/www.niederthalerhof.com\/wp-content\/uploads\/2024\/06\/luxus-chalet-mieten-1024x683.jpg\" data-width=\"800\" data-height=\"534\" aria-label=\"\" role=\"img\" ><\/div>\n\t\t\t\t\t\t\t\t\t\t\t<div class=\"elementor-gallery-item__overlay\"><\/div>\n\t\t\t\t\t\t\t\t\t\t\t\t\t\t<\/a>\n\t\t\t\t\t\t\t<a class=\"e-gallery-item elementor-gallery-item elementor-animated-content\" href=\"https:\/\/www.niederthalerhof.com\/wp-content\/uploads\/2024\/06\/urlaub-bauernhof-bei-brixen.jpg\" data-elementor-open-lightbox=\"yes\" data-elementor-lightbox-slideshow=\"6a00280\" data-elementor-lightbox-title=\"urlaub-bauernhof-bei-brixen\" data-elementor-lightbox-description=\"Urlaub auf dem Bauernhof bei Brixen\" data-e-action-hash=\"#elementor-action%3Aaction%3Dlightbox%26settings%3DeyJpZCI6MTkyNywidXJsIjoiaHR0cHM6XC9cL3d3dy5uaWVkZXJ0aGFsZXJob2YuY29tXC93cC1jb250ZW50XC91cGxvYWRzXC8yMDI0XC8wNlwvdXJsYXViLWJhdWVybmhvZi1iZWktYnJpeGVuLmpwZyIsInNsaWRlc2hvdyI6IjZhMDAyODAifQ%3D%3D\">\n\t\t\t\t\t<div class=\"e-gallery-image elementor-gallery-item__image\" data-thumbnail=\"https:\/\/www.niederthalerhof.com\/wp-content\/uploads\/2024\/06\/urlaub-bauernhof-bei-brixen-1024x681.jpg\" data-width=\"800\" data-height=\"532\" aria-label=\"\" role=\"img\" ><\/div>\n\t\t\t\t\t\t\t\t\t\t\t<div class=\"elementor-gallery-item__overlay\"><\/div>\n\t\t\t\t\t\t\t\t\t\t\t\t\t\t<\/a>\n\t\t\t\t\t\t\t<a class=\"e-gallery-item elementor-gallery-item elementor-animated-content\" href=\"https:\/\/www.niederthalerhof.com\/wp-content\/uploads\/2024\/06\/luxus-chalets-brixen.jpg\" data-elementor-open-lightbox=\"yes\" data-elementor-lightbox-slideshow=\"6a00280\" data-elementor-lightbox-title=\"luxus-chalets-brixen\" data-elementor-lightbox-description=\"Luxus Chalet in Brixen\" data-e-action-hash=\"#elementor-action%3Aaction%3Dlightbox%26settings%3DeyJpZCI6MTkyOSwidXJsIjoiaHR0cHM6XC9cL3d3dy5uaWVkZXJ0aGFsZXJob2YuY29tXC93cC1jb250ZW50XC91cGxvYWRzXC8yMDI0XC8wNlwvbHV4dXMtY2hhbGV0cy1icml4ZW4uanBnIiwic2xpZGVzaG93IjoiNmEwMDI4MCJ9\">\n\t\t\t\t\t<div class=\"e-gallery-image elementor-gallery-item__image\" data-thumbnail=\"https:\/\/www.niederthalerhof.com\/wp-content\/uploads\/2024\/06\/luxus-chalets-brixen-1024x683.jpg\" data-width=\"800\" data-height=\"534\" aria-label=\"\" role=\"img\" ><\/div>\n\t\t\t\t\t\t\t\t\t\t\t<div class=\"elementor-gallery-item__overlay\"><\/div>\n\t\t\t\t\t\t\t\t\t\t\t\t\t\t<\/a>\n\t\t\t\t\t\t\t<a class=\"e-gallery-item elementor-gallery-item elementor-animated-content\" href=\"https:\/\/www.niederthalerhof.com\/wp-content\/uploads\/2024\/06\/urlaub-am-niederthalerhof.jpg\" data-elementor-open-lightbox=\"yes\" data-elementor-lightbox-slideshow=\"6a00280\" data-elementor-lightbox-title=\"urlaub-am-niederthalerhof\" data-elementor-lightbox-description=\"Urlaub am Niederthalerhof in Brixen\" data-e-action-hash=\"#elementor-action%3Aaction%3Dlightbox%26settings%3DeyJpZCI6MTkzNSwidXJsIjoiaHR0cHM6XC9cL3d3dy5uaWVkZXJ0aGFsZXJob2YuY29tXC93cC1jb250ZW50XC91cGxvYWRzXC8yMDI0XC8wNlwvdXJsYXViLWFtLW5pZWRlcnRoYWxlcmhvZi5qcGciLCJzbGlkZXNob3ciOiI2YTAwMjgwIn0%3D\">\n\t\t\t\t\t<div class=\"e-gallery-image elementor-gallery-item__image\" data-thumbnail=\"https:\/\/www.niederthalerhof.com\/wp-content\/uploads\/2024\/06\/urlaub-am-niederthalerhof-1024x681.jpg\" data-width=\"800\" data-height=\"532\" aria-label=\"\" role=\"img\" ><\/div>\n\t\t\t\t\t\t\t\t\t\t\t<div class=\"elementor-gallery-item__overlay\"><\/div>\n\t\t\t\t\t\t\t\t\t\t\t\t\t\t<\/a>\n\t\t\t\t\t\t\t<a class=\"e-gallery-item elementor-gallery-item elementor-animated-content\" href=\"https:\/\/www.niederthalerhof.com\/wp-content\/uploads\/2024\/05\/familie-01.jpg\" data-elementor-open-lightbox=\"yes\" data-elementor-lightbox-slideshow=\"6a00280\" data-elementor-lightbox-title=\"Urlaub auf dem Bauernhof im famili\u00e4ren Umfeld\" data-elementor-lightbox-description=\"Urlaub auf dem Bauernhof im famili\u00e4ren Umfeld\" data-e-action-hash=\"#elementor-action%3Aaction%3Dlightbox%26settings%3DeyJpZCI6MTY3MywidXJsIjoiaHR0cHM6XC9cL3d3dy5uaWVkZXJ0aGFsZXJob2YuY29tXC93cC1jb250ZW50XC91cGxvYWRzXC8yMDI0XC8wNVwvZmFtaWxpZS0wMS5qcGciLCJzbGlkZXNob3ciOiI2YTAwMjgwIn0%3D\">\n\t\t\t\t\t<div class=\"e-gallery-image elementor-gallery-item__image\" data-thumbnail=\"https:\/\/www.niederthalerhof.com\/wp-content\/uploads\/2024\/05\/familie-01-1024x701.jpg\" data-width=\"800\" data-height=\"548\" aria-label=\"\" role=\"img\" ><\/div>\n\t\t\t\t\t\t\t\t\t\t\t<div class=\"elementor-gallery-item__overlay\"><\/div>\n\t\t\t\t\t\t\t\t\t\t\t\t\t\t<\/a>\n\t\t\t\t\t\t\t<a class=\"e-gallery-item elementor-gallery-item elementor-animated-content\" href=\"https:\/\/www.niederthalerhof.com\/wp-content\/uploads\/2024\/06\/freienwohnung-mit-sauna-suedtirol.jpg\" data-elementor-open-lightbox=\"yes\" data-elementor-lightbox-slideshow=\"6a00280\" data-elementor-lightbox-title=\"freienwohnung-mit-sauna-suedtirol\" data-elementor-lightbox-description=\"Ferienwohnung mit Sauna in S\u00fcdtirol\" data-e-action-hash=\"#elementor-action%3Aaction%3Dlightbox%26settings%3DeyJpZCI6MTk0NSwidXJsIjoiaHR0cHM6XC9cL3d3dy5uaWVkZXJ0aGFsZXJob2YuY29tXC93cC1jb250ZW50XC91cGxvYWRzXC8yMDI0XC8wNlwvZnJlaWVud29obnVuZy1taXQtc2F1bmEtc3VlZHRpcm9sLmpwZyIsInNsaWRlc2hvdyI6IjZhMDAyODAifQ%3D%3D\">\n\t\t\t\t\t<div class=\"e-gallery-image elementor-gallery-item__image\" data-thumbnail=\"https:\/\/www.niederthalerhof.com\/wp-content\/uploads\/2024\/06\/freienwohnung-mit-sauna-suedtirol-1024x683.jpg\" data-width=\"800\" data-height=\"534\" aria-label=\"\" role=\"img\" ><\/div>\n\t\t\t\t\t\t\t\t\t\t\t<div class=\"elementor-gallery-item__overlay\"><\/div>\n\t\t\t\t\t\t\t\t\t\t\t\t\t\t<\/a>\n\t\t\t\t\t\t\t<a class=\"e-gallery-item elementor-gallery-item elementor-animated-content\" href=\"https:\/\/www.niederthalerhof.com\/wp-content\/uploads\/2024\/06\/ferienwohunug-mit-fruehstueck.jpg\" data-elementor-open-lightbox=\"yes\" data-elementor-lightbox-slideshow=\"6a00280\" data-elementor-lightbox-title=\"ferienwohunug-mit-fruehstueck\" data-elementor-lightbox-description=\"Ferienwohnung mit Fr\u00fchst\u00fcck in S\u00fcdtirol\" data-e-action-hash=\"#elementor-action%3Aaction%3Dlightbox%26settings%3DeyJpZCI6MTk0NywidXJsIjoiaHR0cHM6XC9cL3d3dy5uaWVkZXJ0aGFsZXJob2YuY29tXC93cC1jb250ZW50XC91cGxvYWRzXC8yMDI0XC8wNlwvZmVyaWVud29odW51Zy1taXQtZnJ1ZWhzdHVlY2suanBnIiwic2xpZGVzaG93IjoiNmEwMDI4MCJ9\">\n\t\t\t\t\t<div class=\"e-gallery-image elementor-gallery-item__image\" data-thumbnail=\"https:\/\/www.niederthalerhof.com\/wp-content\/uploads\/2024\/06\/ferienwohunug-mit-fruehstueck-1024x681.jpg\" data-width=\"800\" data-height=\"532\" aria-label=\"\" role=\"img\" ><\/div>\n\t\t\t\t\t\t\t\t\t\t\t<div class=\"elementor-gallery-item__overlay\"><\/div>\n\t\t\t\t\t\t\t\t\t\t\t\t\t\t<\/a>\n\t\t\t\t\t\t\t<a class=\"e-gallery-item elementor-gallery-item elementor-animated-content\" href=\"https:\/\/www.niederthalerhof.com\/wp-content\/uploads\/2024\/06\/chalets-luxus-mit-sauna.jpg\" data-elementor-open-lightbox=\"yes\" data-elementor-lightbox-slideshow=\"6a00280\" data-elementor-lightbox-title=\"chalets-luxus-mit-sauna\" data-elementor-lightbox-description=\"Chalets mit Luxus und Sauna in S\u00fcdtirol\" data-e-action-hash=\"#elementor-action%3Aaction%3Dlightbox%26settings%3DeyJpZCI6MTk0OSwidXJsIjoiaHR0cHM6XC9cL3d3dy5uaWVkZXJ0aGFsZXJob2YuY29tXC93cC1jb250ZW50XC91cGxvYWRzXC8yMDI0XC8wNlwvY2hhbGV0cy1sdXh1cy1taXQtc2F1bmEuanBnIiwic2xpZGVzaG93IjoiNmEwMDI4MCJ9\">\n\t\t\t\t\t<div class=\"e-gallery-image elementor-gallery-item__image\" data-thumbnail=\"https:\/\/www.niederthalerhof.com\/wp-content\/uploads\/2024\/06\/chalets-luxus-mit-sauna-1024x683.jpg\" data-width=\"800\" data-height=\"534\" aria-label=\"\" role=\"img\" ><\/div>\n\t\t\t\t\t\t\t\t\t\t\t<div class=\"elementor-gallery-item__overlay\"><\/div>\n\t\t\t\t\t\t\t\t\t\t\t\t\t\t<\/a>\n\t\t\t\t\t\t\t<a class=\"e-gallery-item elementor-gallery-item elementor-animated-content\" href=\"https:\/\/www.niederthalerhof.com\/wp-content\/uploads\/2024\/06\/chaletdorf-suedtirol.jpg\" data-elementor-open-lightbox=\"yes\" data-elementor-lightbox-slideshow=\"6a00280\" data-elementor-lightbox-title=\"chaletdorf-suedtirol\" data-elementor-lightbox-description=\"Chaletdorf in S\u00fcdtirol\" data-e-action-hash=\"#elementor-action%3Aaction%3Dlightbox%26settings%3DeyJpZCI6MTk1MSwidXJsIjoiaHR0cHM6XC9cL3d3dy5uaWVkZXJ0aGFsZXJob2YuY29tXC93cC1jb250ZW50XC91cGxvYWRzXC8yMDI0XC8wNlwvY2hhbGV0ZG9yZi1zdWVkdGlyb2wuanBnIiwic2xpZGVzaG93IjoiNmEwMDI4MCJ9\">\n\t\t\t\t\t<div class=\"e-gallery-image elementor-gallery-item__image\" data-thumbnail=\"https:\/\/www.niederthalerhof.com\/wp-content\/uploads\/2024\/06\/chaletdorf-suedtirol-1024x681.jpg\" data-width=\"800\" data-height=\"532\" aria-label=\"\" role=\"img\" ><\/div>\n\t\t\t\t\t\t\t\t\t\t\t<div class=\"elementor-gallery-item__overlay\"><\/div>\n\t\t\t\t\t\t\t\t\t\t\t\t\t\t<\/a>\n\t\t\t\t\t\t\t<a class=\"e-gallery-item elementor-gallery-item elementor-animated-content\" href=\"https:\/\/www.niederthalerhof.com\/wp-content\/uploads\/2024\/06\/chalet-in-brixen-suedtirol.jpg\" data-elementor-open-lightbox=\"yes\" data-elementor-lightbox-slideshow=\"6a00280\" data-elementor-lightbox-title=\"chalet-in-brixen-suedtirol\" data-elementor-lightbox-description=\"Chalet in Brixen S\u00fcdtirol\" data-e-action-hash=\"#elementor-action%3Aaction%3Dlightbox%26settings%3DeyJpZCI6MTk1MywidXJsIjoiaHR0cHM6XC9cL3d3dy5uaWVkZXJ0aGFsZXJob2YuY29tXC93cC1jb250ZW50XC91cGxvYWRzXC8yMDI0XC8wNlwvY2hhbGV0LWluLWJyaXhlbi1zdWVkdGlyb2wuanBnIiwic2xpZGVzaG93IjoiNmEwMDI4MCJ9\">\n\t\t\t\t\t<div class=\"e-gallery-image elementor-gallery-item__image\" data-thumbnail=\"https:\/\/www.niederthalerhof.com\/wp-content\/uploads\/2024\/06\/chalet-in-brixen-suedtirol-1024x681.jpg\" data-width=\"800\" data-height=\"532\" aria-label=\"\" role=\"img\" ><\/div>\n\t\t\t\t\t\t\t\t\t\t\t<div class=\"elementor-gallery-item__overlay\"><\/div>\n\t\t\t\t\t\t\t\t\t\t\t\t\t\t<\/a>\n\t\t\t\t\t\t\t<a class=\"e-gallery-item elementor-gallery-item elementor-animated-content\" href=\"https:\/\/www.niederthalerhof.com\/wp-content\/uploads\/2024\/08\/640A7376.jpg\" data-elementor-open-lightbox=\"yes\" data-elementor-lightbox-slideshow=\"6a00280\" data-elementor-lightbox-title=\"640A7376\" data-e-action-hash=\"#elementor-action%3Aaction%3Dlightbox%26settings%3DeyJpZCI6MjgxMCwidXJsIjoiaHR0cHM6XC9cL3d3dy5uaWVkZXJ0aGFsZXJob2YuY29tXC93cC1jb250ZW50XC91cGxvYWRzXC8yMDI0XC8wOFwvNjQwQTczNzYuanBnIiwic2xpZGVzaG93IjoiNmEwMDI4MCJ9\">\n\t\t\t\t\t<div class=\"e-gallery-image elementor-gallery-item__image\" data-thumbnail=\"https:\/\/www.niederthalerhof.com\/wp-content\/uploads\/2024\/08\/640A7376-1024x683.jpg\" data-width=\"800\" data-height=\"534\" aria-label=\"Urlaub auf dem Bauernhof in S\u00fcdtirol\" role=\"img\" ><\/div>\n\t\t\t\t\t\t\t\t\t\t\t<div class=\"elementor-gallery-item__overlay\"><\/div>\n\t\t\t\t\t\t\t\t\t\t\t\t\t\t<\/a>\n\t\t\t\t\t\t\t<a class=\"e-gallery-item elementor-gallery-item elementor-animated-content\" href=\"https:\/\/www.niederthalerhof.com\/wp-content\/uploads\/2024\/08\/640A7703.jpg\" data-elementor-open-lightbox=\"yes\" data-elementor-lightbox-slideshow=\"6a00280\" data-elementor-lightbox-title=\"640A7703\" data-elementor-lightbox-description=\"Urlaub auf dem Bauernhof in S\u00fcdtirol\" data-e-action-hash=\"#elementor-action%3Aaction%3Dlightbox%26settings%3DeyJpZCI6MjgxOSwidXJsIjoiaHR0cHM6XC9cL3d3dy5uaWVkZXJ0aGFsZXJob2YuY29tXC93cC1jb250ZW50XC91cGxvYWRzXC8yMDI0XC8wOFwvNjQwQTc3MDMuanBnIiwic2xpZGVzaG93IjoiNmEwMDI4MCJ9\">\n\t\t\t\t\t<div class=\"e-gallery-image elementor-gallery-item__image\" data-thumbnail=\"https:\/\/www.niederthalerhof.com\/wp-content\/uploads\/2024\/08\/640A7703-1024x683.jpg\" data-width=\"800\" data-height=\"534\" aria-label=\"Urlaub auf dem Bauernhof in S\u00fcdtirol\" role=\"img\" ><\/div>\n\t\t\t\t\t\t\t\t\t\t\t<div class=\"elementor-gallery-item__overlay\"><\/div>\n\t\t\t\t\t\t\t\t\t\t\t\t\t\t<\/a>\n\t\t\t\t\t\t\t<a class=\"e-gallery-item elementor-gallery-item elementor-animated-content\" href=\"https:\/\/www.niederthalerhof.com\/wp-content\/uploads\/2024\/08\/640A7842.jpg\" data-elementor-open-lightbox=\"yes\" data-elementor-lightbox-slideshow=\"6a00280\" data-elementor-lightbox-title=\"640A7842\" data-e-action-hash=\"#elementor-action%3Aaction%3Dlightbox%26settings%3DeyJpZCI6MjgyOCwidXJsIjoiaHR0cHM6XC9cL3d3dy5uaWVkZXJ0aGFsZXJob2YuY29tXC93cC1jb250ZW50XC91cGxvYWRzXC8yMDI0XC8wOFwvNjQwQTc4NDIuanBnIiwic2xpZGVzaG93IjoiNmEwMDI4MCJ9\">\n\t\t\t\t\t<div class=\"e-gallery-image elementor-gallery-item__image\" data-thumbnail=\"https:\/\/www.niederthalerhof.com\/wp-content\/uploads\/2024\/08\/640A7842-682x1024.jpg\" data-width=\"682\" data-height=\"1024\" aria-label=\"Pony auf dem Bauernhof in S\u00fcdtirol\" role=\"img\" ><\/div>\n\t\t\t\t\t\t\t\t\t\t\t<div class=\"elementor-gallery-item__overlay\"><\/div>\n\t\t\t\t\t\t\t\t\t\t\t\t\t\t<\/a>\n\t\t\t\t\t\t\t<a class=\"e-gallery-item elementor-gallery-item elementor-animated-content\" href=\"https:\/\/www.niederthalerhof.com\/wp-content\/uploads\/2024\/08\/640A7843.jpg\" data-elementor-open-lightbox=\"yes\" data-elementor-lightbox-slideshow=\"6a00280\" data-elementor-lightbox-title=\"640A7843\" data-e-action-hash=\"#elementor-action%3Aaction%3Dlightbox%26settings%3DeyJpZCI6MjgzMSwidXJsIjoiaHR0cHM6XC9cL3d3dy5uaWVkZXJ0aGFsZXJob2YuY29tXC93cC1jb250ZW50XC91cGxvYWRzXC8yMDI0XC8wOFwvNjQwQTc4NDMuanBnIiwic2xpZGVzaG93IjoiNmEwMDI4MCJ9\">\n\t\t\t\t\t<div class=\"e-gallery-image elementor-gallery-item__image\" data-thumbnail=\"https:\/\/www.niederthalerhof.com\/wp-content\/uploads\/2024\/08\/640A7843-1024x683.jpg\" data-width=\"800\" data-height=\"534\" aria-label=\"Pony auf dem Bauernhof in S\u00fcdtirol\" role=\"img\" ><\/div>\n\t\t\t\t\t\t\t\t\t\t\t<div class=\"elementor-gallery-item__overlay\"><\/div>\n\t\t\t\t\t\t\t\t\t\t\t\t\t\t<\/a>\n\t\t\t\t\t\t\t<a class=\"e-gallery-item elementor-gallery-item elementor-animated-content\" href=\"https:\/\/www.niederthalerhof.com\/wp-content\/uploads\/2024\/08\/640A7844.jpg\" data-elementor-open-lightbox=\"yes\" data-elementor-lightbox-slideshow=\"6a00280\" data-elementor-lightbox-title=\"640A7844\" data-e-action-hash=\"#elementor-action%3Aaction%3Dlightbox%26settings%3DeyJpZCI6MjgzNCwidXJsIjoiaHR0cHM6XC9cL3d3dy5uaWVkZXJ0aGFsZXJob2YuY29tXC93cC1jb250ZW50XC91cGxvYWRzXC8yMDI0XC8wOFwvNjQwQTc4NDQuanBnIiwic2xpZGVzaG93IjoiNmEwMDI4MCJ9\">\n\t\t\t\t\t<div class=\"e-gallery-image elementor-gallery-item__image\" data-thumbnail=\"https:\/\/www.niederthalerhof.com\/wp-content\/uploads\/2024\/08\/640A7844-1024x683.jpg\" data-width=\"800\" data-height=\"534\" aria-label=\"Pony auf dem Bauernhof in S\u00fcdtirol\" role=\"img\" ><\/div>\n\t\t\t\t\t\t\t\t\t\t\t<div class=\"elementor-gallery-item__overlay\"><\/div>\n\t\t\t\t\t\t\t\t\t\t\t\t\t\t<\/a>\n\t\t\t\t\t\t\t<a class=\"e-gallery-item elementor-gallery-item elementor-animated-content\" href=\"https:\/\/www.niederthalerhof.com\/wp-content\/uploads\/2024\/08\/640A7841.jpg\" data-elementor-open-lightbox=\"yes\" data-elementor-lightbox-slideshow=\"6a00280\" data-elementor-lightbox-title=\"640A7841\" data-e-action-hash=\"#elementor-action%3Aaction%3Dlightbox%26settings%3DeyJpZCI6MjgyNSwidXJsIjoiaHR0cHM6XC9cL3d3dy5uaWVkZXJ0aGFsZXJob2YuY29tXC93cC1jb250ZW50XC91cGxvYWRzXC8yMDI0XC8wOFwvNjQwQTc4NDEuanBnIiwic2xpZGVzaG93IjoiNmEwMDI4MCJ9\">\n\t\t\t\t\t<div class=\"e-gallery-image elementor-gallery-item__image\" data-thumbnail=\"https:\/\/www.niederthalerhof.com\/wp-content\/uploads\/2024\/08\/640A7841-1024x683.jpg\" data-width=\"800\" data-height=\"534\" aria-label=\"Frische Fr\u00fcchte vom Bauernhof in S\u00fcdtirol\" role=\"img\" ><\/div>\n\t\t\t\t\t\t\t\t\t\t\t<div class=\"elementor-gallery-item__overlay\"><\/div>\n\t\t\t\t\t\t\t\t\t\t\t\t\t\t<\/a>\n\t\t\t\t\t<\/div>\n\t\t\t<\/div>\n\t\t\t\t<\/div>\n\t\t\t\t<\/div>\n\t\t<div class=\"elementor-element elementor-element-fbc1fe5 e-con-full brownlink e-flex e-con e-parent\" data-id=\"fbc1fe5\" data-element_type=\"container\" data-settings=\"{&quot;background_background&quot;:&quot;classic&quot;}\">\n\t\t\t\t<div class=\"elementor-element elementor-element-2c12c86 elementor-widget elementor-widget-heading\" data-id=\"2c12c86\" data-element_type=\"widget\" data-widget_type=\"heading.default\">\n\t\t\t\t<div class=\"elementor-widget-container\">\n\t\t\t<h2 class=\"elementor-heading-title elementor-size-default\">Animali<\/h2>\t\t<\/div>\n\t\t\t\t<\/div>\n\t\t\t\t<div class=\"elementor-element elementor-element-9c53269 elementor-widget elementor-widget-gallery\" data-id=\"9c53269\" data-element_type=\"widget\" data-settings=\"{&quot;columns&quot;:3,&quot;columns_laptop&quot;:2,&quot;columns_tablet_extra&quot;:2,&quot;columns_mobile_extra&quot;:2,&quot;columns_mobile&quot;:2,&quot;lazyload&quot;:&quot;yes&quot;,&quot;gallery_layout&quot;:&quot;grid&quot;,&quot;columns_tablet&quot;:2,&quot;gap&quot;:{&quot;unit&quot;:&quot;px&quot;,&quot;size&quot;:10,&quot;sizes&quot;:[]},&quot;gap_widescreen&quot;:{&quot;unit&quot;:&quot;px&quot;,&quot;size&quot;:&quot;&quot;,&quot;sizes&quot;:[]},&quot;gap_laptop&quot;:{&quot;unit&quot;:&quot;px&quot;,&quot;size&quot;:10,&quot;sizes&quot;:[]},&quot;gap_tablet_extra&quot;:{&quot;unit&quot;:&quot;px&quot;,&quot;size&quot;:10,&quot;sizes&quot;:[]},&quot;gap_tablet&quot;:{&quot;unit&quot;:&quot;px&quot;,&quot;size&quot;:10,&quot;sizes&quot;:[]},&quot;gap_mobile_extra&quot;:{&quot;unit&quot;:&quot;px&quot;,&quot;size&quot;:10,&quot;sizes&quot;:[]},&quot;gap_mobile&quot;:{&quot;unit&quot;:&quot;px&quot;,&quot;size&quot;:10,&quot;sizes&quot;:[]},&quot;link_to&quot;:&quot;file&quot;,&quot;aspect_ratio&quot;:&quot;3:2&quot;,&quot;overlay_background&quot;:&quot;yes&quot;,&quot;content_hover_animation&quot;:&quot;fade-in&quot;}\" data-widget_type=\"gallery.default\">\n\t\t\t\t<div class=\"elementor-widget-container\">\n\t\t\t\t\t<div class=\"elementor-gallery__container\">\n\t\t\t\t\t\t\t<a class=\"e-gallery-item elementor-gallery-item elementor-animated-content\" href=\"https:\/\/www.niederthalerhof.com\/wp-content\/uploads\/2024\/08\/640A7366-1.jpg\" data-elementor-open-lightbox=\"yes\" data-elementor-lightbox-slideshow=\"9c53269\" data-elementor-lightbox-title=\"640A7366\" data-e-action-hash=\"#elementor-action%3Aaction%3Dlightbox%26settings%3DeyJpZCI6MjgwNywidXJsIjoiaHR0cHM6XC9cL3d3dy5uaWVkZXJ0aGFsZXJob2YuY29tXC93cC1jb250ZW50XC91cGxvYWRzXC8yMDI0XC8wOFwvNjQwQTczNjYtMS5qcGciLCJzbGlkZXNob3ciOiI5YzUzMjY5In0%3D\">\n\t\t\t\t\t<div class=\"e-gallery-image elementor-gallery-item__image\" data-thumbnail=\"https:\/\/www.niederthalerhof.com\/wp-content\/uploads\/2024\/08\/640A7366-1-1024x683.jpg\" data-width=\"800\" data-height=\"534\" aria-label=\"Katze auf dem Bauernhof in S\u00fcdtirol\" role=\"img\" ><\/div>\n\t\t\t\t\t\t\t\t\t\t\t<div class=\"elementor-gallery-item__overlay\"><\/div>\n\t\t\t\t\t\t\t\t\t\t\t\t\t\t<\/a>\n\t\t\t\t\t\t\t<a class=\"e-gallery-item elementor-gallery-item elementor-animated-content\" href=\"https:\/\/www.niederthalerhof.com\/wp-content\/uploads\/2024\/08\/640A7890.jpg\" data-elementor-open-lightbox=\"yes\" data-elementor-lightbox-slideshow=\"9c53269\" data-elementor-lightbox-title=\"640A7890\" data-e-action-hash=\"#elementor-action%3Aaction%3Dlightbox%26settings%3DeyJpZCI6MjgzNywidXJsIjoiaHR0cHM6XC9cL3d3dy5uaWVkZXJ0aGFsZXJob2YuY29tXC93cC1jb250ZW50XC91cGxvYWRzXC8yMDI0XC8wOFwvNjQwQTc4OTAuanBnIiwic2xpZGVzaG93IjoiOWM1MzI2OSJ9\">\n\t\t\t\t\t<div class=\"e-gallery-image elementor-gallery-item__image\" data-thumbnail=\"https:\/\/www.niederthalerhof.com\/wp-content\/uploads\/2024\/08\/640A7890-1024x683.jpg\" data-width=\"800\" data-height=\"534\" aria-label=\"Pony auf dem Bauernhof in S\u00fcdtirol\" role=\"img\" ><\/div>\n\t\t\t\t\t\t\t\t\t\t\t<div class=\"elementor-gallery-item__overlay\"><\/div>\n\t\t\t\t\t\t\t\t\t\t\t\t\t\t<\/a>\n\t\t\t\t\t\t\t<a class=\"e-gallery-item elementor-gallery-item elementor-animated-content\" href=\"https:\/\/www.niederthalerhof.com\/wp-content\/uploads\/2024\/08\/640A7896.jpg\" data-elementor-open-lightbox=\"yes\" data-elementor-lightbox-slideshow=\"9c53269\" data-elementor-lightbox-title=\"640A7896\" data-e-action-hash=\"#elementor-action%3Aaction%3Dlightbox%26settings%3DeyJpZCI6Mjg0MCwidXJsIjoiaHR0cHM6XC9cL3d3dy5uaWVkZXJ0aGFsZXJob2YuY29tXC93cC1jb250ZW50XC91cGxvYWRzXC8yMDI0XC8wOFwvNjQwQTc4OTYuanBnIiwic2xpZGVzaG93IjoiOWM1MzI2OSJ9\">\n\t\t\t\t\t<div class=\"e-gallery-image elementor-gallery-item__image\" data-thumbnail=\"https:\/\/www.niederthalerhof.com\/wp-content\/uploads\/2024\/08\/640A7896-1024x683.jpg\" data-width=\"800\" data-height=\"534\" aria-label=\"Pony auf dem Bauernhof in S\u00fcdtirol\" role=\"img\" ><\/div>\n\t\t\t\t\t\t\t\t\t\t\t<div class=\"elementor-gallery-item__overlay\"><\/div>\n\t\t\t\t\t\t\t\t\t\t\t\t\t\t<\/a>\n\t\t\t\t\t\t\t<a class=\"e-gallery-item elementor-gallery-item elementor-animated-content\" href=\"https:\/\/www.niederthalerhof.com\/wp-content\/uploads\/2024\/08\/640A7908.jpg\" data-elementor-open-lightbox=\"yes\" data-elementor-lightbox-slideshow=\"9c53269\" data-elementor-lightbox-title=\"640A7908\" data-e-action-hash=\"#elementor-action%3Aaction%3Dlightbox%26settings%3DeyJpZCI6Mjg0MywidXJsIjoiaHR0cHM6XC9cL3d3dy5uaWVkZXJ0aGFsZXJob2YuY29tXC93cC1jb250ZW50XC91cGxvYWRzXC8yMDI0XC8wOFwvNjQwQTc5MDguanBnIiwic2xpZGVzaG93IjoiOWM1MzI2OSJ9\">\n\t\t\t\t\t<div class=\"e-gallery-image elementor-gallery-item__image\" data-thumbnail=\"https:\/\/www.niederthalerhof.com\/wp-content\/uploads\/2024\/08\/640A7908-1024x683.jpg\" data-width=\"800\" data-height=\"534\" aria-label=\"Pony auf dem Bauernhof in S\u00fcdtirol\" role=\"img\" ><\/div>\n\t\t\t\t\t\t\t\t\t\t\t<div class=\"elementor-gallery-item__overlay\"><\/div>\n\t\t\t\t\t\t\t\t\t\t\t\t\t\t<\/a>\n\t\t\t\t\t\t\t<a class=\"e-gallery-item elementor-gallery-item elementor-animated-content\" href=\"https:\/\/www.niederthalerhof.com\/wp-content\/uploads\/2024\/08\/640A7917.jpg\" data-elementor-open-lightbox=\"yes\" data-elementor-lightbox-slideshow=\"9c53269\" data-elementor-lightbox-title=\"640A7917\" data-elementor-lightbox-description=\"Pony auf dem Bauernhof in S\u00fcdtirol\" data-e-action-hash=\"#elementor-action%3Aaction%3Dlightbox%26settings%3DeyJpZCI6Mjg0NiwidXJsIjoiaHR0cHM6XC9cL3d3dy5uaWVkZXJ0aGFsZXJob2YuY29tXC93cC1jb250ZW50XC91cGxvYWRzXC8yMDI0XC8wOFwvNjQwQTc5MTcuanBnIiwic2xpZGVzaG93IjoiOWM1MzI2OSJ9\">\n\t\t\t\t\t<div class=\"e-gallery-image elementor-gallery-item__image\" data-thumbnail=\"https:\/\/www.niederthalerhof.com\/wp-content\/uploads\/2024\/08\/640A7917-1024x683.jpg\" data-width=\"800\" data-height=\"534\" aria-label=\"Pony auf dem Bauernhof in S\u00fcdtirol\" role=\"img\" ><\/div>\n\t\t\t\t\t\t\t\t\t\t\t<div class=\"elementor-gallery-item__overlay\"><\/div>\n\t\t\t\t\t\t\t\t\t\t\t\t\t\t<\/a>\n\t\t\t\t\t\t\t<a class=\"e-gallery-item elementor-gallery-item elementor-animated-content\" href=\"https:\/\/www.niederthalerhof.com\/wp-content\/uploads\/2024\/08\/640A7921.jpg\" data-elementor-open-lightbox=\"yes\" data-elementor-lightbox-slideshow=\"9c53269\" data-elementor-lightbox-title=\"640A7921\" data-e-action-hash=\"#elementor-action%3Aaction%3Dlightbox%26settings%3DeyJpZCI6Mjg0OSwidXJsIjoiaHR0cHM6XC9cL3d3dy5uaWVkZXJ0aGFsZXJob2YuY29tXC93cC1jb250ZW50XC91cGxvYWRzXC8yMDI0XC8wOFwvNjQwQTc5MjEuanBnIiwic2xpZGVzaG93IjoiOWM1MzI2OSJ9\">\n\t\t\t\t\t<div class=\"e-gallery-image elementor-gallery-item__image\" data-thumbnail=\"https:\/\/www.niederthalerhof.com\/wp-content\/uploads\/2024\/08\/640A7921-1024x683.jpg\" data-width=\"800\" data-height=\"534\" aria-label=\"Pony auf dem Bauernhof in S\u00fcdtirol\" role=\"img\" ><\/div>\n\t\t\t\t\t\t\t\t\t\t\t<div class=\"elementor-gallery-item__overlay\"><\/div>\n\t\t\t\t\t\t\t\t\t\t\t\t\t\t<\/a>\n\t\t\t\t\t\t\t<a class=\"e-gallery-item elementor-gallery-item elementor-animated-content\" href=\"https:\/\/www.niederthalerhof.com\/wp-content\/uploads\/2024\/08\/640A7966.jpg\" data-elementor-open-lightbox=\"yes\" data-elementor-lightbox-slideshow=\"9c53269\" data-elementor-lightbox-title=\"640A7966\" data-elementor-lightbox-description=\"glueckliches Schaf in S\u00fcdtirol\" data-e-action-hash=\"#elementor-action%3Aaction%3Dlightbox%26settings%3DeyJpZCI6Mjg1NSwidXJsIjoiaHR0cHM6XC9cL3d3dy5uaWVkZXJ0aGFsZXJob2YuY29tXC93cC1jb250ZW50XC91cGxvYWRzXC8yMDI0XC8wOFwvNjQwQTc5NjYuanBnIiwic2xpZGVzaG93IjoiOWM1MzI2OSJ9\">\n\t\t\t\t\t<div class=\"e-gallery-image elementor-gallery-item__image\" data-thumbnail=\"https:\/\/www.niederthalerhof.com\/wp-content\/uploads\/2024\/08\/640A7966-1024x683.jpg\" data-width=\"800\" data-height=\"534\" aria-label=\"glueckliches Schaf in S\u00fcdtirol\" role=\"img\" ><\/div>\n\t\t\t\t\t\t\t\t\t\t\t<div class=\"elementor-gallery-item__overlay\"><\/div>\n\t\t\t\t\t\t\t\t\t\t\t\t\t\t<\/a>\n\t\t\t\t\t\t\t<a class=\"e-gallery-item elementor-gallery-item elementor-animated-content\" href=\"https:\/\/www.niederthalerhof.com\/wp-content\/uploads\/2024\/08\/640A8016.jpg\" data-elementor-open-lightbox=\"yes\" data-elementor-lightbox-slideshow=\"9c53269\" data-elementor-lightbox-title=\"640A8016\" data-elementor-lightbox-description=\"Gl\u00fcckliche Ponys auf dem Bauernhof\" data-e-action-hash=\"#elementor-action%3Aaction%3Dlightbox%26settings%3DeyJpZCI6Mjg1OCwidXJsIjoiaHR0cHM6XC9cL3d3dy5uaWVkZXJ0aGFsZXJob2YuY29tXC93cC1jb250ZW50XC91cGxvYWRzXC8yMDI0XC8wOFwvNjQwQTgwMTYuanBnIiwic2xpZGVzaG93IjoiOWM1MzI2OSJ9\">\n\t\t\t\t\t<div class=\"e-gallery-image elementor-gallery-item__image\" data-thumbnail=\"https:\/\/www.niederthalerhof.com\/wp-content\/uploads\/2024\/08\/640A8016-1024x683.jpg\" data-width=\"800\" data-height=\"534\" aria-label=\"Gl\u00fcckliche Ponys auf dem Bauernhof\" role=\"img\" ><\/div>\n\t\t\t\t\t\t\t\t\t\t\t<div class=\"elementor-gallery-item__overlay\"><\/div>\n\t\t\t\t\t\t\t\t\t\t\t\t\t\t<\/a>\n\t\t\t\t\t\t\t<a class=\"e-gallery-item elementor-gallery-item elementor-animated-content\" href=\"https:\/\/www.niederthalerhof.com\/wp-content\/uploads\/2024\/08\/640A8031.jpg\" data-elementor-open-lightbox=\"yes\" data-elementor-lightbox-slideshow=\"9c53269\" data-elementor-lightbox-title=\"640A8031\" data-elementor-lightbox-description=\"Gl\u00fcckliche Ponys auf dem Bauernhof\" data-e-action-hash=\"#elementor-action%3Aaction%3Dlightbox%26settings%3DeyJpZCI6Mjg2NCwidXJsIjoiaHR0cHM6XC9cL3d3dy5uaWVkZXJ0aGFsZXJob2YuY29tXC93cC1jb250ZW50XC91cGxvYWRzXC8yMDI0XC8wOFwvNjQwQTgwMzEuanBnIiwic2xpZGVzaG93IjoiOWM1MzI2OSJ9\">\n\t\t\t\t\t<div class=\"e-gallery-image elementor-gallery-item__image\" data-thumbnail=\"https:\/\/www.niederthalerhof.com\/wp-content\/uploads\/2024\/08\/640A8031-1024x683.jpg\" data-width=\"800\" data-height=\"534\" aria-label=\"Gl\u00fcckliche Ponys auf dem Bauernhof\" role=\"img\" ><\/div>\n\t\t\t\t\t\t\t\t\t\t\t<div class=\"elementor-gallery-item__overlay\"><\/div>\n\t\t\t\t\t\t\t\t\t\t\t\t\t\t<\/a>\n\t\t\t\t\t\t\t<a class=\"e-gallery-item elementor-gallery-item elementor-animated-content\" href=\"https:\/\/www.niederthalerhof.com\/wp-content\/uploads\/2024\/08\/640A8027.jpg\" data-elementor-open-lightbox=\"yes\" data-elementor-lightbox-slideshow=\"9c53269\" data-elementor-lightbox-title=\"640A8027\" data-elementor-lightbox-description=\"Gl\u00fcckliche Ponys auf dem Bauernhof\" data-e-action-hash=\"#elementor-action%3Aaction%3Dlightbox%26settings%3DeyJpZCI6Mjg2MSwidXJsIjoiaHR0cHM6XC9cL3d3dy5uaWVkZXJ0aGFsZXJob2YuY29tXC93cC1jb250ZW50XC91cGxvYWRzXC8yMDI0XC8wOFwvNjQwQTgwMjcuanBnIiwic2xpZGVzaG93IjoiOWM1MzI2OSJ9\">\n\t\t\t\t\t<div class=\"e-gallery-image elementor-gallery-item__image\" data-thumbnail=\"https:\/\/www.niederthalerhof.com\/wp-content\/uploads\/2024\/08\/640A8027-1024x683.jpg\" data-width=\"800\" data-height=\"534\" aria-label=\"Gl\u00fcckliche Ponys auf dem Bauernhof\" role=\"img\" ><\/div>\n\t\t\t\t\t\t\t\t\t\t\t<div class=\"elementor-gallery-item__overlay\"><\/div>\n\t\t\t\t\t\t\t\t\t\t\t\t\t\t<\/a>\n\t\t\t\t\t\t\t<a class=\"e-gallery-item elementor-gallery-item elementor-animated-content\" href=\"https:\/\/www.niederthalerhof.com\/wp-content\/uploads\/2024\/08\/640A8035.jpg\" data-elementor-open-lightbox=\"yes\" data-elementor-lightbox-slideshow=\"9c53269\" data-elementor-lightbox-title=\"640A8035\" data-elementor-lightbox-description=\"Gl\u00fcckliche Ponys auf dem Bauernhof\" data-e-action-hash=\"#elementor-action%3Aaction%3Dlightbox%26settings%3DeyJpZCI6Mjg2NywidXJsIjoiaHR0cHM6XC9cL3d3dy5uaWVkZXJ0aGFsZXJob2YuY29tXC93cC1jb250ZW50XC91cGxvYWRzXC8yMDI0XC8wOFwvNjQwQTgwMzUuanBnIiwic2xpZGVzaG93IjoiOWM1MzI2OSJ9\">\n\t\t\t\t\t<div class=\"e-gallery-image elementor-gallery-item__image\" data-thumbnail=\"https:\/\/www.niederthalerhof.com\/wp-content\/uploads\/2024\/08\/640A8035-1024x683.jpg\" data-width=\"800\" data-height=\"534\" aria-label=\"Gl\u00fcckliche Ponys auf dem Bauernhof\" role=\"img\" ><\/div>\n\t\t\t\t\t\t\t\t\t\t\t<div class=\"elementor-gallery-item__overlay\"><\/div>\n\t\t\t\t\t\t\t\t\t\t\t\t\t\t<\/a>\n\t\t\t\t\t\t\t<a class=\"e-gallery-item elementor-gallery-item elementor-animated-content\" href=\"https:\/\/www.niederthalerhof.com\/wp-content\/uploads\/2024\/08\/640A8055.jpg\" data-elementor-open-lightbox=\"yes\" data-elementor-lightbox-slideshow=\"9c53269\" data-elementor-lightbox-title=\"640A8055\" data-elementor-lightbox-description=\"Gl\u00fcckliche Ponys auf dem Bauernhof\" data-e-action-hash=\"#elementor-action%3Aaction%3Dlightbox%26settings%3DeyJpZCI6Mjg3MCwidXJsIjoiaHR0cHM6XC9cL3d3dy5uaWVkZXJ0aGFsZXJob2YuY29tXC93cC1jb250ZW50XC91cGxvYWRzXC8yMDI0XC8wOFwvNjQwQTgwNTUuanBnIiwic2xpZGVzaG93IjoiOWM1MzI2OSJ9\">\n\t\t\t\t\t<div class=\"e-gallery-image elementor-gallery-item__image\" data-thumbnail=\"https:\/\/www.niederthalerhof.com\/wp-content\/uploads\/2024\/08\/640A8055-1024x683.jpg\" data-width=\"800\" data-height=\"534\" aria-label=\"Gl\u00fcckliche Ponys auf dem Bauernhof\" role=\"img\" ><\/div>\n\t\t\t\t\t\t\t\t\t\t\t<div class=\"elementor-gallery-item__overlay\"><\/div>\n\t\t\t\t\t\t\t\t\t\t\t\t\t\t<\/a>\n\t\t\t\t\t\t\t<a class=\"e-gallery-item elementor-gallery-item elementor-animated-content\" href=\"https:\/\/www.niederthalerhof.com\/wp-content\/uploads\/2024\/08\/640A8059.jpg\" data-elementor-open-lightbox=\"yes\" data-elementor-lightbox-slideshow=\"9c53269\" data-elementor-lightbox-title=\"640A8059\" data-elementor-lightbox-description=\"Gl\u00fcckliche Pferde auf dem Bauernhof\" data-e-action-hash=\"#elementor-action%3Aaction%3Dlightbox%26settings%3DeyJpZCI6Mjg3MywidXJsIjoiaHR0cHM6XC9cL3d3dy5uaWVkZXJ0aGFsZXJob2YuY29tXC93cC1jb250ZW50XC91cGxvYWRzXC8yMDI0XC8wOFwvNjQwQTgwNTkuanBnIiwic2xpZGVzaG93IjoiOWM1MzI2OSJ9\">\n\t\t\t\t\t<div class=\"e-gallery-image elementor-gallery-item__image\" data-thumbnail=\"https:\/\/www.niederthalerhof.com\/wp-content\/uploads\/2024\/08\/640A8059-1024x683.jpg\" data-width=\"800\" data-height=\"534\" aria-label=\"Gl\u00fcckliche Pferde auf dem Bauernhof\" role=\"img\" ><\/div>\n\t\t\t\t\t\t\t\t\t\t\t<div class=\"elementor-gallery-item__overlay\"><\/div>\n\t\t\t\t\t\t\t\t\t\t\t\t\t\t<\/a>\n\t\t\t\t\t\t\t<a class=\"e-gallery-item elementor-gallery-item elementor-animated-content\" href=\"https:\/\/www.niederthalerhof.com\/wp-content\/uploads\/2024\/08\/640A8114.jpg\" data-elementor-open-lightbox=\"yes\" data-elementor-lightbox-slideshow=\"9c53269\" data-elementor-lightbox-title=\"640A8114\" data-elementor-lightbox-description=\"hase auf dem bauernhof in suedtirol\" data-e-action-hash=\"#elementor-action%3Aaction%3Dlightbox%26settings%3DeyJpZCI6Mjg3NiwidXJsIjoiaHR0cHM6XC9cL3d3dy5uaWVkZXJ0aGFsZXJob2YuY29tXC93cC1jb250ZW50XC91cGxvYWRzXC8yMDI0XC8wOFwvNjQwQTgxMTQuanBnIiwic2xpZGVzaG93IjoiOWM1MzI2OSJ9\">\n\t\t\t\t\t<div class=\"e-gallery-image elementor-gallery-item__image\" data-thumbnail=\"https:\/\/www.niederthalerhof.com\/wp-content\/uploads\/2024\/08\/640A8114-1024x683.jpg\" data-width=\"800\" data-height=\"534\" aria-label=\"hase auf dem bauernhof in suedtirol\" role=\"img\" ><\/div>\n\t\t\t\t\t\t\t\t\t\t\t<div class=\"elementor-gallery-item__overlay\"><\/div>\n\t\t\t\t\t\t\t\t\t\t\t\t\t\t<\/a>\n\t\t\t\t\t\t\t<a class=\"e-gallery-item elementor-gallery-item elementor-animated-content\" href=\"https:\/\/www.niederthalerhof.com\/wp-content\/uploads\/2024\/08\/640A7796.jpg\" data-elementor-open-lightbox=\"yes\" data-elementor-lightbox-slideshow=\"9c53269\" data-elementor-lightbox-title=\"640A7796\" data-elementor-lightbox-description=\"Gl\u00fcckliche Katzen auf dem Bauernhof\" data-e-action-hash=\"#elementor-action%3Aaction%3Dlightbox%26settings%3DeyJpZCI6MjgyMiwidXJsIjoiaHR0cHM6XC9cL3d3dy5uaWVkZXJ0aGFsZXJob2YuY29tXC93cC1jb250ZW50XC91cGxvYWRzXC8yMDI0XC8wOFwvNjQwQTc3OTYuanBnIiwic2xpZGVzaG93IjoiOWM1MzI2OSJ9\">\n\t\t\t\t\t<div class=\"e-gallery-image elementor-gallery-item__image\" data-thumbnail=\"https:\/\/www.niederthalerhof.com\/wp-content\/uploads\/2024\/08\/640A7796-1024x683.jpg\" data-width=\"800\" data-height=\"534\" aria-label=\"Gl\u00fcckliche Katzen auf dem Bauernhof\" role=\"img\" ><\/div>\n\t\t\t\t\t\t\t\t\t\t\t<div class=\"elementor-gallery-item__overlay\"><\/div>\n\t\t\t\t\t\t\t\t\t\t\t\t\t\t<\/a>\n\t\t\t\t\t<\/div>\n\t\t\t<\/div>\n\t\t\t\t<\/div>\n\t\t\t\t<\/div>\n\t\t<div class=\"elementor-element elementor-element-5eb6d49 e-con-full brownlink e-flex e-con e-parent\" data-id=\"5eb6d49\" data-element_type=\"container\" data-settings=\"{&quot;background_background&quot;:&quot;classic&quot;}\">\n\t\t\t\t<div class=\"elementor-element elementor-element-20901c4 elementor-widget elementor-widget-heading\" data-id=\"20901c4\" data-element_type=\"widget\" data-widget_type=\"heading.default\">\n\t\t\t\t<div class=\"elementor-widget-container\">\n\t\t\t<h2 class=\"elementor-heading-title elementor-size-default\">Inverno<\/h2>\t\t<\/div>\n\t\t\t\t<\/div>\n\t\t\t\t<div class=\"elementor-element elementor-element-b097a99 elementor-widget elementor-widget-gallery\" data-id=\"b097a99\" data-element_type=\"widget\" data-settings=\"{&quot;columns&quot;:3,&quot;columns_laptop&quot;:2,&quot;columns_tablet_extra&quot;:2,&quot;columns_mobile_extra&quot;:2,&quot;columns_mobile&quot;:2,&quot;lazyload&quot;:&quot;yes&quot;,&quot;gallery_layout&quot;:&quot;grid&quot;,&quot;columns_tablet&quot;:2,&quot;gap&quot;:{&quot;unit&quot;:&quot;px&quot;,&quot;size&quot;:10,&quot;sizes&quot;:[]},&quot;gap_widescreen&quot;:{&quot;unit&quot;:&quot;px&quot;,&quot;size&quot;:&quot;&quot;,&quot;sizes&quot;:[]},&quot;gap_laptop&quot;:{&quot;unit&quot;:&quot;px&quot;,&quot;size&quot;:10,&quot;sizes&quot;:[]},&quot;gap_tablet_extra&quot;:{&quot;unit&quot;:&quot;px&quot;,&quot;size&quot;:10,&quot;sizes&quot;:[]},&quot;gap_tablet&quot;:{&quot;unit&quot;:&quot;px&quot;,&quot;size&quot;:10,&quot;sizes&quot;:[]},&quot;gap_mobile_extra&quot;:{&quot;unit&quot;:&quot;px&quot;,&quot;size&quot;:10,&quot;sizes&quot;:[]},&quot;gap_mobile&quot;:{&quot;unit&quot;:&quot;px&quot;,&quot;size&quot;:10,&quot;sizes&quot;:[]},&quot;link_to&quot;:&quot;file&quot;,&quot;aspect_ratio&quot;:&quot;3:2&quot;,&quot;overlay_background&quot;:&quot;yes&quot;,&quot;content_hover_animation&quot;:&quot;fade-in&quot;}\" data-widget_type=\"gallery.default\">\n\t\t\t\t<div class=\"elementor-widget-container\">\n\t\t\t\t\t<div class=\"elementor-gallery__container\">\n\t\t\t\t\t\t\t<a class=\"e-gallery-item elementor-gallery-item elementor-animated-content\" href=\"https:\/\/www.niederthalerhof.com\/wp-content\/uploads\/2024\/07\/chalet-im-winter-plose.jpg\" data-elementor-open-lightbox=\"yes\" data-elementor-lightbox-slideshow=\"b097a99\" data-elementor-lightbox-title=\"chalet-im-winter-plose\" data-e-action-hash=\"#elementor-action%3Aaction%3Dlightbox%26settings%3DeyJpZCI6MjA2MiwidXJsIjoiaHR0cHM6XC9cL3d3dy5uaWVkZXJ0aGFsZXJob2YuY29tXC93cC1jb250ZW50XC91cGxvYWRzXC8yMDI0XC8wN1wvY2hhbGV0LWltLXdpbnRlci1wbG9zZS5qcGciLCJzbGlkZXNob3ciOiJiMDk3YTk5In0%3D\">\n\t\t\t\t\t<div class=\"e-gallery-image elementor-gallery-item__image\" data-thumbnail=\"https:\/\/www.niederthalerhof.com\/wp-content\/uploads\/2024\/07\/chalet-im-winter-plose-1024x683.jpg\" data-width=\"800\" data-height=\"534\" aria-label=\"\" role=\"img\" ><\/div>\n\t\t\t\t\t\t\t\t\t\t\t<div class=\"elementor-gallery-item__overlay\"><\/div>\n\t\t\t\t\t\t\t\t\t\t\t\t\t\t<\/a>\n\t\t\t\t\t\t\t<a class=\"e-gallery-item elementor-gallery-item elementor-animated-content\" href=\"https:\/\/www.niederthalerhof.com\/wp-content\/uploads\/2024\/07\/luxus-chalet-in-suedtirol.jpg\" data-elementor-open-lightbox=\"yes\" data-elementor-lightbox-slideshow=\"b097a99\" data-elementor-lightbox-title=\"luxus-chalet-in-suedtirol\" data-e-action-hash=\"#elementor-action%3Aaction%3Dlightbox%26settings%3DeyJpZCI6MjA3MiwidXJsIjoiaHR0cHM6XC9cL3d3dy5uaWVkZXJ0aGFsZXJob2YuY29tXC93cC1jb250ZW50XC91cGxvYWRzXC8yMDI0XC8wN1wvbHV4dXMtY2hhbGV0LWluLXN1ZWR0aXJvbC5qcGciLCJzbGlkZXNob3ciOiJiMDk3YTk5In0%3D\">\n\t\t\t\t\t<div class=\"e-gallery-image elementor-gallery-item__image\" data-thumbnail=\"https:\/\/www.niederthalerhof.com\/wp-content\/uploads\/2024\/07\/luxus-chalet-in-suedtirol-1024x640.jpg\" data-width=\"800\" data-height=\"500\" aria-label=\"\" role=\"img\" ><\/div>\n\t\t\t\t\t\t\t\t\t\t\t<div class=\"elementor-gallery-item__overlay\"><\/div>\n\t\t\t\t\t\t\t\t\t\t\t\t\t\t<\/a>\n\t\t\t\t\t\t\t<a class=\"e-gallery-item elementor-gallery-item elementor-animated-content\" href=\"https:\/\/www.niederthalerhof.com\/wp-content\/uploads\/2024\/07\/winter-chalet-in-brixen.jpg\" data-elementor-open-lightbox=\"yes\" data-elementor-lightbox-slideshow=\"b097a99\" data-elementor-lightbox-title=\"winter-chalet-in-brixen\" data-elementor-lightbox-description=\"Winter Chalet in Brixen\" data-e-action-hash=\"#elementor-action%3Aaction%3Dlightbox%26settings%3DeyJpZCI6MjA4MCwidXJsIjoiaHR0cHM6XC9cL3d3dy5uaWVkZXJ0aGFsZXJob2YuY29tXC93cC1jb250ZW50XC91cGxvYWRzXC8yMDI0XC8wN1wvd2ludGVyLWNoYWxldC1pbi1icml4ZW4uanBnIiwic2xpZGVzaG93IjoiYjA5N2E5OSJ9\">\n\t\t\t\t\t<div class=\"e-gallery-image elementor-gallery-item__image\" data-thumbnail=\"https:\/\/www.niederthalerhof.com\/wp-content\/uploads\/2024\/07\/winter-chalet-in-brixen-1024x576.jpg\" data-width=\"800\" data-height=\"450\" aria-label=\"\" role=\"img\" ><\/div>\n\t\t\t\t\t\t\t\t\t\t\t<div class=\"elementor-gallery-item__overlay\"><\/div>\n\t\t\t\t\t\t\t\t\t\t\t\t\t\t<\/a>\n\t\t\t\t\t\t\t<a class=\"e-gallery-item elementor-gallery-item elementor-animated-content\" href=\"https:\/\/www.niederthalerhof.com\/wp-content\/uploads\/2024\/07\/luxus-chalet-in-suedtirol-brixen.jpg\" data-elementor-open-lightbox=\"yes\" data-elementor-lightbox-slideshow=\"b097a99\" data-elementor-lightbox-title=\"luxus-chalet-in-suedtirol-brixen\" data-e-action-hash=\"#elementor-action%3Aaction%3Dlightbox%26settings%3DeyJpZCI6MjA3MCwidXJsIjoiaHR0cHM6XC9cL3d3dy5uaWVkZXJ0aGFsZXJob2YuY29tXC93cC1jb250ZW50XC91cGxvYWRzXC8yMDI0XC8wN1wvbHV4dXMtY2hhbGV0LWluLXN1ZWR0aXJvbC1icml4ZW4uanBnIiwic2xpZGVzaG93IjoiYjA5N2E5OSJ9\">\n\t\t\t\t\t<div class=\"e-gallery-image elementor-gallery-item__image\" data-thumbnail=\"https:\/\/www.niederthalerhof.com\/wp-content\/uploads\/2024\/07\/luxus-chalet-in-suedtirol-brixen-1024x640.jpg\" data-width=\"800\" data-height=\"500\" aria-label=\"\" role=\"img\" ><\/div>\n\t\t\t\t\t\t\t\t\t\t\t<div class=\"elementor-gallery-item__overlay\"><\/div>\n\t\t\t\t\t\t\t\t\t\t\t\t\t\t<\/a>\n\t\t\t\t\t\t\t<a class=\"e-gallery-item elementor-gallery-item elementor-animated-content\" href=\"https:\/\/www.niederthalerhof.com\/wp-content\/uploads\/2024\/07\/winter-chalet-in-suedtirol-brixen.jpg\" data-elementor-open-lightbox=\"yes\" data-elementor-lightbox-slideshow=\"b097a99\" data-elementor-lightbox-title=\"winter-chalet-in-suedtirol-brixen\" data-elementor-lightbox-description=\"Winter Chalet in S\u00fcdtirol bei Brixen\" data-e-action-hash=\"#elementor-action%3Aaction%3Dlightbox%26settings%3DeyJpZCI6MjA4NCwidXJsIjoiaHR0cHM6XC9cL3d3dy5uaWVkZXJ0aGFsZXJob2YuY29tXC93cC1jb250ZW50XC91cGxvYWRzXC8yMDI0XC8wN1wvd2ludGVyLWNoYWxldC1pbi1zdWVkdGlyb2wtYnJpeGVuLmpwZyIsInNsaWRlc2hvdyI6ImIwOTdhOTkifQ%3D%3D\">\n\t\t\t\t\t<div class=\"e-gallery-image elementor-gallery-item__image\" data-thumbnail=\"https:\/\/www.niederthalerhof.com\/wp-content\/uploads\/2024\/07\/winter-chalet-in-suedtirol-brixen-1024x640.jpg\" data-width=\"800\" data-height=\"500\" aria-label=\"\" role=\"img\" ><\/div>\n\t\t\t\t\t\t\t\t\t\t\t<div class=\"elementor-gallery-item__overlay\"><\/div>\n\t\t\t\t\t\t\t\t\t\t\t\t\t\t<\/a>\n\t\t\t\t\t\t\t<a class=\"e-gallery-item elementor-gallery-item elementor-animated-content\" href=\"https:\/\/www.niederthalerhof.com\/wp-content\/uploads\/2024\/07\/winter-chalet-in-suedtirol.jpg\" data-elementor-open-lightbox=\"yes\" data-elementor-lightbox-slideshow=\"b097a99\" data-elementor-lightbox-title=\"winter-chalet-in-suedtirol\" data-elementor-lightbox-description=\"Winter Chalet in S\u00fcdtirol\" data-e-action-hash=\"#elementor-action%3Aaction%3Dlightbox%26settings%3DeyJpZCI6MjA4NiwidXJsIjoiaHR0cHM6XC9cL3d3dy5uaWVkZXJ0aGFsZXJob2YuY29tXC93cC1jb250ZW50XC91cGxvYWRzXC8yMDI0XC8wN1wvd2ludGVyLWNoYWxldC1pbi1zdWVkdGlyb2wuanBnIiwic2xpZGVzaG93IjoiYjA5N2E5OSJ9\">\n\t\t\t\t\t<div class=\"e-gallery-image elementor-gallery-item__image\" data-thumbnail=\"https:\/\/www.niederthalerhof.com\/wp-content\/uploads\/2024\/07\/winter-chalet-in-suedtirol-1024x683.jpg\" data-width=\"800\" data-height=\"534\" aria-label=\"\" role=\"img\" ><\/div>\n\t\t\t\t\t\t\t\t\t\t\t<div class=\"elementor-gallery-item__overlay\"><\/div>\n\t\t\t\t\t\t\t\t\t\t\t\t\t\t<\/a>\n\t\t\t\t\t\t\t<a class=\"e-gallery-item elementor-gallery-item elementor-animated-content\" href=\"https:\/\/www.niederthalerhof.com\/wp-content\/uploads\/2024\/07\/winter-chalet-in-suedtirol-bei-brixen.jpg\" data-elementor-open-lightbox=\"yes\" data-elementor-lightbox-slideshow=\"b097a99\" data-elementor-lightbox-title=\"winter-chalet-in-suedtirol-bei-brixen\" data-elementor-lightbox-description=\"Winter Chalet in S\u00fcdtirol bei Brixen\" data-e-action-hash=\"#elementor-action%3Aaction%3Dlightbox%26settings%3DeyJpZCI6MjA4MiwidXJsIjoiaHR0cHM6XC9cL3d3dy5uaWVkZXJ0aGFsZXJob2YuY29tXC93cC1jb250ZW50XC91cGxvYWRzXC8yMDI0XC8wN1wvd2ludGVyLWNoYWxldC1pbi1zdWVkdGlyb2wtYmVpLWJyaXhlbi5qcGciLCJzbGlkZXNob3ciOiJiMDk3YTk5In0%3D\">\n\t\t\t\t\t<div class=\"e-gallery-image elementor-gallery-item__image\" data-thumbnail=\"https:\/\/www.niederthalerhof.com\/wp-content\/uploads\/2024\/07\/winter-chalet-in-suedtirol-bei-brixen-1024x683.jpg\" data-width=\"800\" data-height=\"534\" aria-label=\"\" role=\"img\" ><\/div>\n\t\t\t\t\t\t\t\t\t\t\t<div class=\"elementor-gallery-item__overlay\"><\/div>\n\t\t\t\t\t\t\t\t\t\t\t\t\t\t<\/a>\n\t\t\t\t\t\t\t<a class=\"e-gallery-item elementor-gallery-item elementor-animated-content\" href=\"https:\/\/www.niederthalerhof.com\/wp-content\/uploads\/2024\/07\/luxus-chalet-im-winter-in-suedtirol.jpg\" data-elementor-open-lightbox=\"yes\" data-elementor-lightbox-slideshow=\"b097a99\" data-elementor-lightbox-title=\"luxus-chalet-im-winter-in-suedtirol\" data-e-action-hash=\"#elementor-action%3Aaction%3Dlightbox%26settings%3DeyJpZCI6MjA2NiwidXJsIjoiaHR0cHM6XC9cL3d3dy5uaWVkZXJ0aGFsZXJob2YuY29tXC93cC1jb250ZW50XC91cGxvYWRzXC8yMDI0XC8wN1wvbHV4dXMtY2hhbGV0LWltLXdpbnRlci1pbi1zdWVkdGlyb2wuanBnIiwic2xpZGVzaG93IjoiYjA5N2E5OSJ9\">\n\t\t\t\t\t<div class=\"e-gallery-image elementor-gallery-item__image\" data-thumbnail=\"https:\/\/www.niederthalerhof.com\/wp-content\/uploads\/2024\/07\/luxus-chalet-im-winter-in-suedtirol-1024x683.jpg\" data-width=\"800\" data-height=\"534\" aria-label=\"\" role=\"img\" ><\/div>\n\t\t\t\t\t\t\t\t\t\t\t<div class=\"elementor-gallery-item__overlay\"><\/div>\n\t\t\t\t\t\t\t\t\t\t\t\t\t\t<\/a>\n\t\t\t\t\t\t\t<a class=\"e-gallery-item elementor-gallery-item elementor-animated-content\" href=\"https:\/\/www.niederthalerhof.com\/wp-content\/uploads\/2024\/07\/skiurlaub-im-luxuschalet-auf-der-plose.jpg\" data-elementor-open-lightbox=\"yes\" data-elementor-lightbox-slideshow=\"b097a99\" data-elementor-lightbox-title=\"skiurlaub-im-luxuschalet-auf-der-plose\" data-e-action-hash=\"#elementor-action%3Aaction%3Dlightbox%26settings%3DeyJpZCI6MjA3NCwidXJsIjoiaHR0cHM6XC9cL3d3dy5uaWVkZXJ0aGFsZXJob2YuY29tXC93cC1jb250ZW50XC91cGxvYWRzXC8yMDI0XC8wN1wvc2tpdXJsYXViLWltLWx1eHVzY2hhbGV0LWF1Zi1kZXItcGxvc2UuanBnIiwic2xpZGVzaG93IjoiYjA5N2E5OSJ9\">\n\t\t\t\t\t<div class=\"e-gallery-image elementor-gallery-item__image\" data-thumbnail=\"https:\/\/www.niederthalerhof.com\/wp-content\/uploads\/2024\/07\/skiurlaub-im-luxuschalet-auf-der-plose-1024x640.jpg\" data-width=\"800\" data-height=\"500\" aria-label=\"\" role=\"img\" ><\/div>\n\t\t\t\t\t\t\t\t\t\t\t<div class=\"elementor-gallery-item__overlay\"><\/div>\n\t\t\t\t\t\t\t\t\t\t\t\t\t\t<\/a>\n\t\t\t\t\t\t\t<a class=\"e-gallery-item elementor-gallery-item elementor-animated-content\" href=\"https:\/\/www.niederthalerhof.com\/wp-content\/uploads\/2024\/07\/skiurlaub-im-luxuschalet-in-brixen-suedtirol.jpg\" data-elementor-open-lightbox=\"yes\" data-elementor-lightbox-slideshow=\"b097a99\" data-elementor-lightbox-title=\"skiurlaub-im-luxuschalet-in-brixen-suedtirol\" data-e-action-hash=\"#elementor-action%3Aaction%3Dlightbox%26settings%3DeyJpZCI6MjA3NiwidXJsIjoiaHR0cHM6XC9cL3d3dy5uaWVkZXJ0aGFsZXJob2YuY29tXC93cC1jb250ZW50XC91cGxvYWRzXC8yMDI0XC8wN1wvc2tpdXJsYXViLWltLWx1eHVzY2hhbGV0LWluLWJyaXhlbi1zdWVkdGlyb2wuanBnIiwic2xpZGVzaG93IjoiYjA5N2E5OSJ9\">\n\t\t\t\t\t<div class=\"e-gallery-image elementor-gallery-item__image\" data-thumbnail=\"https:\/\/www.niederthalerhof.com\/wp-content\/uploads\/2024\/07\/skiurlaub-im-luxuschalet-in-brixen-suedtirol-1024x640.jpg\" data-width=\"800\" data-height=\"500\" aria-label=\"\" role=\"img\" ><\/div>\n\t\t\t\t\t\t\t\t\t\t\t<div class=\"elementor-gallery-item__overlay\"><\/div>\n\t\t\t\t\t\t\t\t\t\t\t\t\t\t<\/a>\n\t\t\t\t\t\t\t<a class=\"e-gallery-item elementor-gallery-item elementor-animated-content\" href=\"https:\/\/www.niederthalerhof.com\/wp-content\/uploads\/2024\/07\/skiurlaub-im-luxuschalet-in-brixen.jpg\" data-elementor-open-lightbox=\"yes\" data-elementor-lightbox-slideshow=\"b097a99\" data-elementor-lightbox-title=\"skiurlaub-im-luxuschalet-in-brixen\" data-e-action-hash=\"#elementor-action%3Aaction%3Dlightbox%26settings%3DeyJpZCI6MjA3OCwidXJsIjoiaHR0cHM6XC9cL3d3dy5uaWVkZXJ0aGFsZXJob2YuY29tXC93cC1jb250ZW50XC91cGxvYWRzXC8yMDI0XC8wN1wvc2tpdXJsYXViLWltLWx1eHVzY2hhbGV0LWluLWJyaXhlbi5qcGciLCJzbGlkZXNob3ciOiJiMDk3YTk5In0%3D\">\n\t\t\t\t\t<div class=\"e-gallery-image elementor-gallery-item__image\" data-thumbnail=\"https:\/\/www.niederthalerhof.com\/wp-content\/uploads\/2024\/07\/skiurlaub-im-luxuschalet-in-brixen-1024x683.jpg\" data-width=\"800\" data-height=\"534\" aria-label=\"\" role=\"img\" ><\/div>\n\t\t\t\t\t\t\t\t\t\t\t<div class=\"elementor-gallery-item__overlay\"><\/div>\n\t\t\t\t\t\t\t\t\t\t\t\t\t\t<\/a>\n\t\t\t\t\t<\/div>\n\t\t\t<\/div>\n\t\t\t\t<\/div>\n\t\t\t\t<\/div>\n\t\t<div class=\"elementor-element elementor-element-318744a e-con-full brownlink e-flex e-con e-parent\" data-id=\"318744a\" data-element_type=\"container\" data-settings=\"{&quot;background_background&quot;:&quot;classic&quot;}\">\n\t\t\t\t<div class=\"elementor-element elementor-element-f915622 elementor-widget elementor-widget-heading\" data-id=\"f915622\" data-element_type=\"widget\" data-widget_type=\"heading.default\">\n\t\t\t\t<div class=\"elementor-widget-container\">\n\t\t\t<h2 class=\"elementor-heading-title elementor-size-default\">Nei dintorni<\/h2>\t\t<\/div>\n\t\t\t\t<\/div>\n\t\t\t\t<div class=\"elementor-element elementor-element-e4f5561 elementor-widget elementor-widget-gallery\" data-id=\"e4f5561\" data-element_type=\"widget\" data-settings=\"{&quot;columns&quot;:3,&quot;columns_laptop&quot;:2,&quot;columns_tablet_extra&quot;:2,&quot;columns_mobile_extra&quot;:2,&quot;columns_mobile&quot;:2,&quot;lazyload&quot;:&quot;yes&quot;,&quot;gallery_layout&quot;:&quot;grid&quot;,&quot;columns_tablet&quot;:2,&quot;gap&quot;:{&quot;unit&quot;:&quot;px&quot;,&quot;size&quot;:10,&quot;sizes&quot;:[]},&quot;gap_widescreen&quot;:{&quot;unit&quot;:&quot;px&quot;,&quot;size&quot;:&quot;&quot;,&quot;sizes&quot;:[]},&quot;gap_laptop&quot;:{&quot;unit&quot;:&quot;px&quot;,&quot;size&quot;:10,&quot;sizes&quot;:[]},&quot;gap_tablet_extra&quot;:{&quot;unit&quot;:&quot;px&quot;,&quot;size&quot;:10,&quot;sizes&quot;:[]},&quot;gap_tablet&quot;:{&quot;unit&quot;:&quot;px&quot;,&quot;size&quot;:10,&quot;sizes&quot;:[]},&quot;gap_mobile_extra&quot;:{&quot;unit&quot;:&quot;px&quot;,&quot;size&quot;:10,&quot;sizes&quot;:[]},&quot;gap_mobile&quot;:{&quot;unit&quot;:&quot;px&quot;,&quot;size&quot;:10,&quot;sizes&quot;:[]},&quot;link_to&quot;:&quot;file&quot;,&quot;aspect_ratio&quot;:&quot;3:2&quot;,&quot;overlay_background&quot;:&quot;yes&quot;,&quot;content_hover_animation&quot;:&quot;fade-in&quot;}\" data-widget_type=\"gallery.default\">\n\t\t\t\t<div class=\"elementor-widget-container\">\n\t\t\t\t\t<div class=\"elementor-gallery__container\">\n\t\t\t\t\t\t\t<a class=\"e-gallery-item elementor-gallery-item elementor-animated-content\" href=\"https:\/\/www.niederthalerhof.com\/wp-content\/uploads\/2024\/07\/brixen-in-suedtirol-aktivurlaub.jpg\" data-elementor-open-lightbox=\"yes\" data-elementor-lightbox-slideshow=\"e4f5561\" data-elementor-lightbox-title=\"brixen-in-suedtirol-aktivurlaub\" data-elementor-lightbox-description=\"Aktivurlaub in Brixen S\u00fcdtirol\" data-e-action-hash=\"#elementor-action%3Aaction%3Dlightbox%26settings%3DeyJpZCI6MTk4OSwidXJsIjoiaHR0cHM6XC9cL3d3dy5uaWVkZXJ0aGFsZXJob2YuY29tXC93cC1jb250ZW50XC91cGxvYWRzXC8yMDI0XC8wN1wvYnJpeGVuLWluLXN1ZWR0aXJvbC1ha3RpdnVybGF1Yi5qcGciLCJzbGlkZXNob3ciOiJlNGY1NTYxIn0%3D\">\n\t\t\t\t\t<div class=\"e-gallery-image elementor-gallery-item__image\" data-thumbnail=\"https:\/\/www.niederthalerhof.com\/wp-content\/uploads\/2024\/07\/brixen-in-suedtirol-aktivurlaub-1024x682.jpg\" data-width=\"800\" data-height=\"533\" aria-label=\"\" role=\"img\" ><\/div>\n\t\t\t\t\t\t\t\t\t\t\t<div class=\"elementor-gallery-item__overlay\"><\/div>\n\t\t\t\t\t\t\t\t\t\t\t\t\t\t<\/a>\n\t\t\t\t\t\t\t<a class=\"e-gallery-item elementor-gallery-item elementor-animated-content\" href=\"https:\/\/www.niederthalerhof.com\/wp-content\/uploads\/2024\/07\/wandern-auf-der-plose-gratis-fahrt.jpg\" data-elementor-open-lightbox=\"yes\" data-elementor-lightbox-slideshow=\"e4f5561\" data-elementor-lightbox-title=\"winterwandern-plose-winterurlaub\" data-elementor-lightbox-description=\"Winterwanderung auf der Plose \" data-e-action-hash=\"#elementor-action%3Aaction%3Dlightbox%26settings%3DeyJpZCI6MTk4NywidXJsIjoiaHR0cHM6XC9cL3d3dy5uaWVkZXJ0aGFsZXJob2YuY29tXC93cC1jb250ZW50XC91cGxvYWRzXC8yMDI0XC8wN1wvd2FuZGVybi1hdWYtZGVyLXBsb3NlLWdyYXRpcy1mYWhydC5qcGciLCJzbGlkZXNob3ciOiJlNGY1NTYxIn0%3D\">\n\t\t\t\t\t<div class=\"e-gallery-image elementor-gallery-item__image\" data-thumbnail=\"https:\/\/www.niederthalerhof.com\/wp-content\/uploads\/2024\/07\/wandern-auf-der-plose-gratis-fahrt-1024x701.jpg\" data-width=\"800\" data-height=\"548\" aria-label=\"\" role=\"img\" ><\/div>\n\t\t\t\t\t\t\t\t\t\t\t<div class=\"elementor-gallery-item__overlay\"><\/div>\n\t\t\t\t\t\t\t\t\t\t\t\t\t\t<\/a>\n\t\t\t\t\t\t\t<a class=\"e-gallery-item elementor-gallery-item elementor-animated-content\" href=\"https:\/\/www.niederthalerhof.com\/wp-content\/uploads\/2024\/06\/059_tvbrixen_wandern_kottersteger_180809_kot_6632_31263533707_o.jpg\" data-elementor-open-lightbox=\"yes\" data-elementor-lightbox-slideshow=\"e4f5561\" data-elementor-lightbox-title=\"wanderurlaub-in-suedtirol\" data-elementor-lightbox-description=\"Wanderurlaub in S\u00fcdtirol\" data-e-action-hash=\"#elementor-action%3Aaction%3Dlightbox%26settings%3DeyJpZCI6MTc5NywidXJsIjoiaHR0cHM6XC9cL3d3dy5uaWVkZXJ0aGFsZXJob2YuY29tXC93cC1jb250ZW50XC91cGxvYWRzXC8yMDI0XC8wNlwvMDU5X3R2YnJpeGVuX3dhbmRlcm5fa290dGVyc3RlZ2VyXzE4MDgwOV9rb3RfNjYzMl8zMTI2MzUzMzcwN19vLmpwZyIsInNsaWRlc2hvdyI6ImU0ZjU1NjEifQ%3D%3D\">\n\t\t\t\t\t<div class=\"e-gallery-image elementor-gallery-item__image\" data-thumbnail=\"https:\/\/www.niederthalerhof.com\/wp-content\/uploads\/2024\/06\/059_tvbrixen_wandern_kottersteger_180809_kot_6632_31263533707_o-1024x686.jpg\" data-width=\"800\" data-height=\"536\" aria-label=\"\" role=\"img\" ><\/div>\n\t\t\t\t\t\t\t\t\t\t\t<div class=\"elementor-gallery-item__overlay\"><\/div>\n\t\t\t\t\t\t\t\t\t\t\t\t\t\t<\/a>\n\t\t\t\t\t\t\t<a class=\"e-gallery-item elementor-gallery-item elementor-animated-content\" href=\"https:\/\/www.niederthalerhof.com\/wp-content\/uploads\/2024\/06\/urlaub-mit-brixencard-3.jpg\" data-elementor-open-lightbox=\"yes\" data-elementor-lightbox-slideshow=\"e4f5561\" data-elementor-lightbox-title=\"Urlaub mit der Brixen Card\" data-elementor-lightbox-description=\"Urlaub mit der Brixen Card\" data-e-action-hash=\"#elementor-action%3Aaction%3Dlightbox%26settings%3DeyJpZCI6MTc5OSwidXJsIjoiaHR0cHM6XC9cL3d3dy5uaWVkZXJ0aGFsZXJob2YuY29tXC93cC1jb250ZW50XC91cGxvYWRzXC8yMDI0XC8wNlwvdXJsYXViLW1pdC1icml4ZW5jYXJkLTMuanBnIiwic2xpZGVzaG93IjoiZTRmNTU2MSJ9\">\n\t\t\t\t\t<div class=\"e-gallery-image elementor-gallery-item__image\" data-thumbnail=\"https:\/\/www.niederthalerhof.com\/wp-content\/uploads\/2024\/06\/urlaub-mit-brixencard-3-1024x681.jpg\" data-width=\"800\" data-height=\"532\" aria-label=\"\" role=\"img\" ><\/div>\n\t\t\t\t\t\t\t\t\t\t\t<div class=\"elementor-gallery-item__overlay\"><\/div>\n\t\t\t\t\t\t\t\t\t\t\t\t\t\t<\/a>\n\t\t\t\t\t\t\t<a class=\"e-gallery-item elementor-gallery-item elementor-animated-content\" href=\"https:\/\/www.niederthalerhof.com\/wp-content\/uploads\/2024\/06\/angebot-sommer.jpg\" data-elementor-open-lightbox=\"yes\" data-elementor-lightbox-slideshow=\"e4f5561\" data-elementor-lightbox-title=\"angebot-sommer\" data-elementor-lightbox-description=\"Angebot Sommer in S\u00fcdtirol\" data-e-action-hash=\"#elementor-action%3Aaction%3Dlightbox%26settings%3DeyJpZCI6MTgwMSwidXJsIjoiaHR0cHM6XC9cL3d3dy5uaWVkZXJ0aGFsZXJob2YuY29tXC93cC1jb250ZW50XC91cGxvYWRzXC8yMDI0XC8wNlwvYW5nZWJvdC1zb21tZXIuanBnIiwic2xpZGVzaG93IjoiZTRmNTU2MSJ9\">\n\t\t\t\t\t<div class=\"e-gallery-image elementor-gallery-item__image\" data-thumbnail=\"https:\/\/www.niederthalerhof.com\/wp-content\/uploads\/2024\/06\/angebot-sommer-1024x683.jpg\" data-width=\"800\" data-height=\"534\" aria-label=\"\" role=\"img\" ><\/div>\n\t\t\t\t\t\t\t\t\t\t\t<div class=\"elementor-gallery-item__overlay\"><\/div>\n\t\t\t\t\t\t\t\t\t\t\t\t\t\t<\/a>\n\t\t\t\t\t\t\t<a class=\"e-gallery-item elementor-gallery-item elementor-animated-content\" href=\"https:\/\/www.niederthalerhof.com\/wp-content\/uploads\/2024\/06\/acquarena-kostenloser-eintritt.jpg\" data-elementor-open-lightbox=\"yes\" data-elementor-lightbox-slideshow=\"e4f5561\" data-elementor-lightbox-title=\"acquarena-kostenloser-eintritt\" data-elementor-lightbox-description=\"Kostenloser Eintritt in die Acquarena in Brixen\" data-e-action-hash=\"#elementor-action%3Aaction%3Dlightbox%26settings%3DeyJpZCI6MTgwOSwidXJsIjoiaHR0cHM6XC9cL3d3dy5uaWVkZXJ0aGFsZXJob2YuY29tXC93cC1jb250ZW50XC91cGxvYWRzXC8yMDI0XC8wNlwvYWNxdWFyZW5hLWtvc3Rlbmxvc2VyLWVpbnRyaXR0LmpwZyIsInNsaWRlc2hvdyI6ImU0ZjU1NjEifQ%3D%3D\">\n\t\t\t\t\t<div class=\"e-gallery-image elementor-gallery-item__image\" data-thumbnail=\"https:\/\/www.niederthalerhof.com\/wp-content\/uploads\/2024\/06\/acquarena-kostenloser-eintritt-1024x681.jpg\" data-width=\"800\" data-height=\"532\" aria-label=\"\" role=\"img\" ><\/div>\n\t\t\t\t\t\t\t\t\t\t\t<div class=\"elementor-gallery-item__overlay\"><\/div>\n\t\t\t\t\t\t\t\t\t\t\t\t\t\t<\/a>\n\t\t\t\t\t\t\t<a class=\"e-gallery-item elementor-gallery-item elementor-animated-content\" href=\"https:\/\/www.niederthalerhof.com\/wp-content\/uploads\/2024\/06\/aktivurlaub-suedtirol.jpg\" data-elementor-open-lightbox=\"yes\" data-elementor-lightbox-slideshow=\"e4f5561\" data-elementor-lightbox-title=\"aktivurlaub-suedtirol\" data-elementor-lightbox-description=\"Aktivurlaub und wandern in S\u00fcdtirol\" data-e-action-hash=\"#elementor-action%3Aaction%3Dlightbox%26settings%3DeyJpZCI6MTgxOCwidXJsIjoiaHR0cHM6XC9cL3d3dy5uaWVkZXJ0aGFsZXJob2YuY29tXC93cC1jb250ZW50XC91cGxvYWRzXC8yMDI0XC8wNlwvYWt0aXZ1cmxhdWItc3VlZHRpcm9sLmpwZyIsInNsaWRlc2hvdyI6ImU0ZjU1NjEifQ%3D%3D\">\n\t\t\t\t\t<div class=\"e-gallery-image elementor-gallery-item__image\" data-thumbnail=\"https:\/\/www.niederthalerhof.com\/wp-content\/uploads\/2024\/06\/aktivurlaub-suedtirol-1024x683.jpg\" data-width=\"800\" data-height=\"534\" aria-label=\"\" role=\"img\" ><\/div>\n\t\t\t\t\t\t\t\t\t\t\t<div class=\"elementor-gallery-item__overlay\"><\/div>\n\t\t\t\t\t\t\t\t\t\t\t\t\t\t<\/a>\n\t\t\t\t\t\t\t<a class=\"e-gallery-item elementor-gallery-item elementor-animated-content\" href=\"https:\/\/www.niederthalerhof.com\/wp-content\/uploads\/2024\/06\/sommer-aktivurlaub-plose.jpg\" data-elementor-open-lightbox=\"yes\" data-elementor-lightbox-slideshow=\"e4f5561\" data-elementor-lightbox-title=\"sommer-aktivurlaub-plose\" data-elementor-lightbox-description=\"Sommer Aktivurlaub auf der Plose in S\u00fcdtirol\" data-e-action-hash=\"#elementor-action%3Aaction%3Dlightbox%26settings%3DeyJpZCI6MTgyMiwidXJsIjoiaHR0cHM6XC9cL3d3dy5uaWVkZXJ0aGFsZXJob2YuY29tXC93cC1jb250ZW50XC91cGxvYWRzXC8yMDI0XC8wNlwvc29tbWVyLWFrdGl2dXJsYXViLXBsb3NlLmpwZyIsInNsaWRlc2hvdyI6ImU0ZjU1NjEifQ%3D%3D\">\n\t\t\t\t\t<div class=\"e-gallery-image elementor-gallery-item__image\" data-thumbnail=\"https:\/\/www.niederthalerhof.com\/wp-content\/uploads\/2024\/06\/sommer-aktivurlaub-plose-1024x582.jpg\" data-width=\"800\" data-height=\"455\" aria-label=\"\" role=\"img\" ><\/div>\n\t\t\t\t\t\t\t\t\t\t\t<div class=\"elementor-gallery-item__overlay\"><\/div>\n\t\t\t\t\t\t\t\t\t\t\t\t\t\t<\/a>\n\t\t\t\t\t\t\t<a class=\"e-gallery-item elementor-gallery-item elementor-animated-content\" href=\"https:\/\/www.niederthalerhof.com\/wp-content\/uploads\/2024\/06\/stadtbummel-brixen-e1719830879913.jpg\" data-elementor-open-lightbox=\"yes\" data-elementor-lightbox-slideshow=\"e4f5561\" data-elementor-lightbox-title=\"stadtbummel-brixen\" data-elementor-lightbox-description=\"Stadtbummel in Brixen\" data-e-action-hash=\"#elementor-action%3Aaction%3Dlightbox%26settings%3DeyJpZCI6MTgyNCwidXJsIjoiaHR0cHM6XC9cL3d3dy5uaWVkZXJ0aGFsZXJob2YuY29tXC93cC1jb250ZW50XC91cGxvYWRzXC8yMDI0XC8wNlwvc3RhZHRidW1tZWwtYnJpeGVuLWUxNzE5ODMwODc5OTEzLmpwZyIsInNsaWRlc2hvdyI6ImU0ZjU1NjEifQ%3D%3D\">\n\t\t\t\t\t<div class=\"e-gallery-image elementor-gallery-item__image\" data-thumbnail=\"https:\/\/www.niederthalerhof.com\/wp-content\/uploads\/2024\/06\/stadtbummel-brixen-e1719830879913-975x1024.jpg\" data-width=\"800\" data-height=\"840\" aria-label=\"\" role=\"img\" ><\/div>\n\t\t\t\t\t\t\t\t\t\t\t<div class=\"elementor-gallery-item__overlay\"><\/div>\n\t\t\t\t\t\t\t\t\t\t\t\t\t\t<\/a>\n\t\t\t\t\t\t\t<a class=\"e-gallery-item elementor-gallery-item elementor-animated-content\" href=\"https:\/\/www.niederthalerhof.com\/wp-content\/uploads\/2024\/06\/wander-auf-der-plose.jpg\" data-elementor-open-lightbox=\"yes\" data-elementor-lightbox-slideshow=\"e4f5561\" data-elementor-lightbox-title=\"wander-auf-der-plose\" data-elementor-lightbox-description=\"wandern auf der Plose in S\u00fcdtirol\" data-e-action-hash=\"#elementor-action%3Aaction%3Dlightbox%26settings%3DeyJpZCI6MTgyNiwidXJsIjoiaHR0cHM6XC9cL3d3dy5uaWVkZXJ0aGFsZXJob2YuY29tXC93cC1jb250ZW50XC91cGxvYWRzXC8yMDI0XC8wNlwvd2FuZGVyLWF1Zi1kZXItcGxvc2UuanBnIiwic2xpZGVzaG93IjoiZTRmNTU2MSJ9\">\n\t\t\t\t\t<div class=\"e-gallery-image elementor-gallery-item__image\" data-thumbnail=\"https:\/\/www.niederthalerhof.com\/wp-content\/uploads\/2024\/06\/wander-auf-der-plose-1024x642.jpg\" data-width=\"800\" data-height=\"502\" aria-label=\"\" role=\"img\" ><\/div>\n\t\t\t\t\t\t\t\t\t\t\t<div class=\"elementor-gallery-item__overlay\"><\/div>\n\t\t\t\t\t\t\t\t\t\t\t\t\t\t<\/a>\n\t\t\t\t\t\t\t<a class=\"e-gallery-item elementor-gallery-item elementor-animated-content\" href=\"https:\/\/www.niederthalerhof.com\/wp-content\/uploads\/2024\/08\/640A7695.jpg\" data-elementor-open-lightbox=\"yes\" data-elementor-lightbox-slideshow=\"e4f5561\" data-elementor-lightbox-title=\"640A7695\" data-e-action-hash=\"#elementor-action%3Aaction%3Dlightbox%26settings%3DeyJpZCI6MjgxMywidXJsIjoiaHR0cHM6XC9cL3d3dy5uaWVkZXJ0aGFsZXJob2YuY29tXC93cC1jb250ZW50XC91cGxvYWRzXC8yMDI0XC8wOFwvNjQwQTc2OTUuanBnIiwic2xpZGVzaG93IjoiZTRmNTU2MSJ9\">\n\t\t\t\t\t<div class=\"e-gallery-image elementor-gallery-item__image\" data-thumbnail=\"https:\/\/www.niederthalerhof.com\/wp-content\/uploads\/2024\/08\/640A7695-1024x683.jpg\" data-width=\"800\" data-height=\"534\" aria-label=\"Urlaub auf dem Bauernhof in S\u00fcdtirol\" role=\"img\" ><\/div>\n\t\t\t\t\t\t\t\t\t\t\t<div class=\"elementor-gallery-item__overlay\"><\/div>\n\t\t\t\t\t\t\t\t\t\t\t\t\t\t<\/a>\n\t\t\t\t\t\t\t<a class=\"e-gallery-item elementor-gallery-item elementor-animated-content\" href=\"https:\/\/www.niederthalerhof.com\/wp-content\/uploads\/2024\/08\/640A7697.jpg\" data-elementor-open-lightbox=\"yes\" data-elementor-lightbox-slideshow=\"e4f5561\" data-elementor-lightbox-title=\"640A7697\" data-e-action-hash=\"#elementor-action%3Aaction%3Dlightbox%26settings%3DeyJpZCI6MjgxNiwidXJsIjoiaHR0cHM6XC9cL3d3dy5uaWVkZXJ0aGFsZXJob2YuY29tXC93cC1jb250ZW50XC91cGxvYWRzXC8yMDI0XC8wOFwvNjQwQTc2OTcuanBnIiwic2xpZGVzaG93IjoiZTRmNTU2MSJ9\">\n\t\t\t\t\t<div class=\"e-gallery-image elementor-gallery-item__image\" data-thumbnail=\"https:\/\/www.niederthalerhof.com\/wp-content\/uploads\/2024\/08\/640A7697-1024x683.jpg\" data-width=\"800\" data-height=\"534\" aria-label=\"Urlaub auf dem Bauernhof in S\u00fcdtirol\" role=\"img\" ><\/div>\n\t\t\t\t\t\t\t\t\t\t\t<div class=\"elementor-gallery-item__overlay\"><\/div>\n\t\t\t\t\t\t\t\t\t\t\t\t\t\t<\/a>\n\t\t\t\t\t\t\t<a class=\"e-gallery-item elementor-gallery-item elementor-animated-content\" href=\"https:\/\/www.niederthalerhof.com\/wp-content\/uploads\/2024\/06\/herbst-suedtirol-keschtnweg.jpg\" data-elementor-open-lightbox=\"yes\" data-elementor-lightbox-slideshow=\"e4f5561\" data-elementor-lightbox-title=\"herbst-suedtirol-keschtnweg\" data-elementor-lightbox-description=\"Herbst in S\u00fcdtirol auf dem Keschtnweg\" data-e-action-hash=\"#elementor-action%3Aaction%3Dlightbox%26settings%3DeyJpZCI6MTgyOCwidXJsIjoiaHR0cHM6XC9cL3d3dy5uaWVkZXJ0aGFsZXJob2YuY29tXC93cC1jb250ZW50XC91cGxvYWRzXC8yMDI0XC8wNlwvaGVyYnN0LXN1ZWR0aXJvbC1rZXNjaHRud2VnLmpwZyIsInNsaWRlc2hvdyI6ImU0ZjU1NjEifQ%3D%3D\">\n\t\t\t\t\t<div class=\"e-gallery-image elementor-gallery-item__image\" data-thumbnail=\"https:\/\/www.niederthalerhof.com\/wp-content\/uploads\/2024\/06\/herbst-suedtirol-keschtnweg-1024x683.jpg\" data-width=\"800\" data-height=\"534\" aria-label=\"\" role=\"img\" ><\/div>\n\t\t\t\t\t\t\t\t\t\t\t<div class=\"elementor-gallery-item__overlay\"><\/div>\n\t\t\t\t\t\t\t\t\t\t\t\t\t\t<\/a>\n\t\t\t\t\t\t\t<a class=\"e-gallery-item elementor-gallery-item elementor-animated-content\" href=\"https:\/\/www.niederthalerhof.com\/wp-content\/uploads\/2024\/06\/mountain-carts-plose.jpg\" data-elementor-open-lightbox=\"yes\" data-elementor-lightbox-slideshow=\"e4f5561\" data-elementor-lightbox-title=\"mountain-carts-plose\" data-elementor-lightbox-description=\"Mountain Carts auf der Plose\" data-e-action-hash=\"#elementor-action%3Aaction%3Dlightbox%26settings%3DeyJpZCI6MTgzMCwidXJsIjoiaHR0cHM6XC9cL3d3dy5uaWVkZXJ0aGFsZXJob2YuY29tXC93cC1jb250ZW50XC91cGxvYWRzXC8yMDI0XC8wNlwvbW91bnRhaW4tY2FydHMtcGxvc2UuanBnIiwic2xpZGVzaG93IjoiZTRmNTU2MSJ9\">\n\t\t\t\t\t<div class=\"e-gallery-image elementor-gallery-item__image\" data-thumbnail=\"https:\/\/www.niederthalerhof.com\/wp-content\/uploads\/2024\/06\/mountain-carts-plose-1024x768.jpg\" data-width=\"800\" data-height=\"600\" aria-label=\"\" role=\"img\" ><\/div>\n\t\t\t\t\t\t\t\t\t\t\t<div class=\"elementor-gallery-item__overlay\"><\/div>\n\t\t\t\t\t\t\t\t\t\t\t\t\t\t<\/a>\n\t\t\t\t\t\t\t<a class=\"e-gallery-item elementor-gallery-item elementor-animated-content\" href=\"https:\/\/www.niederthalerhof.com\/wp-content\/uploads\/2024\/06\/toerggelen-brixen.jpg\" data-elementor-open-lightbox=\"yes\" data-elementor-lightbox-slideshow=\"e4f5561\" data-elementor-lightbox-title=\"toerggelen-brixen\" data-elementor-lightbox-description=\"T\u00f6rggelen in Brixen und Umgebung\" data-e-action-hash=\"#elementor-action%3Aaction%3Dlightbox%26settings%3DeyJpZCI6MTgzNCwidXJsIjoiaHR0cHM6XC9cL3d3dy5uaWVkZXJ0aGFsZXJob2YuY29tXC93cC1jb250ZW50XC91cGxvYWRzXC8yMDI0XC8wNlwvdG9lcmdnZWxlbi1icml4ZW4uanBnIiwic2xpZGVzaG93IjoiZTRmNTU2MSJ9\">\n\t\t\t\t\t<div class=\"e-gallery-image elementor-gallery-item__image\" data-thumbnail=\"https:\/\/www.niederthalerhof.com\/wp-content\/uploads\/2024\/06\/toerggelen-brixen-1024x683.jpg\" data-width=\"800\" data-height=\"534\" aria-label=\"\" role=\"img\" ><\/div>\n\t\t\t\t\t\t\t\t\t\t\t<div class=\"elementor-gallery-item__overlay\"><\/div>\n\t\t\t\t\t\t\t\t\t\t\t\t\t\t<\/a>\n\t\t\t\t\t\t\t<a class=\"e-gallery-item elementor-gallery-item elementor-animated-content\" href=\"https:\/\/www.niederthalerhof.com\/wp-content\/uploads\/2024\/06\/bike-urlaub-suedtirol.jpg\" data-elementor-open-lightbox=\"yes\" data-elementor-lightbox-slideshow=\"e4f5561\" data-elementor-lightbox-title=\"bike-urlaub-suedtirol\" data-elementor-lightbox-description=\"Bike Urlaub in S\u00fcdtirol\" data-e-action-hash=\"#elementor-action%3Aaction%3Dlightbox%26settings%3DeyJpZCI6MTgzOCwidXJsIjoiaHR0cHM6XC9cL3d3dy5uaWVkZXJ0aGFsZXJob2YuY29tXC93cC1jb250ZW50XC91cGxvYWRzXC8yMDI0XC8wNlwvYmlrZS11cmxhdWItc3VlZHRpcm9sLmpwZyIsInNsaWRlc2hvdyI6ImU0ZjU1NjEifQ%3D%3D\">\n\t\t\t\t\t<div class=\"e-gallery-image elementor-gallery-item__image\" data-thumbnail=\"https:\/\/www.niederthalerhof.com\/wp-content\/uploads\/2024\/06\/bike-urlaub-suedtirol-683x1024.jpg\" data-width=\"683\" data-height=\"1024\" aria-label=\"\" role=\"img\" ><\/div>\n\t\t\t\t\t\t\t\t\t\t\t<div class=\"elementor-gallery-item__overlay\"><\/div>\n\t\t\t\t\t\t\t\t\t\t\t\t\t\t<\/a>\n\t\t\t\t\t\t\t<a class=\"e-gallery-item elementor-gallery-item elementor-animated-content\" href=\"https:\/\/www.niederthalerhof.com\/wp-content\/uploads\/2024\/06\/fahrradverleih-plose.jpg\" data-elementor-open-lightbox=\"yes\" data-elementor-lightbox-slideshow=\"e4f5561\" data-elementor-lightbox-title=\"fahrradverleih-plose\" data-elementor-lightbox-description=\"Fahrradverleih auf der Plose in S\u00fcdtirol\" data-e-action-hash=\"#elementor-action%3Aaction%3Dlightbox%26settings%3DeyJpZCI6MTg0NSwidXJsIjoiaHR0cHM6XC9cL3d3dy5uaWVkZXJ0aGFsZXJob2YuY29tXC93cC1jb250ZW50XC91cGxvYWRzXC8yMDI0XC8wNlwvZmFocnJhZHZlcmxlaWgtcGxvc2UuanBnIiwic2xpZGVzaG93IjoiZTRmNTU2MSJ9\">\n\t\t\t\t\t<div class=\"e-gallery-image elementor-gallery-item__image\" data-thumbnail=\"https:\/\/www.niederthalerhof.com\/wp-content\/uploads\/2024\/06\/fahrradverleih-plose-1024x683.jpg\" data-width=\"800\" data-height=\"534\" aria-label=\"\" role=\"img\" ><\/div>\n\t\t\t\t\t\t\t\t\t\t\t<div class=\"elementor-gallery-item__overlay\"><\/div>\n\t\t\t\t\t\t\t\t\t\t\t\t\t\t<\/a>\n\t\t\t\t\t\t\t<a class=\"e-gallery-item elementor-gallery-item elementor-animated-content\" href=\"https:\/\/www.niederthalerhof.com\/wp-content\/uploads\/2024\/06\/winterurlaub-suedtirol.jpg\" data-elementor-open-lightbox=\"yes\" data-elementor-lightbox-slideshow=\"e4f5561\" data-elementor-lightbox-title=\"winterurlaub-suedtirol\" data-elementor-lightbox-description=\"Winterurlaub in S\u00fcdtirol\" data-e-action-hash=\"#elementor-action%3Aaction%3Dlightbox%26settings%3DeyJpZCI6MTg0OSwidXJsIjoiaHR0cHM6XC9cL3d3dy5uaWVkZXJ0aGFsZXJob2YuY29tXC93cC1jb250ZW50XC91cGxvYWRzXC8yMDI0XC8wNlwvd2ludGVydXJsYXViLXN1ZWR0aXJvbC5qcGciLCJzbGlkZXNob3ciOiJlNGY1NTYxIn0%3D\">\n\t\t\t\t\t<div class=\"e-gallery-image elementor-gallery-item__image\" data-thumbnail=\"https:\/\/www.niederthalerhof.com\/wp-content\/uploads\/2024\/06\/winterurlaub-suedtirol-1024x529.jpg\" data-width=\"800\" data-height=\"413\" aria-label=\"\" role=\"img\" ><\/div>\n\t\t\t\t\t\t\t\t\t\t\t<div class=\"elementor-gallery-item__overlay\"><\/div>\n\t\t\t\t\t\t\t\t\t\t\t\t\t\t<\/a>\n\t\t\t\t\t\t\t<a class=\"e-gallery-item elementor-gallery-item elementor-animated-content\" href=\"https:\/\/www.niederthalerhof.com\/wp-content\/uploads\/2024\/06\/plosebob-winterurlaub.jpg\" data-elementor-open-lightbox=\"yes\" data-elementor-lightbox-slideshow=\"e4f5561\" data-elementor-lightbox-title=\"plosebob-winterurlaub\" data-elementor-lightbox-description=\"Plosebob im Winterurlaub auf der Plose\" data-e-action-hash=\"#elementor-action%3Aaction%3Dlightbox%26settings%3DeyJpZCI6MTg1MSwidXJsIjoiaHR0cHM6XC9cL3d3dy5uaWVkZXJ0aGFsZXJob2YuY29tXC93cC1jb250ZW50XC91cGxvYWRzXC8yMDI0XC8wNlwvcGxvc2Vib2Itd2ludGVydXJsYXViLmpwZyIsInNsaWRlc2hvdyI6ImU0ZjU1NjEifQ%3D%3D\">\n\t\t\t\t\t<div class=\"e-gallery-image elementor-gallery-item__image\" data-thumbnail=\"https:\/\/www.niederthalerhof.com\/wp-content\/uploads\/2024\/06\/plosebob-winterurlaub-1024x710.jpg\" data-width=\"800\" data-height=\"555\" aria-label=\"\" role=\"img\" ><\/div>\n\t\t\t\t\t\t\t\t\t\t\t<div class=\"elementor-gallery-item__overlay\"><\/div>\n\t\t\t\t\t\t\t\t\t\t\t\t\t\t<\/a>\n\t\t\t\t\t\t\t<a class=\"e-gallery-item elementor-gallery-item elementor-animated-content\" href=\"https:\/\/www.niederthalerhof.com\/wp-content\/uploads\/2024\/06\/almwanderung-plose-winterurlaub.jpg\" data-elementor-open-lightbox=\"yes\" data-elementor-lightbox-slideshow=\"e4f5561\" data-elementor-lightbox-title=\"almwanderung-plose-winterurlaub\" data-elementor-lightbox-description=\"Almwanderung auf der Plose im Winterurlaub\" data-e-action-hash=\"#elementor-action%3Aaction%3Dlightbox%26settings%3DeyJpZCI6MTg1NSwidXJsIjoiaHR0cHM6XC9cL3d3dy5uaWVkZXJ0aGFsZXJob2YuY29tXC93cC1jb250ZW50XC91cGxvYWRzXC8yMDI0XC8wNlwvYWxtd2FuZGVydW5nLXBsb3NlLXdpbnRlcnVybGF1Yi5qcGciLCJzbGlkZXNob3ciOiJlNGY1NTYxIn0%3D\">\n\t\t\t\t\t<div class=\"e-gallery-image elementor-gallery-item__image\" data-thumbnail=\"https:\/\/www.niederthalerhof.com\/wp-content\/uploads\/2024\/06\/almwanderung-plose-winterurlaub-1024x621.jpg\" data-width=\"800\" data-height=\"485\" aria-label=\"\" role=\"img\" ><\/div>\n\t\t\t\t\t\t\t\t\t\t\t<div class=\"elementor-gallery-item__overlay\"><\/div>\n\t\t\t\t\t\t\t\t\t\t\t\t\t\t<\/a>\n\t\t\t\t\t\t\t<a class=\"e-gallery-item elementor-gallery-item elementor-animated-content\" href=\"https:\/\/www.niederthalerhof.com\/wp-content\/uploads\/2024\/06\/winterurlaub-brixen.jpg\" data-elementor-open-lightbox=\"yes\" data-elementor-lightbox-slideshow=\"e4f5561\" data-elementor-lightbox-title=\"winterurlaub-brixen\" data-elementor-lightbox-description=\"Weihnachtsmarkt in Brixen\" data-e-action-hash=\"#elementor-action%3Aaction%3Dlightbox%26settings%3DeyJpZCI6MTg4OSwidXJsIjoiaHR0cHM6XC9cL3d3dy5uaWVkZXJ0aGFsZXJob2YuY29tXC93cC1jb250ZW50XC91cGxvYWRzXC8yMDI0XC8wNlwvd2ludGVydXJsYXViLWJyaXhlbi5qcGciLCJzbGlkZXNob3ciOiJlNGY1NTYxIn0%3D\">\n\t\t\t\t\t<div class=\"e-gallery-image elementor-gallery-item__image\" data-thumbnail=\"https:\/\/www.niederthalerhof.com\/wp-content\/uploads\/2024\/06\/winterurlaub-brixen-1024x683.jpg\" data-width=\"800\" data-height=\"534\" aria-label=\"\" role=\"img\" ><\/div>\n\t\t\t\t\t\t\t\t\t\t\t<div class=\"elementor-gallery-item__overlay\"><\/div>\n\t\t\t\t\t\t\t\t\t\t\t\t\t\t<\/a>\n\t\t\t\t\t\t\t<a class=\"e-gallery-item elementor-gallery-item elementor-animated-content\" href=\"https:\/\/www.niederthalerhof.com\/wp-content\/uploads\/2024\/06\/vertikale-brixen.jpg\" data-elementor-open-lightbox=\"yes\" data-elementor-lightbox-slideshow=\"e4f5561\" data-elementor-lightbox-title=\"vertikale-brixen\" data-elementor-lightbox-description=\"Vertikale in Brixen in S\u00fcdtirol\" data-e-action-hash=\"#elementor-action%3Aaction%3Dlightbox%26settings%3DeyJpZCI6MTg4NSwidXJsIjoiaHR0cHM6XC9cL3d3dy5uaWVkZXJ0aGFsZXJob2YuY29tXC93cC1jb250ZW50XC91cGxvYWRzXC8yMDI0XC8wNlwvdmVydGlrYWxlLWJyaXhlbi5qcGciLCJzbGlkZXNob3ciOiJlNGY1NTYxIn0%3D\">\n\t\t\t\t\t<div class=\"e-gallery-image elementor-gallery-item__image\" data-thumbnail=\"https:\/\/www.niederthalerhof.com\/wp-content\/uploads\/2024\/06\/vertikale-brixen-683x1024.jpg\" data-width=\"683\" data-height=\"1024\" aria-label=\"\" role=\"img\" ><\/div>\n\t\t\t\t\t\t\t\t\t\t\t<div class=\"elementor-gallery-item__overlay\"><\/div>\n\t\t\t\t\t\t\t\t\t\t\t\t\t\t<\/a>\n\t\t\t\t\t\t\t<a class=\"e-gallery-item elementor-gallery-item elementor-animated-content\" href=\"https:\/\/www.niederthalerhof.com\/wp-content\/uploads\/2024\/06\/kunst-und-kultur-in-brixen-suedtirol.jpg\" data-elementor-open-lightbox=\"yes\" data-elementor-lightbox-slideshow=\"e4f5561\" data-elementor-lightbox-title=\"kunst-und-kultur-in-brixen-suedtirol\" data-elementor-lightbox-description=\"Kunst und Kultur in Brixen in S\u00fcdtirol\" data-e-action-hash=\"#elementor-action%3Aaction%3Dlightbox%26settings%3DeyJpZCI6MTg5MSwidXJsIjoiaHR0cHM6XC9cL3d3dy5uaWVkZXJ0aGFsZXJob2YuY29tXC93cC1jb250ZW50XC91cGxvYWRzXC8yMDI0XC8wNlwva3Vuc3QtdW5kLWt1bHR1ci1pbi1icml4ZW4tc3VlZHRpcm9sLmpwZyIsInNsaWRlc2hvdyI6ImU0ZjU1NjEifQ%3D%3D\">\n\t\t\t\t\t<div class=\"e-gallery-image elementor-gallery-item__image\" data-thumbnail=\"https:\/\/www.niederthalerhof.com\/wp-content\/uploads\/2024\/06\/kunst-und-kultur-in-brixen-suedtirol-1024x680.jpg\" data-width=\"800\" data-height=\"531\" aria-label=\"\" role=\"img\" ><\/div>\n\t\t\t\t\t\t\t\t\t\t\t<div class=\"elementor-gallery-item__overlay\"><\/div>\n\t\t\t\t\t\t\t\t\t\t\t\t\t\t<\/a>\n\t\t\t\t\t\t\t<a class=\"e-gallery-item elementor-gallery-item elementor-animated-content\" href=\"https:\/\/www.niederthalerhof.com\/wp-content\/uploads\/2024\/06\/altstadtfest-brixen.jpg\" data-elementor-open-lightbox=\"yes\" data-elementor-lightbox-slideshow=\"e4f5561\" data-elementor-lightbox-title=\"altstadtfest-brixen\" data-elementor-lightbox-description=\"Altstadtfest in Brixen\" data-e-action-hash=\"#elementor-action%3Aaction%3Dlightbox%26settings%3DeyJpZCI6MTg5NSwidXJsIjoiaHR0cHM6XC9cL3d3dy5uaWVkZXJ0aGFsZXJob2YuY29tXC93cC1jb250ZW50XC91cGxvYWRzXC8yMDI0XC8wNlwvYWx0c3RhZHRmZXN0LWJyaXhlbi5qcGciLCJzbGlkZXNob3ciOiJlNGY1NTYxIn0%3D\">\n\t\t\t\t\t<div class=\"e-gallery-image elementor-gallery-item__image\" data-thumbnail=\"https:\/\/www.niederthalerhof.com\/wp-content\/uploads\/2024\/06\/altstadtfest-brixen-1024x683.jpg\" data-width=\"800\" data-height=\"534\" aria-label=\"\" role=\"img\" ><\/div>\n\t\t\t\t\t\t\t\t\t\t\t<div class=\"elementor-gallery-item__overlay\"><\/div>\n\t\t\t\t\t\t\t\t\t\t\t\t\t\t<\/a>\n\t\t\t\t\t<\/div>\n\t\t\t<\/div>\n\t\t\t\t<\/div>\n\t\t\t\t<\/div>\n\t\t<div class=\"elementor-element elementor-element-0d5e156 e-con-full brownlink e-flex e-con e-parent\" data-id=\"0d5e156\" data-element_type=\"container\" data-settings=\"{&quot;background_background&quot;:&quot;classic&quot;}\">\n\t\t\t\t<div class=\"elementor-element elementor-element-574d4ac elementor-widget elementor-widget-heading\" data-id=\"574d4ac\" data-element_type=\"widget\" data-widget_type=\"heading.default\">\n\t\t\t\t<div class=\"elementor-widget-container\">\n\t\t\t<h2 class=\"elementor-heading-title elementor-size-default\">Video<\/h2>\t\t<\/div>\n\t\t\t\t<\/div>\n\t\t\t\t<div class=\"elementor-element elementor-element-146046b elementor-widget elementor-widget-video\" data-id=\"146046b\" data-element_type=\"widget\" data-settings=\"{&quot;youtube_url&quot;:&quot;https:\\\/\\\/www.youtube.com\\\/watch?v=Tca7NpEe-_M&quot;,&quot;video_type&quot;:&quot;youtube&quot;,&quot;controls&quot;:&quot;yes&quot;}\" data-widget_type=\"video.default\">\n\t\t\t\t<div class=\"elementor-widget-container\">\n\t\t\t<style>\/*! elementor - v3.23.0 - 25-07-2024 *\/\n.elementor-widget-video .elementor-widget-container{overflow:hidden;transform:translateZ(0)}.elementor-widget-video .elementor-wrapper{aspect-ratio:var(--video-aspect-ratio)}.elementor-widget-video .elementor-wrapper iframe,.elementor-widget-video .elementor-wrapper video{height:100%;width:100%;display:flex;border:none;background-color:#000}@supports not (aspect-ratio:1\/1){.elementor-widget-video .elementor-wrapper{position:relative;overflow:hidden;height:0;padding-bottom:calc(100% \/ var(--video-aspect-ratio))}.elementor-widget-video .elementor-wrapper iframe,.elementor-widget-video .elementor-wrapper video{position:absolute;top:0;right:0;bottom:0;left:0}}.elementor-widget-video .elementor-open-inline .elementor-custom-embed-image-overlay{position:absolute;top:0;right:0;bottom:0;left:0;background-size:cover;background-position:50%}.elementor-widget-video .elementor-custom-embed-image-overlay{cursor:pointer;text-align:center}.elementor-widget-video .elementor-custom-embed-image-overlay:hover .elementor-custom-embed-play i{opacity:1}.elementor-widget-video .elementor-custom-embed-image-overlay img{display:block;width:100%;aspect-ratio:var(--video-aspect-ratio);-o-object-fit:cover;object-fit:cover;-o-object-position:center center;object-position:center center}@supports not (aspect-ratio:1\/1){.elementor-widget-video .elementor-custom-embed-image-overlay{position:relative;overflow:hidden;height:0;padding-bottom:calc(100% \/ var(--video-aspect-ratio))}.elementor-widget-video .elementor-custom-embed-image-overlay img{position:absolute;top:0;right:0;bottom:0;left:0}}.elementor-widget-video .e-hosted-video .elementor-video{-o-object-fit:cover;object-fit:cover}.e-con-inner>.elementor-widget-video,.e-con>.elementor-widget-video{width:var(--container-widget-width);--flex-grow:var(--container-widget-flex-grow)}<\/style>\t\t<div class=\"elementor-wrapper elementor-open-inline\">\n\t\t\t<div class=\"elementor-video\"><\/div>\t\t<\/div>\n\t\t\t\t<\/div>\n\t\t\t\t<\/div>\n\t\t\t\t<div class=\"elementor-element elementor-element-19be3b8 elementor-widget elementor-widget-video\" data-id=\"19be3b8\" data-element_type=\"widget\" data-settings=\"{&quot;youtube_url&quot;:&quot;https:\\\/\\\/www.youtube.com\\\/watch?v=FwX1FcUoNwo&quot;,&quot;video_type&quot;:&quot;youtube&quot;,&quot;controls&quot;:&quot;yes&quot;}\" data-widget_type=\"video.default\">\n\t\t\t\t<div class=\"elementor-widget-container\">\n\t\t\t\t\t<div class=\"elementor-wrapper elementor-open-inline\">\n\t\t\t<div class=\"elementor-video\"><\/div>\t\t<\/div>\n\t\t\t\t<\/div>\n\t\t\t\t<\/div>\n\t\t\t\t<\/div>\n\t\t\t\t<\/div>\n\t\t","protected":false},"excerpt":{"rendered":"<p>Un\u2019anteprima dei nostri chalet vicino alla Plose Vuoi sapere cosa ti riservano i nostri chalet, e cosa ti aspetta a Bressanone e dintorni? Ecco qualche foto e video per stuzzicare la tua voglia di vacanza\u2026 con un\u2019anteprima di cosa ti aspetta a Bressanone e sulla Plose. Lasciati ispirare! Foto Animali Inverno Nei dintorni Video https:\/\/www.youtube.com\/watch?v=Tca7NpEe-_Mhttps:\/\/www.youtube.com\/watch?v=FwX1FcUoNwo<\/p>\n","protected":false},"author":1,"featured_media":0,"parent":0,"menu_order":0,"comment_status":"closed","ping_status":"closed","template":"","meta":{"_acf_changed":false,"inline_featured_image":false,"footnotes":""},"class_list":["post-2142","page","type-page","status-publish","hentry"],"acf":[],"yoast_head":"<!-- This site is optimized with the Yoast SEO plugin v23.1 - https:\/\/yoast.com\/wordpress\/plugins\/seo\/ -->\n<title>Appartamenti vacanze in zona Plose: chalet Niederthalerhof<\/title>\n<meta name=\"description\" content=\"I nostri chalet per 2-6 persone con colazione e sauna sono la base perfetta per una vacanza escursionistica o una settimana bianca in zona Plose\/Bressanone. Dai un\u2019occhiata qui!\" \/>\n<meta name=\"robots\" content=\"index, follow, max-snippet:-1, max-image-preview:large, max-video-preview:-1\" \/>\n<link rel=\"canonical\" href=\"https:\/\/www.niederthalerhof.com\/it\/foto-e-video\/\" \/>\n<meta property=\"og:locale\" content=\"it_IT\" \/>\n<meta property=\"og:type\" content=\"article\" \/>\n<meta property=\"og:title\" content=\"Appartamenti vacanze in zona Plose: chalet Niederthalerhof\" \/>\n<meta property=\"og:description\" content=\"I nostri chalet per 2-6 persone con colazione e sauna sono la base perfetta per una vacanza escursionistica o una settimana bianca in zona Plose\/Bressanone. Dai un\u2019occhiata qui!\" \/>\n<meta property=\"og:url\" content=\"https:\/\/www.niederthalerhof.com\/it\/foto-e-video\/\" \/>\n<meta property=\"og:site_name\" content=\"niederthalerhof\" \/>\n<meta property=\"article:publisher\" content=\"https:\/\/www.facebook.com\/niederthalerhof\/\" \/>\n<meta property=\"article:modified_time\" content=\"2026-04-07T11:36:46+00:00\" \/>\n<meta name=\"twitter:card\" content=\"summary_large_image\" \/>\n<meta name=\"twitter:label1\" content=\"Tempo di lettura stimato\" \/>\n\t<meta name=\"twitter:data1\" content=\"1 minuto\" \/>\n<script type=\"application\/ld+json\" class=\"yoast-schema-graph\">{\"@context\":\"https:\/\/schema.org\",\"@graph\":[{\"@type\":\"WebPage\",\"@id\":\"https:\/\/www.niederthalerhof.com\/it\/foto-e-video\/\",\"url\":\"https:\/\/www.niederthalerhof.com\/it\/foto-e-video\/\",\"name\":\"Appartamenti vacanze in zona Plose: chalet Niederthalerhof\",\"isPartOf\":{\"@id\":\"https:\/\/www.niederthalerhof.com\/it\/#website\"},\"datePublished\":\"2024-05-29T07:14:49+00:00\",\"dateModified\":\"2026-04-07T11:36:46+00:00\",\"description\":\"I nostri chalet per 2-6 persone con colazione e sauna sono la base perfetta per una vacanza escursionistica o una settimana bianca in zona Plose\/Bressanone. Dai un\u2019occhiata qui!\",\"breadcrumb\":{\"@id\":\"https:\/\/www.niederthalerhof.com\/it\/foto-e-video\/#breadcrumb\"},\"inLanguage\":\"it-IT\",\"potentialAction\":[{\"@type\":\"ReadAction\",\"target\":[\"https:\/\/www.niederthalerhof.com\/it\/foto-e-video\/\"]}]},{\"@type\":\"BreadcrumbList\",\"@id\":\"https:\/\/www.niederthalerhof.com\/it\/foto-e-video\/#breadcrumb\",\"itemListElement\":[{\"@type\":\"ListItem\",\"position\":1,\"name\":\"Startseite\",\"item\":\"https:\/\/www.niederthalerhof.com\/it\/\"},{\"@type\":\"ListItem\",\"position\":2,\"name\":\"Foto e Video\"}]},{\"@type\":\"WebSite\",\"@id\":\"https:\/\/www.niederthalerhof.com\/it\/#website\",\"url\":\"https:\/\/www.niederthalerhof.com\/it\/\",\"name\":\"niederthalerhof\",\"description\":\"\",\"publisher\":{\"@id\":\"https:\/\/www.niederthalerhof.com\/it\/#organization\"},\"potentialAction\":[{\"@type\":\"SearchAction\",\"target\":{\"@type\":\"EntryPoint\",\"urlTemplate\":\"https:\/\/www.niederthalerhof.com\/it\/?s={search_term_string}\"},\"query-input\":\"required name=search_term_string\"}],\"inLanguage\":\"it-IT\"},{\"@type\":\"Organization\",\"@id\":\"https:\/\/www.niederthalerhof.com\/it\/#organization\",\"name\":\"niederthalerhof\",\"url\":\"https:\/\/www.niederthalerhof.com\/it\/\",\"logo\":{\"@type\":\"ImageObject\",\"inLanguage\":\"it-IT\",\"@id\":\"https:\/\/www.niederthalerhof.com\/it\/#\/schema\/logo\/image\/\",\"url\":\"https:\/\/www.niederthalerhof.com\/wp-content\/uploads\/2024\/05\/Gruppe-2461-2.svg\",\"contentUrl\":\"https:\/\/www.niederthalerhof.com\/wp-content\/uploads\/2024\/05\/Gruppe-2461-2.svg\",\"width\":345,\"height\":133,\"caption\":\"niederthalerhof\"},\"image\":{\"@id\":\"https:\/\/www.niederthalerhof.com\/it\/#\/schema\/logo\/image\/\"},\"sameAs\":[\"https:\/\/www.facebook.com\/niederthalerhof\/\",\"https:\/\/www.instagram.com\/niederthalerhof_chalets\/\"]}]}<\/script>\n<!-- \/ Yoast SEO plugin. -->","yoast_head_json":{"title":"Appartamenti vacanze in zona Plose: chalet Niederthalerhof","description":"I nostri chalet per 2-6 persone con colazione e sauna sono la base perfetta per una vacanza escursionistica o una settimana bianca in zona Plose\/Bressanone. Dai un\u2019occhiata qui!","robots":{"index":"index","follow":"follow","max-snippet":"max-snippet:-1","max-image-preview":"max-image-preview:large","max-video-preview":"max-video-preview:-1"},"canonical":"https:\/\/www.niederthalerhof.com\/it\/foto-e-video\/","og_locale":"it_IT","og_type":"article","og_title":"Appartamenti vacanze in zona Plose: chalet Niederthalerhof","og_description":"I nostri chalet per 2-6 persone con colazione e sauna sono la base perfetta per una vacanza escursionistica o una settimana bianca in zona Plose\/Bressanone. Dai un\u2019occhiata qui!","og_url":"https:\/\/www.niederthalerhof.com\/it\/foto-e-video\/","og_site_name":"niederthalerhof","article_publisher":"https:\/\/www.facebook.com\/niederthalerhof\/","article_modified_time":"2026-04-07T11:36:46+00:00","twitter_card":"summary_large_image","twitter_misc":{"Tempo di lettura stimato":"1 minuto"},"schema":{"@context":"https:\/\/schema.org","@graph":[{"@type":"WebPage","@id":"https:\/\/www.niederthalerhof.com\/it\/foto-e-video\/","url":"https:\/\/www.niederthalerhof.com\/it\/foto-e-video\/","name":"Appartamenti vacanze in zona Plose: chalet Niederthalerhof","isPartOf":{"@id":"https:\/\/www.niederthalerhof.com\/it\/#website"},"datePublished":"2024-05-29T07:14:49+00:00","dateModified":"2026-04-07T11:36:46+00:00","description":"I nostri chalet per 2-6 persone con colazione e sauna sono la base perfetta per una vacanza escursionistica o una settimana bianca in zona Plose\/Bressanone. Dai un\u2019occhiata qui!","breadcrumb":{"@id":"https:\/\/www.niederthalerhof.com\/it\/foto-e-video\/#breadcrumb"},"inLanguage":"it-IT","potentialAction":[{"@type":"ReadAction","target":["https:\/\/www.niederthalerhof.com\/it\/foto-e-video\/"]}]},{"@type":"BreadcrumbList","@id":"https:\/\/www.niederthalerhof.com\/it\/foto-e-video\/#breadcrumb","itemListElement":[{"@type":"ListItem","position":1,"name":"Startseite","item":"https:\/\/www.niederthalerhof.com\/it\/"},{"@type":"ListItem","position":2,"name":"Foto e Video"}]},{"@type":"WebSite","@id":"https:\/\/www.niederthalerhof.com\/it\/#website","url":"https:\/\/www.niederthalerhof.com\/it\/","name":"niederthalerhof","description":"","publisher":{"@id":"https:\/\/www.niederthalerhof.com\/it\/#organization"},"potentialAction":[{"@type":"SearchAction","target":{"@type":"EntryPoint","urlTemplate":"https:\/\/www.niederthalerhof.com\/it\/?s={search_term_string}"},"query-input":"required name=search_term_string"}],"inLanguage":"it-IT"},{"@type":"Organization","@id":"https:\/\/www.niederthalerhof.com\/it\/#organization","name":"niederthalerhof","url":"https:\/\/www.niederthalerhof.com\/it\/","logo":{"@type":"ImageObject","inLanguage":"it-IT","@id":"https:\/\/www.niederthalerhof.com\/it\/#\/schema\/logo\/image\/","url":"https:\/\/www.niederthalerhof.com\/wp-content\/uploads\/2024\/05\/Gruppe-2461-2.svg","contentUrl":"https:\/\/www.niederthalerhof.com\/wp-content\/uploads\/2024\/05\/Gruppe-2461-2.svg","width":345,"height":133,"caption":"niederthalerhof"},"image":{"@id":"https:\/\/www.niederthalerhof.com\/it\/#\/schema\/logo\/image\/"},"sameAs":["https:\/\/www.facebook.com\/niederthalerhof\/","https:\/\/www.instagram.com\/niederthalerhof_chalets\/"]}]}},"_links":{"self":[{"href":"https:\/\/www.niederthalerhof.com\/it\/wp-json\/wp\/v2\/pages\/2142"}],"collection":[{"href":"https:\/\/www.niederthalerhof.com\/it\/wp-json\/wp\/v2\/pages"}],"about":[{"href":"https:\/\/www.niederthalerhof.com\/it\/wp-json\/wp\/v2\/types\/page"}],"author":[{"embeddable":true,"href":"https:\/\/www.niederthalerhof.com\/it\/wp-json\/wp\/v2\/users\/1"}],"replies":[{"embeddable":true,"href":"https:\/\/www.niederthalerhof.com\/it\/wp-json\/wp\/v2\/comments?post=2142"}],"version-history":[{"count":12,"href":"https:\/\/www.niederthalerhof.com\/it\/wp-json\/wp\/v2\/pages\/2142\/revisions"}],"predecessor-version":[{"id":3492,"href":"https:\/\/www.niederthalerhof.com\/it\/wp-json\/wp\/v2\/pages\/2142\/revisions\/3492"}],"wp:attachment":[{"href":"https:\/\/www.niederthalerhof.com\/it\/wp-json\/wp\/v2\/media?parent=2142"}],"curies":[{"name":"wp","href":"https:\/\/api.w.org\/{rel}","templated":true}]}}