{"id":2152,"date":"2024-05-29T07:26:38","date_gmt":"2024-05-29T07:26:38","guid":{"rendered":"https:\/\/niederthalerhof.muwit.net\/mangiare-e-bere\/"},"modified":"2026-03-11T07:52:08","modified_gmt":"2026-03-11T07:52:08","slug":"mangiare-e-bere","status":"publish","type":"page","link":"https:\/\/www.niederthalerhof.com\/it\/mangiare-e-bere\/","title":{"rendered":"Mangiare e bere"},"content":{"rendered":"\t\t<div data-elementor-type=\"wp-page\" data-elementor-id=\"2152\" class=\"elementor elementor-2152 elementor-32\" data-elementor-post-type=\"page\">\n\t\t\t\t<div class=\"elementor-element elementor-element-5988e7ce e-con-full e-flex e-con e-parent\" data-id=\"5988e7ce\" data-element_type=\"container\">\n\t\t\t\t<div class=\"elementor-element elementor-element-50a786d0 elementor-pagination-position-inside pfeillinksunten elementor-skin-carousel elementor-pagination-type-bullets elementor-widget elementor-widget-media-carousel\" data-id=\"50a786d0\" data-element_type=\"widget\" data-settings=\"{&quot;slides_per_view&quot;:&quot;1&quot;,&quot;slides_per_view_widescreen&quot;:&quot;1&quot;,&quot;slides_per_view_laptop&quot;:&quot;1&quot;,&quot;slides_per_view_tablet_extra&quot;:&quot;1&quot;,&quot;slides_per_view_tablet&quot;:&quot;1&quot;,&quot;slides_per_view_mobile_extra&quot;:&quot;1&quot;,&quot;skin&quot;:&quot;carousel&quot;,&quot;effect&quot;:&quot;slide&quot;,&quot;pagination&quot;:&quot;bullets&quot;,&quot;speed&quot;:500,&quot;autoplay&quot;:&quot;yes&quot;,&quot;autoplay_speed&quot;:5000,&quot;loop&quot;:&quot;yes&quot;,&quot;pause_on_hover&quot;:&quot;yes&quot;,&quot;pause_on_interaction&quot;:&quot;yes&quot;,&quot;space_between&quot;:{&quot;unit&quot;:&quot;px&quot;,&quot;size&quot;:10,&quot;sizes&quot;:[]},&quot;space_between_widescreen&quot;:{&quot;unit&quot;:&quot;px&quot;,&quot;size&quot;:10,&quot;sizes&quot;:[]},&quot;space_between_laptop&quot;:{&quot;unit&quot;:&quot;px&quot;,&quot;size&quot;:10,&quot;sizes&quot;:[]},&quot;space_between_tablet_extra&quot;:{&quot;unit&quot;:&quot;px&quot;,&quot;size&quot;:10,&quot;sizes&quot;:[]},&quot;space_between_tablet&quot;:{&quot;unit&quot;:&quot;px&quot;,&quot;size&quot;:10,&quot;sizes&quot;:[]},&quot;space_between_mobile_extra&quot;:{&quot;unit&quot;:&quot;px&quot;,&quot;size&quot;:10,&quot;sizes&quot;:[]},&quot;space_between_mobile&quot;:{&quot;unit&quot;:&quot;px&quot;,&quot;size&quot;:10,&quot;sizes&quot;:[]}}\" data-widget_type=\"media-carousel.default\">\n\t\t\t\t<div class=\"elementor-widget-container\">\n\t\t\t<link rel=\"stylesheet\" href=\"https:\/\/www.niederthalerhof.com\/wp-content\/plugins\/elementor-pro\/assets\/css\/widget-carousel.min.css?ver=1721981042\">\t\t<div class=\"elementor-swiper\">\n\t\t\t<div class=\"elementor-main-swiper swiper\">\n\t\t\t\t<div class=\"swiper-wrapper\">\n\t\t\t\t\t\t\t\t\t\t\t<div class=\"swiper-slide\">\n\t\t\t\t\t\t\t\t\t<div class=\"elementor-carousel-image\" role=\"img\" aria-label=\"S\u00fcdtiroler Fr\u00fchst\u00fcck auf dem Bauernhof\" style=\"background-image: url(&#039;https:\/\/www.niederthalerhof.com\/wp-content\/uploads\/2024\/06\/uralub-am-bauernhof-fruehstueck.jpg&#039;)\">\n\n\t\t\t\n\t\t\t\t\t<\/div>\n\t\t\t\t\t\t\t\t<\/div>\n\t\t\t\t\t\t\t\t\t<\/div>\n\t\t\t\t\t\t\t<\/div>\n\t\t<\/div>\n\t\t\t\t<\/div>\n\t\t\t\t<\/div>\n\t\t\t\t<\/div>\n\t\t<div class=\"elementor-element elementor-element-18fa664e e-con-full e-flex e-con e-parent\" data-id=\"18fa664e\" data-element_type=\"container\" data-settings=\"{&quot;background_background&quot;:&quot;classic&quot;}\">\n\t\t<div class=\"elementor-element elementor-element-280e5db1 e-flex e-con-boxed e-con e-child\" data-id=\"280e5db1\" data-element_type=\"container\">\n\t\t\t\t\t<div class=\"e-con-inner\">\n\t\t\t\t<div class=\"elementor-element elementor-element-35d26010 elementor-widget elementor-widget-heading\" data-id=\"35d26010\" data-element_type=\"widget\" data-widget_type=\"heading.default\">\n\t\t\t\t<div class=\"elementor-widget-container\">\n\t\t\t<style>\/*! elementor - v3.23.0 - 25-07-2024 *\/\n.elementor-heading-title{padding:0;margin:0;line-height:1}.elementor-widget-heading .elementor-heading-title[class*=elementor-size-]>a{color:inherit;font-size:inherit;line-height:inherit}.elementor-widget-heading .elementor-heading-title.elementor-size-small{font-size:15px}.elementor-widget-heading .elementor-heading-title.elementor-size-medium{font-size:19px}.elementor-widget-heading .elementor-heading-title.elementor-size-large{font-size:29px}.elementor-widget-heading .elementor-heading-title.elementor-size-xl{font-size:39px}.elementor-widget-heading .elementor-heading-title.elementor-size-xxl{font-size:59px}<\/style><h1 class=\"elementor-heading-title elementor-size-default\">Il tuo <br>agriturismo <br>con prima colazione <\/h1>\t\t<\/div>\n\t\t\t\t<\/div>\n\t\t\t\t\t<\/div>\n\t\t\t\t<\/div>\n\t\t<div class=\"elementor-element elementor-element-7fb8327c e-flex e-con-boxed e-con e-child\" data-id=\"7fb8327c\" data-element_type=\"container\">\n\t\t\t\t\t<div class=\"e-con-inner\">\n\t\t\t\t<div class=\"elementor-element elementor-element-50ab6396 elementor-widget elementor-widget-heading\" data-id=\"50ab6396\" data-element_type=\"widget\" data-widget_type=\"heading.default\">\n\t\t\t\t<div class=\"elementor-widget-container\">\n\t\t\t<h2 class=\"elementor-heading-title elementor-size-default\">Le bont\u00e0 della fattoria a colazione <\/h2>\t\t<\/div>\n\t\t\t\t<\/div>\n\t\t\t\t<div class=\"elementor-element elementor-element-79afc365 elementor-widget elementor-widget-text-editor\" data-id=\"79afc365\" data-element_type=\"widget\" data-widget_type=\"text-editor.default\">\n\t\t\t\t<div class=\"elementor-widget-container\">\n\t\t\t<style>\/*! elementor - v3.23.0 - 25-07-2024 *\/\n.elementor-widget-text-editor.elementor-drop-cap-view-stacked .elementor-drop-cap{background-color:#69727d;color:#fff}.elementor-widget-text-editor.elementor-drop-cap-view-framed .elementor-drop-cap{color:#69727d;border:3px solid;background-color:transparent}.elementor-widget-text-editor:not(.elementor-drop-cap-view-default) .elementor-drop-cap{margin-top:8px}.elementor-widget-text-editor:not(.elementor-drop-cap-view-default) .elementor-drop-cap-letter{width:1em;height:1em}.elementor-widget-text-editor .elementor-drop-cap{float:left;text-align:center;line-height:1;font-size:50px}.elementor-widget-text-editor .elementor-drop-cap-letter{display:inline-block}<\/style>\t\t\t\t<p>La giornata inizia con una squisita prima colazione preparata dalla padrona di casa Brigitte. Preparati ad assaggiare tante prelibatezze del nostro maso e altri prodotti di qualit\u00e0 rigorosamente altoatesini. Che dire\u2026 ci piace viziarti!<\/p><\/p>\n\t\t\t\t\t\t<\/div>\n\t\t\t\t<\/div>\n\t\t\t\t\t<\/div>\n\t\t\t\t<\/div>\n\t\t\t\t<\/div>\n\t\t<div class=\"elementor-element elementor-element-253eb9dd e-con-full e-flex e-con e-parent\" data-id=\"253eb9dd\" data-element_type=\"container\" data-settings=\"{&quot;background_background&quot;:&quot;classic&quot;}\">\n\t\t<div class=\"elementor-element elementor-element-3ad6b1de e-con-full e-flex e-con e-child\" data-id=\"3ad6b1de\" data-element_type=\"container\">\n\t\t\t\t<div class=\"elementor-element elementor-element-7d6543c2 pfeilrechtsoben elementor-skin-carousel elementor-arrows-yes elementor-widget elementor-widget-media-carousel\" data-id=\"7d6543c2\" data-element_type=\"widget\" data-settings=\"{&quot;slides_per_view&quot;:&quot;1&quot;,&quot;slides_per_view_laptop&quot;:&quot;1&quot;,&quot;slides_per_view_tablet_extra&quot;:&quot;1&quot;,&quot;slides_per_view_tablet&quot;:&quot;1&quot;,&quot;slides_per_view_mobile_extra&quot;:&quot;1&quot;,&quot;skin&quot;:&quot;carousel&quot;,&quot;effect&quot;:&quot;slide&quot;,&quot;show_arrows&quot;:&quot;yes&quot;,&quot;speed&quot;:500,&quot;autoplay&quot;:&quot;yes&quot;,&quot;autoplay_speed&quot;:5000,&quot;loop&quot;:&quot;yes&quot;,&quot;pause_on_hover&quot;:&quot;yes&quot;,&quot;pause_on_interaction&quot;:&quot;yes&quot;,&quot;space_between&quot;:{&quot;unit&quot;:&quot;px&quot;,&quot;size&quot;:10,&quot;sizes&quot;:[]},&quot;space_between_widescreen&quot;:{&quot;unit&quot;:&quot;px&quot;,&quot;size&quot;:10,&quot;sizes&quot;:[]},&quot;space_between_laptop&quot;:{&quot;unit&quot;:&quot;px&quot;,&quot;size&quot;:10,&quot;sizes&quot;:[]},&quot;space_between_tablet_extra&quot;:{&quot;unit&quot;:&quot;px&quot;,&quot;size&quot;:10,&quot;sizes&quot;:[]},&quot;space_between_tablet&quot;:{&quot;unit&quot;:&quot;px&quot;,&quot;size&quot;:10,&quot;sizes&quot;:[]},&quot;space_between_mobile_extra&quot;:{&quot;unit&quot;:&quot;px&quot;,&quot;size&quot;:10,&quot;sizes&quot;:[]},&quot;space_between_mobile&quot;:{&quot;unit&quot;:&quot;px&quot;,&quot;size&quot;:10,&quot;sizes&quot;:[]}}\" data-widget_type=\"media-carousel.default\">\n\t\t\t\t<div class=\"elementor-widget-container\">\n\t\t\t\t\t<div class=\"elementor-swiper\">\n\t\t\t<div class=\"elementor-main-swiper swiper\">\n\t\t\t\t<div class=\"swiper-wrapper\">\n\t\t\t\t\t\t\t\t\t\t\t<div class=\"swiper-slide\">\n\t\t\t\t\t\t\t<a href=\"https:\/\/niederthalerhof.com\/wp-content\/uploads\/2024\/06\/urlaub-auf-dem-bauernhof-mit-fruehstueck.jpg\" data-elementor-open-lightbox=\"yes\" data-elementor-lightbox-slideshow=\"7d6543c2\" data-elementor-lightbox-title=\"urlaub-auf-dem-bauernhof-mit-fruehstueck\" data-elementor-lightbox-description=\"Urlaub auf dem Bauernhof mit Fr\u00fchst\u00fcck\" data-e-action-hash=\"#elementor-action%3Aaction%3Dlightbox%26settings%3DeyJpZCI6MTcwMywidXJsIjoiaHR0cHM6XC9cL3d3dy5uaWVkZXJ0aGFsZXJob2YuY29tXC93cC1jb250ZW50XC91cGxvYWRzXC8yMDI0XC8wNlwvdXJsYXViLWF1Zi1kZW0tYmF1ZXJuaG9mLW1pdC1mcnVlaHN0dWVjay5qcGciLCJzbGlkZXNob3ciOiI3ZDY1NDNjMiJ9\">\t\t<div class=\"elementor-carousel-image\" role=\"img\" aria-label=\"Urlaub auf dem Bauernhof mit Fr\u00fchst\u00fcck\" style=\"background-image: url(&#039;https:\/\/www.niederthalerhof.com\/wp-content\/uploads\/2024\/06\/urlaub-auf-dem-bauernhof-mit-fruehstueck.jpg&#039;)\">\n\n\t\t\t\n\t\t\t\t\t<\/div>\n\t\t<\/a>\t\t\t\t\t\t<\/div>\n\t\t\t\t\t\t\t\t\t<\/div>\n\t\t\t\t\t\t\t<\/div>\n\t\t<\/div>\n\t\t\t\t<\/div>\n\t\t\t\t<\/div>\n\t\t\t\t<\/div>\n\t\t<div class=\"elementor-element elementor-element-61153605 e-con-full e-flex e-con e-child\" data-id=\"61153605\" data-element_type=\"container\">\n\t\t\t\t<div class=\"elementor-element elementor-element-59b69580 elementor-widget elementor-widget-text-editor\" data-id=\"59b69580\" data-element_type=\"widget\" data-widget_type=\"text-editor.default\">\n\t\t\t\t<div class=\"elementor-widget-container\">\n\t\t\t\t\t\t\t<p>La nostra colazione casereccia ti assicura energia per tutta la giornata.<\/p>\n\t\t\t\t\t\t<\/div>\n\t\t\t\t<\/div>\n\t\t\t\t<\/div>\n\t\t\t\t<\/div>\n\t\t<div class=\"elementor-element elementor-element-1178e2b1 e-con-full e-flex e-con e-parent\" data-id=\"1178e2b1\" data-element_type=\"container\" data-settings=\"{&quot;background_background&quot;:&quot;classic&quot;}\">\n\t\t\t\t<div class=\"elementor-element elementor-element-1ad1b0d pfeillinksunten elementor-skin-carousel elementor-arrows-yes elementor-widget elementor-widget-media-carousel\" data-id=\"1ad1b0d\" data-element_type=\"widget\" data-settings=\"{&quot;slides_per_view&quot;:&quot;1&quot;,&quot;slides_per_view_widescreen&quot;:&quot;1&quot;,&quot;slides_per_view_laptop&quot;:&quot;1&quot;,&quot;slides_per_view_tablet_extra&quot;:&quot;1&quot;,&quot;slides_per_view_tablet&quot;:&quot;1&quot;,&quot;slides_per_view_mobile_extra&quot;:&quot;1&quot;,&quot;skin&quot;:&quot;carousel&quot;,&quot;effect&quot;:&quot;slide&quot;,&quot;show_arrows&quot;:&quot;yes&quot;,&quot;speed&quot;:500,&quot;autoplay&quot;:&quot;yes&quot;,&quot;autoplay_speed&quot;:5000,&quot;loop&quot;:&quot;yes&quot;,&quot;pause_on_hover&quot;:&quot;yes&quot;,&quot;pause_on_interaction&quot;:&quot;yes&quot;,&quot;space_between&quot;:{&quot;unit&quot;:&quot;px&quot;,&quot;size&quot;:10,&quot;sizes&quot;:[]},&quot;space_between_widescreen&quot;:{&quot;unit&quot;:&quot;px&quot;,&quot;size&quot;:10,&quot;sizes&quot;:[]},&quot;space_between_laptop&quot;:{&quot;unit&quot;:&quot;px&quot;,&quot;size&quot;:10,&quot;sizes&quot;:[]},&quot;space_between_tablet_extra&quot;:{&quot;unit&quot;:&quot;px&quot;,&quot;size&quot;:10,&quot;sizes&quot;:[]},&quot;space_between_tablet&quot;:{&quot;unit&quot;:&quot;px&quot;,&quot;size&quot;:10,&quot;sizes&quot;:[]},&quot;space_between_mobile_extra&quot;:{&quot;unit&quot;:&quot;px&quot;,&quot;size&quot;:10,&quot;sizes&quot;:[]},&quot;space_between_mobile&quot;:{&quot;unit&quot;:&quot;px&quot;,&quot;size&quot;:10,&quot;sizes&quot;:[]}}\" data-widget_type=\"media-carousel.default\">\n\t\t\t\t<div class=\"elementor-widget-container\">\n\t\t\t\t\t<div class=\"elementor-swiper\">\n\t\t\t<div class=\"elementor-main-swiper swiper\">\n\t\t\t\t<div class=\"swiper-wrapper\">\n\t\t\t\t\t\t\t\t\t\t\t<div class=\"swiper-slide\">\n\t\t\t\t\t\t\t<a href=\"https:\/\/niederthalerhof.com\/wp-content\/uploads\/2024\/07\/fruehstueck-in-suedtirol-mit-lokalen-produkten.jpg\" data-elementor-open-lightbox=\"yes\" data-elementor-lightbox-slideshow=\"1ad1b0d\" data-elementor-lightbox-title=\"fruehstueck-in-suedtirol-mit-lokalen-produkten\" data-elementor-lightbox-description=\"Fr\u00fchst\u00fcck in S\u00fcdtirol mit lokalen Produkten\" data-e-action-hash=\"#elementor-action%3Aaction%3Dlightbox%26settings%3DeyJpZCI6MjQzMSwidXJsIjoiaHR0cHM6XC9cL3d3dy5uaWVkZXJ0aGFsZXJob2YuY29tXC93cC1jb250ZW50XC91cGxvYWRzXC8yMDI0XC8wN1wvZnJ1ZWhzdHVlY2staW4tc3VlZHRpcm9sLW1pdC1sb2thbGVuLXByb2R1a3Rlbi5qcGciLCJzbGlkZXNob3ciOiIxYWQxYjBkIn0%3D\">\t\t<div class=\"elementor-carousel-image\" role=\"img\" aria-label=\"Fr\u00fchst\u00fcck in S\u00fcdtirol mit lokalen Produkten\" style=\"background-image: url(&#039;https:\/\/www.niederthalerhof.com\/wp-content\/uploads\/2024\/07\/fruehstueck-in-suedtirol-mit-lokalen-produkten.jpg&#039;)\">\n\n\t\t\t\n\t\t\t\t\t<\/div>\n\t\t<\/a>\t\t\t\t\t\t<\/div>\n\t\t\t\t\t\t\t\t\t<\/div>\n\t\t\t\t\t\t\t<\/div>\n\t\t<\/div>\n\t\t\t\t<\/div>\n\t\t\t\t<\/div>\n\t\t\t\t<div class=\"elementor-element elementor-element-2613896e elementor-widget elementor-widget-text-editor\" data-id=\"2613896e\" data-element_type=\"widget\" data-widget_type=\"text-editor.default\">\n\t\t\t\t<div class=\"elementor-widget-container\">\n\t\t\t\t\t\t\t<p>La tua colazione, come la vuoi tu <\/p>\n\t\t\t\t\t\t<\/div>\n\t\t\t\t<\/div>\n\t\t\t\t<div class=\"elementor-element elementor-element-1ef4476 elementor-widget elementor-widget-text-editor\" data-id=\"1ef4476\" data-element_type=\"widget\" data-widget_type=\"text-editor.default\">\n\t\t\t\t<div class=\"elementor-widget-container\">\n\t\t\t\t\t\t\t<p>Ogni giorno puoi scegliere quali prodotti mettere nella tua cesta della colazione:<\/p>\n\t\t\t\t\t\t<\/div>\n\t\t\t\t<\/div>\n\t\t<div class=\"elementor-element elementor-element-4ab2a9d e-flex e-con-boxed e-con e-child\" data-id=\"4ab2a9d\" data-element_type=\"container\">\n\t\t\t\t\t<div class=\"e-con-inner\">\n\t\t\t\t<div class=\"elementor-element elementor-element-56d0f61 elementor-widget__width-initial elementor-hidden-mobile elementor-widget elementor-widget-text-editor\" data-id=\"56d0f61\" data-element_type=\"widget\" data-widget_type=\"text-editor.default\">\n\t\t\t\t<div class=\"elementor-widget-container\">\n\t\t\t\t\t\t\t<p>Pane<\/p>\n<p>Burro<\/p>\n<p>Miele<\/p>\n<p>Frutta spalmabile*<\/p>\n<p>Speck*<\/p>\n<p>Formaggi<\/p>\n<p>Uova delle nostre galline*<\/p>\n<p>Torta*<\/p>\n\t\t\t\t\t\t<\/div>\n\t\t\t\t<\/div>\n\t\t\t\t<div class=\"elementor-element elementor-element-329625a elementor-widget__width-initial elementor-hidden-mobile elementor-widget elementor-widget-text-editor\" data-id=\"329625a\" data-element_type=\"widget\" data-widget_type=\"text-editor.default\">\n\t\t\t\t<div class=\"elementor-widget-container\">\n\t\t\t\t\t\t\t<p>Yogurt<\/p>\n<p>Muesli<\/p>\n<p>Caff\u00e8<\/p>\n<p>Latte<\/p>\n<p>T\u00e8<\/p>\n<p>Acqua minerale<\/p>\n<p>Succhi di frutta*<\/p>\n<p>Sciroppi*<\/p>\n\t\t\t\t\t\t<\/div>\n\t\t\t\t<\/div>\n\t\t\t\t<div class=\"elementor-element elementor-element-9990aa4 elementor-widget__width-initial elementor-hidden-widescreen elementor-hidden-desktop elementor-hidden-laptop elementor-hidden-tablet_extra elementor-hidden-tablet elementor-hidden-mobile_extra elementor-widget elementor-widget-text-editor\" data-id=\"9990aa4\" data-element_type=\"widget\" data-widget_type=\"text-editor.default\">\n\t\t\t\t<div class=\"elementor-widget-container\">\n\t\t\t\t\t\t\t<p>Pane<\/p>\n<p>Burro<\/p>\n<p>Miele<\/p>\n<p>Frutta spalmabile*<\/p>\n<p>Speck*<\/p>\n\t\t\t\t\t\t<\/div>\n\t\t\t\t<\/div>\n\t\t\t\t<div class=\"elementor-element elementor-element-fe21ebc readmorebtn elementor-hidden-widescreen elementor-hidden-desktop elementor-hidden-laptop elementor-hidden-tablet_extra elementor-hidden-tablet elementor-hidden-mobile_extra elementor-widget elementor-widget-toggle\" data-id=\"fe21ebc\" data-element_type=\"widget\" data-widget_type=\"toggle.default\">\n\t\t\t\t<div class=\"elementor-widget-container\">\n\t\t\t<style>.elementor-toggle{text-align:start}.elementor-toggle .elementor-tab-title{font-weight:700;line-height:1;margin:0;padding:15px;border-bottom:1px solid #d5d8dc;cursor:pointer;outline:none}.elementor-toggle .elementor-tab-title .elementor-toggle-icon{display:inline-block;width:1em}.elementor-toggle .elementor-tab-title .elementor-toggle-icon svg{margin-inline-start:-5px;width:1em;height:1em}.elementor-toggle .elementor-tab-title .elementor-toggle-icon.elementor-toggle-icon-right{float:right;text-align:right}.elementor-toggle .elementor-tab-title .elementor-toggle-icon.elementor-toggle-icon-left{float:left;text-align:left}.elementor-toggle .elementor-tab-title .elementor-toggle-icon .elementor-toggle-icon-closed{display:block}.elementor-toggle .elementor-tab-title .elementor-toggle-icon .elementor-toggle-icon-opened{display:none}.elementor-toggle .elementor-tab-title.elementor-active{border-bottom:none}.elementor-toggle .elementor-tab-title.elementor-active .elementor-toggle-icon-closed{display:none}.elementor-toggle .elementor-tab-title.elementor-active .elementor-toggle-icon-opened{display:block}.elementor-toggle .elementor-tab-content{padding:15px;border-bottom:1px solid #d5d8dc;display:none}@media (max-width:767px){.elementor-toggle .elementor-tab-title{padding:12px}.elementor-toggle .elementor-tab-content{padding:12px 10px}}.e-con-inner>.elementor-widget-toggle,.e-con>.elementor-widget-toggle{width:var(--container-widget-width);--flex-grow:var(--container-widget-flex-grow)}<\/style>\t\t<div class=\"elementor-toggle\">\n\t\t\t\t\t\t\t<div class=\"elementor-toggle-item\">\n\t\t\t\t\t<div id=\"elementor-tab-title-2661\" class=\"elementor-tab-title\" data-tab=\"1\" role=\"button\" aria-controls=\"elementor-tab-content-2661\" aria-expanded=\"false\">\n\t\t\t\t\t\t\t\t\t\t\t\t<a class=\"elementor-toggle-title\" tabindex=\"0\">Mostra di pi\u00f9<\/a>\n\t\t\t\t\t<\/div>\n\n\t\t\t\t\t<div id=\"elementor-tab-content-2661\" class=\"elementor-tab-content elementor-clearfix\" data-tab=\"1\" role=\"region\" aria-labelledby=\"elementor-tab-title-2661\"><p>Formaggi<\/p>\n<p>Uova delle nostre galline*<\/p>\n<p>Torta*<\/p>\n<p>Yogurt<\/p>\n<p>Muesli<\/p>\n<p>Caff\u00e8<\/p>\n<p>Latte<\/p>\n<p>T\u00e8<\/p>\n<p>Acqua minerale<\/p>\n<p>Succhi di frutta*<\/p>\n<p>Sciroppi*<\/p>\n<\/p>\n<p>*prodotti del nostro maso<\/p>\n<\/div>\n\t\t\t\t<\/div>\n\t\t\t\t\t\t\t\t<\/div>\n\t\t\t\t<\/div>\n\t\t\t\t<\/div>\n\t\t\t\t\t<\/div>\n\t\t\t\t<\/div>\n\t\t\t\t<div class=\"elementor-element elementor-element-5910ba2 elementor-hidden-mobile elementor-widget elementor-widget-text-editor\" data-id=\"5910ba2\" data-element_type=\"widget\" data-widget_type=\"text-editor.default\">\n\t\t\t\t<div class=\"elementor-widget-container\">\n\t\t\t\t\t\t\t<p>*prodotti del nostro maso<\/p>\n\t\t\t\t\t\t<\/div>\n\t\t\t\t<\/div>\n\t\t\t\t<\/div>\n\t\t<div class=\"elementor-element elementor-element-398debf2 e-con-full e-flex e-con e-parent\" data-id=\"398debf2\" data-element_type=\"container\" data-settings=\"{&quot;background_background&quot;:&quot;classic&quot;}\">\n\t\t<div class=\"elementor-element elementor-element-81c6b02 e-con-full e-flex e-con e-child\" data-id=\"81c6b02\" data-element_type=\"container\">\n\t\t\t\t<div class=\"elementor-element elementor-element-76ea4b49 elementor-widget elementor-widget-heading\" data-id=\"76ea4b49\" data-element_type=\"widget\" data-widget_type=\"heading.default\">\n\t\t\t\t<div class=\"elementor-widget-container\">\n\t\t\t<h2 class=\"elementor-heading-title elementor-size-default\">La tipica merenda altoatesina<\/h2>\t\t<\/div>\n\t\t\t\t<\/div>\n\t\t\t\t<div class=\"elementor-element elementor-element-7dc9e9e elementor-widget elementor-widget-text-editor\" data-id=\"7dc9e9e\" data-element_type=\"widget\" data-widget_type=\"text-editor.default\">\n\t\t\t\t<div class=\"elementor-widget-container\">\n\t\t\t\t\t\t\t<p>Concediti una bella Marende da sudtirolese DOC! Nel pomeriggio potrai gustare un tagliere con pane, formaggio e speck affumicato in casa.<\/p>\n\t\t\t\t\t\t<\/div>\n\t\t\t\t<\/div>\n\t\t\t\t<\/div>\n\t\t<div class=\"elementor-element elementor-element-487fd0a0 e-con-full e-flex e-con e-child\" data-id=\"487fd0a0\" data-element_type=\"container\">\n\t\t\t\t<div class=\"elementor-element elementor-element-66e630c8 pfeilrechtsoben elementor-skin-carousel elementor-arrows-yes elementor-widget elementor-widget-media-carousel\" data-id=\"66e630c8\" data-element_type=\"widget\" data-settings=\"{&quot;slides_per_view&quot;:&quot;1&quot;,&quot;slides_per_view_laptop&quot;:&quot;1&quot;,&quot;slides_per_view_tablet_extra&quot;:&quot;1&quot;,&quot;slides_per_view_tablet&quot;:&quot;1&quot;,&quot;slides_per_view_mobile_extra&quot;:&quot;1&quot;,&quot;skin&quot;:&quot;carousel&quot;,&quot;effect&quot;:&quot;slide&quot;,&quot;show_arrows&quot;:&quot;yes&quot;,&quot;speed&quot;:500,&quot;autoplay&quot;:&quot;yes&quot;,&quot;autoplay_speed&quot;:5000,&quot;loop&quot;:&quot;yes&quot;,&quot;pause_on_hover&quot;:&quot;yes&quot;,&quot;pause_on_interaction&quot;:&quot;yes&quot;,&quot;space_between&quot;:{&quot;unit&quot;:&quot;px&quot;,&quot;size&quot;:10,&quot;sizes&quot;:[]},&quot;space_between_widescreen&quot;:{&quot;unit&quot;:&quot;px&quot;,&quot;size&quot;:10,&quot;sizes&quot;:[]},&quot;space_between_laptop&quot;:{&quot;unit&quot;:&quot;px&quot;,&quot;size&quot;:10,&quot;sizes&quot;:[]},&quot;space_between_tablet_extra&quot;:{&quot;unit&quot;:&quot;px&quot;,&quot;size&quot;:10,&quot;sizes&quot;:[]},&quot;space_between_tablet&quot;:{&quot;unit&quot;:&quot;px&quot;,&quot;size&quot;:10,&quot;sizes&quot;:[]},&quot;space_between_mobile_extra&quot;:{&quot;unit&quot;:&quot;px&quot;,&quot;size&quot;:10,&quot;sizes&quot;:[]},&quot;space_between_mobile&quot;:{&quot;unit&quot;:&quot;px&quot;,&quot;size&quot;:10,&quot;sizes&quot;:[]}}\" data-widget_type=\"media-carousel.default\">\n\t\t\t\t<div class=\"elementor-widget-container\">\n\t\t\t\t\t<div class=\"elementor-swiper\">\n\t\t\t<div class=\"elementor-main-swiper swiper\">\n\t\t\t\t<div class=\"swiper-wrapper\">\n\t\t\t\t\t\t\t\t\t\t\t<div class=\"swiper-slide\">\n\t\t\t\t\t\t\t<a href=\"https:\/\/niederthalerhof.com\/wp-content\/uploads\/2024\/06\/suedtiroler-marende.jpg\" data-elementor-open-lightbox=\"yes\" data-elementor-lightbox-slideshow=\"66e630c8\" data-elementor-lightbox-title=\"suedtiroler-marende\" data-elementor-lightbox-description=\"S\u00fcdtiroler Marende auf dem Bauernhof\" data-e-action-hash=\"#elementor-action%3Aaction%3Dlightbox%26settings%3DeyJpZCI6MTY5OSwidXJsIjoiaHR0cHM6XC9cL3d3dy5uaWVkZXJ0aGFsZXJob2YuY29tXC93cC1jb250ZW50XC91cGxvYWRzXC8yMDI0XC8wNlwvc3VlZHRpcm9sZXItbWFyZW5kZS5qcGciLCJzbGlkZXNob3ciOiI2NmU2MzBjOCJ9\">\t\t<div class=\"elementor-carousel-image\" role=\"img\" aria-label=\"S\u00fcdtiroler Marende auf dem Bauernhof\" style=\"background-image: url(&#039;https:\/\/www.niederthalerhof.com\/wp-content\/uploads\/2024\/06\/suedtiroler-marende.jpg&#039;)\">\n\n\t\t\t\n\t\t\t\t\t<\/div>\n\t\t<\/a>\t\t\t\t\t\t<\/div>\n\t\t\t\t\t\t\t\t\t<\/div>\n\t\t\t\t\t\t\t<\/div>\n\t\t<\/div>\n\t\t\t\t<\/div>\n\t\t\t\t<\/div>\n\t\t\t\t<\/div>\n\t\t\t\t<\/div>\n\t\t<div class=\"elementor-element elementor-element-487bb29 e-con-full e-flex e-con e-parent\" data-id=\"487bb29\" data-element_type=\"container\" id=\"glutenfrei\" data-settings=\"{&quot;background_background&quot;:&quot;classic&quot;}\">\n\t\t\t\t<div class=\"elementor-element elementor-element-baefa64 pfeillinksunten elementor-skin-carousel elementor-arrows-yes elementor-widget elementor-widget-media-carousel\" data-id=\"baefa64\" data-element_type=\"widget\" data-settings=\"{&quot;slides_per_view&quot;:&quot;1&quot;,&quot;slides_per_view_widescreen&quot;:&quot;1&quot;,&quot;slides_per_view_laptop&quot;:&quot;1&quot;,&quot;slides_per_view_tablet_extra&quot;:&quot;1&quot;,&quot;slides_per_view_tablet&quot;:&quot;1&quot;,&quot;slides_per_view_mobile_extra&quot;:&quot;1&quot;,&quot;skin&quot;:&quot;carousel&quot;,&quot;effect&quot;:&quot;slide&quot;,&quot;show_arrows&quot;:&quot;yes&quot;,&quot;speed&quot;:500,&quot;autoplay&quot;:&quot;yes&quot;,&quot;autoplay_speed&quot;:5000,&quot;loop&quot;:&quot;yes&quot;,&quot;pause_on_hover&quot;:&quot;yes&quot;,&quot;pause_on_interaction&quot;:&quot;yes&quot;,&quot;space_between&quot;:{&quot;unit&quot;:&quot;px&quot;,&quot;size&quot;:10,&quot;sizes&quot;:[]},&quot;space_between_widescreen&quot;:{&quot;unit&quot;:&quot;px&quot;,&quot;size&quot;:10,&quot;sizes&quot;:[]},&quot;space_between_laptop&quot;:{&quot;unit&quot;:&quot;px&quot;,&quot;size&quot;:10,&quot;sizes&quot;:[]},&quot;space_between_tablet_extra&quot;:{&quot;unit&quot;:&quot;px&quot;,&quot;size&quot;:10,&quot;sizes&quot;:[]},&quot;space_between_tablet&quot;:{&quot;unit&quot;:&quot;px&quot;,&quot;size&quot;:10,&quot;sizes&quot;:[]},&quot;space_between_mobile_extra&quot;:{&quot;unit&quot;:&quot;px&quot;,&quot;size&quot;:10,&quot;sizes&quot;:[]},&quot;space_between_mobile&quot;:{&quot;unit&quot;:&quot;px&quot;,&quot;size&quot;:10,&quot;sizes&quot;:[]}}\" data-widget_type=\"media-carousel.default\">\n\t\t\t\t<div class=\"elementor-widget-container\">\n\t\t\t\t\t<div class=\"elementor-swiper\">\n\t\t\t<div class=\"elementor-main-swiper swiper\">\n\t\t\t\t<div class=\"swiper-wrapper\">\n\t\t\t\t\t\t\t\t\t\t\t<div class=\"swiper-slide\">\n\t\t\t\t\t\t\t<a href=\"https:\/\/www.niederthalerhof.com\/wp-content\/uploads\/2026\/03\/niederthalerhof-fruehstueck-glutenfreies_fruehstueck-1.jpg\" data-elementor-open-lightbox=\"yes\" data-elementor-lightbox-slideshow=\"baefa64\" data-elementor-lightbox-title=\"niederthalerhof-fruehstueck-glutenfreies_fruehstueck.jpg\" data-e-action-hash=\"#elementor-action%3Aaction%3Dlightbox%26settings%3DeyJpZCI6MzM5MywidXJsIjoiaHR0cHM6XC9cL3d3dy5uaWVkZXJ0aGFsZXJob2YuY29tXC93cC1jb250ZW50XC91cGxvYWRzXC8yMDI2XC8wM1wvbmllZGVydGhhbGVyaG9mLWZydWVoc3R1ZWNrLWdsdXRlbmZyZWllc19mcnVlaHN0dWVjay0xLmpwZyIsInNsaWRlc2hvdyI6ImJhZWZhNjQifQ%3D%3D\">\t\t<div class=\"elementor-carousel-image\" role=\"img\" aria-label=\"niederthalerhof-fruehstueck-glutenfreies_fruehstueck.jpg\" style=\"background-image: url(&#039;https:\/\/www.niederthalerhof.com\/wp-content\/uploads\/2026\/03\/niederthalerhof-fruehstueck-glutenfreies_fruehstueck-1.jpg&#039;)\">\n\n\t\t\t\n\t\t\t\t\t<\/div>\n\t\t<\/a>\t\t\t\t\t\t<\/div>\n\t\t\t\t\t\t\t\t\t<\/div>\n\t\t\t\t\t\t\t<\/div>\n\t\t<\/div>\n\t\t\t\t<\/div>\n\t\t\t\t<\/div>\n\t\t\t\t<div class=\"elementor-element elementor-element-af7da24 elementor-widget elementor-widget-text-editor\" data-id=\"af7da24\" data-element_type=\"widget\" data-widget_type=\"text-editor.default\">\n\t\t\t\t<div class=\"elementor-widget-container\">\n\t\t\t\t\t\t\t<p>Anche gli ospiti con esigenze alimentari particolari sono i benvenuti da noi.<\/p>\t\t\t\t\t\t<\/div>\n\t\t\t\t<\/div>\n\t\t\t\t<div class=\"elementor-element elementor-element-f4d89a8 elementor-widget elementor-widget-text-editor\" data-id=\"f4d89a8\" data-element_type=\"widget\" data-widget_type=\"text-editor.default\">\n\t\t\t\t<div class=\"elementor-widget-container\">\n\t\t\t\t\t\t\t<p>Su richiesta offriamo volentieri <strong>una colazione senza glutine, adatta anche alle persone celiache.<\/strong> Serviamo, tra le altre cose, <strong>pane senza glutine fatto in casa, torte e strudel di mele<\/strong>, cos\u00ec potrai goderti appieno il tuo momento di colazione. Cos\u00ec la tua giornata in montagna inizia in modo rilassato, gustoso e secondo i tuoi desideri.<\/p>\t\t\t\t\t\t<\/div>\n\t\t\t\t<\/div>\n\t\t\t\t<\/div>\n\t\t<div class=\"elementor-element elementor-element-5d38db3 e-con-full e-flex e-con e-parent\" data-id=\"5d38db3\" data-element_type=\"container\" data-settings=\"{&quot;background_background&quot;:&quot;classic&quot;}\">\n\t\t<div class=\"elementor-element elementor-element-3763087 e-con-full e-flex e-con e-child\" data-id=\"3763087\" data-element_type=\"container\">\n\t\t\t\t<div class=\"elementor-element elementor-element-f5b0073 pfeilrechtsoben elementor-skin-carousel elementor-arrows-yes elementor-widget elementor-widget-media-carousel\" data-id=\"f5b0073\" data-element_type=\"widget\" data-settings=\"{&quot;slides_per_view&quot;:&quot;1&quot;,&quot;slides_per_view_laptop&quot;:&quot;1&quot;,&quot;slides_per_view_tablet_extra&quot;:&quot;1&quot;,&quot;slides_per_view_tablet&quot;:&quot;1&quot;,&quot;slides_per_view_mobile_extra&quot;:&quot;1&quot;,&quot;skin&quot;:&quot;carousel&quot;,&quot;effect&quot;:&quot;slide&quot;,&quot;show_arrows&quot;:&quot;yes&quot;,&quot;speed&quot;:500,&quot;autoplay&quot;:&quot;yes&quot;,&quot;autoplay_speed&quot;:5000,&quot;loop&quot;:&quot;yes&quot;,&quot;pause_on_hover&quot;:&quot;yes&quot;,&quot;pause_on_interaction&quot;:&quot;yes&quot;,&quot;space_between&quot;:{&quot;unit&quot;:&quot;px&quot;,&quot;size&quot;:10,&quot;sizes&quot;:[]},&quot;space_between_widescreen&quot;:{&quot;unit&quot;:&quot;px&quot;,&quot;size&quot;:10,&quot;sizes&quot;:[]},&quot;space_between_laptop&quot;:{&quot;unit&quot;:&quot;px&quot;,&quot;size&quot;:10,&quot;sizes&quot;:[]},&quot;space_between_tablet_extra&quot;:{&quot;unit&quot;:&quot;px&quot;,&quot;size&quot;:10,&quot;sizes&quot;:[]},&quot;space_between_tablet&quot;:{&quot;unit&quot;:&quot;px&quot;,&quot;size&quot;:10,&quot;sizes&quot;:[]},&quot;space_between_mobile_extra&quot;:{&quot;unit&quot;:&quot;px&quot;,&quot;size&quot;:10,&quot;sizes&quot;:[]},&quot;space_between_mobile&quot;:{&quot;unit&quot;:&quot;px&quot;,&quot;size&quot;:10,&quot;sizes&quot;:[]}}\" data-widget_type=\"media-carousel.default\">\n\t\t\t\t<div class=\"elementor-widget-container\">\n\t\t\t\t\t<div class=\"elementor-swiper\">\n\t\t\t<div class=\"elementor-main-swiper swiper\">\n\t\t\t\t<div class=\"swiper-wrapper\">\n\t\t\t\t\t\t\t\t\t\t\t<div class=\"swiper-slide\">\n\t\t\t\t\t\t\t<a href=\"https:\/\/niederthalerhof.com\/wp-content\/uploads\/2024\/06\/eigener-weinanbau.jpg\" data-elementor-open-lightbox=\"yes\" data-elementor-lightbox-slideshow=\"f5b0073\" data-elementor-lightbox-title=\"eigener-weinanbau\" data-elementor-lightbox-description=\"Weinanbau in S\u00fcdtirol \" data-e-action-hash=\"#elementor-action%3Aaction%3Dlightbox%26settings%3DeyJpZCI6MTY5MywidXJsIjoiaHR0cHM6XC9cL3d3dy5uaWVkZXJ0aGFsZXJob2YuY29tXC93cC1jb250ZW50XC91cGxvYWRzXC8yMDI0XC8wNlwvZWlnZW5lci13ZWluYW5iYXUuanBnIiwic2xpZGVzaG93IjoiZjViMDA3MyJ9\">\t\t<div class=\"elementor-carousel-image\" role=\"img\" aria-label=\"Weinanbau in S\u00fcdtirol\" style=\"background-image: url(&#039;https:\/\/www.niederthalerhof.com\/wp-content\/uploads\/2024\/06\/eigener-weinanbau.jpg&#039;)\">\n\n\t\t\t\n\t\t\t\t\t<\/div>\n\t\t<\/a>\t\t\t\t\t\t<\/div>\n\t\t\t\t\t\t\t\t\t<\/div>\n\t\t\t\t\t\t\t<\/div>\n\t\t<\/div>\n\t\t\t\t<\/div>\n\t\t\t\t<\/div>\n\t\t\t\t<\/div>\n\t\t<div class=\"elementor-element elementor-element-42581d0 e-con-full e-flex e-con e-child\" data-id=\"42581d0\" data-element_type=\"container\">\n\t\t\t\t<div class=\"elementor-element elementor-element-e135a6a elementor-widget elementor-widget-text-editor\" data-id=\"e135a6a\" data-element_type=\"widget\" data-widget_type=\"text-editor.default\">\n\t\t\t\t<div class=\"elementor-widget-container\">\n\t\t\t\t\t\t\t<p>Un buon bicchiere non guasta mai: nel nostro vigneto crescono Merlot e Sauvignon sostenibili PIWI.<\/p>\n\t\t\t\t\t\t<\/div>\n\t\t\t\t<\/div>\n\t\t\t\t<\/div>\n\t\t\t\t<\/div>\n\t\t<div class=\"elementor-element elementor-element-358ee4f e-con-full e-flex e-con e-parent\" data-id=\"358ee4f\" data-element_type=\"container\" data-settings=\"{&quot;background_background&quot;:&quot;classic&quot;}\">\n\t\t<div class=\"elementor-element elementor-element-95f6f15 e-con-full e-flex e-con e-child\" data-id=\"95f6f15\" data-element_type=\"container\">\n\t\t\t\t<div class=\"elementor-element elementor-element-bbcfb4c elementor-widget elementor-widget-text-editor\" data-id=\"bbcfb4c\" data-element_type=\"widget\" data-widget_type=\"text-editor.default\">\n\t\t\t\t<div class=\"elementor-widget-container\">\n\t\t\t\t\t\t\t<p>Il nostro orto \u00e8 curato da Brigitte, che con amore e orgoglio ci coltiva tanti tipi di verdure ed erbe aromatiche.<\/p>\n\t\t\t\t\t\t<\/div>\n\t\t\t\t<\/div>\n\t\t\t\t<div class=\"elementor-element elementor-element-5a1dd69 elementor-widget elementor-widget-text-editor\" data-id=\"5a1dd69\" data-element_type=\"widget\" data-widget_type=\"text-editor.default\">\n\t\t\t\t<div class=\"elementor-widget-container\">\n\t\t\t\t\t\t\t<p>Vuoi raccogliere gli ingredienti per i tuoi manicaretti? Basta farcelo sapere!<\/p>\n\t\t\t\t\t\t<\/div>\n\t\t\t\t<\/div>\n\t\t\t\t<\/div>\n\t\t<div class=\"elementor-element elementor-element-aef288b e-con-full e-flex e-con e-child\" data-id=\"aef288b\" data-element_type=\"container\">\n\t\t\t\t<div class=\"elementor-element elementor-element-fbcaf9d pfeilrechtsoben elementor-skin-carousel elementor-arrows-yes elementor-widget elementor-widget-media-carousel\" data-id=\"fbcaf9d\" data-element_type=\"widget\" data-settings=\"{&quot;slides_per_view&quot;:&quot;1&quot;,&quot;slides_per_view_laptop&quot;:&quot;1&quot;,&quot;slides_per_view_tablet_extra&quot;:&quot;1&quot;,&quot;slides_per_view_tablet&quot;:&quot;1&quot;,&quot;slides_per_view_mobile_extra&quot;:&quot;1&quot;,&quot;skin&quot;:&quot;carousel&quot;,&quot;effect&quot;:&quot;slide&quot;,&quot;show_arrows&quot;:&quot;yes&quot;,&quot;speed&quot;:500,&quot;autoplay&quot;:&quot;yes&quot;,&quot;autoplay_speed&quot;:5000,&quot;loop&quot;:&quot;yes&quot;,&quot;pause_on_hover&quot;:&quot;yes&quot;,&quot;pause_on_interaction&quot;:&quot;yes&quot;,&quot;space_between&quot;:{&quot;unit&quot;:&quot;px&quot;,&quot;size&quot;:10,&quot;sizes&quot;:[]},&quot;space_between_widescreen&quot;:{&quot;unit&quot;:&quot;px&quot;,&quot;size&quot;:10,&quot;sizes&quot;:[]},&quot;space_between_laptop&quot;:{&quot;unit&quot;:&quot;px&quot;,&quot;size&quot;:10,&quot;sizes&quot;:[]},&quot;space_between_tablet_extra&quot;:{&quot;unit&quot;:&quot;px&quot;,&quot;size&quot;:10,&quot;sizes&quot;:[]},&quot;space_between_tablet&quot;:{&quot;unit&quot;:&quot;px&quot;,&quot;size&quot;:10,&quot;sizes&quot;:[]},&quot;space_between_mobile_extra&quot;:{&quot;unit&quot;:&quot;px&quot;,&quot;size&quot;:10,&quot;sizes&quot;:[]},&quot;space_between_mobile&quot;:{&quot;unit&quot;:&quot;px&quot;,&quot;size&quot;:10,&quot;sizes&quot;:[]}}\" data-widget_type=\"media-carousel.default\">\n\t\t\t\t<div class=\"elementor-widget-container\">\n\t\t\t\t\t<div class=\"elementor-swiper\">\n\t\t\t<div class=\"elementor-main-swiper swiper\">\n\t\t\t\t<div class=\"swiper-wrapper\">\n\t\t\t\t\t\t\t\t\t\t\t<div class=\"swiper-slide\">\n\t\t\t\t\t\t\t<a href=\"https:\/\/niederthalerhof.com\/wp-content\/uploads\/2024\/07\/hofleben-auf-dem-bauernhof-mit-garten.jpg\" data-elementor-open-lightbox=\"yes\" data-elementor-lightbox-slideshow=\"fbcaf9d\" data-elementor-lightbox-title=\"hofleben-auf-dem-bauernhof-mit-garten\" data-elementor-lightbox-description=\"Hofleben auf dem Bauernhof mit Garten\" data-e-action-hash=\"#elementor-action%3Aaction%3Dlightbox%26settings%3DeyJpZCI6MTk5NywidXJsIjoiaHR0cHM6XC9cL3d3dy5uaWVkZXJ0aGFsZXJob2YuY29tXC93cC1jb250ZW50XC91cGxvYWRzXC8yMDI0XC8wN1wvaG9mbGViZW4tYXVmLWRlbS1iYXVlcm5ob2YtbWl0LWdhcnRlbi5qcGciLCJzbGlkZXNob3ciOiJmYmNhZjlkIn0%3D\">\t\t<div class=\"elementor-carousel-image\" role=\"img\" aria-label=\"Hofleben auf dem Bauernhof mit Garten\" style=\"background-image: url(&#039;https:\/\/www.niederthalerhof.com\/wp-content\/uploads\/2024\/07\/hofleben-auf-dem-bauernhof-mit-garten.jpg&#039;)\">\n\n\t\t\t\n\t\t\t\t\t<\/div>\n\t\t<\/a>\t\t\t\t\t\t<\/div>\n\t\t\t\t\t\t\t\t\t<\/div>\n\t\t\t\t\t\t\t<\/div>\n\t\t<\/div>\n\t\t\t\t<\/div>\n\t\t\t\t<\/div>\n\t\t\t\t<\/div>\n\t\t\t\t<\/div>\n\t\t<div class=\"elementor-element elementor-element-4d0d02e1 e-con-full e-flex e-con e-parent\" data-id=\"4d0d02e1\" data-element_type=\"container\" data-settings=\"{&quot;background_background&quot;:&quot;classic&quot;}\">\n\t\t<div class=\"elementor-element elementor-element-2b9ceb39 e-con-full e-flex e-con e-child\" data-id=\"2b9ceb39\" data-element_type=\"container\">\n\t\t\t\t<div class=\"elementor-element elementor-element-1ec817f0 pfeilrechtsoben elementor-skin-carousel elementor-arrows-yes elementor-widget elementor-widget-media-carousel\" data-id=\"1ec817f0\" data-element_type=\"widget\" data-settings=\"{&quot;slides_per_view&quot;:&quot;1&quot;,&quot;slides_per_view_laptop&quot;:&quot;1&quot;,&quot;slides_per_view_tablet_extra&quot;:&quot;1&quot;,&quot;slides_per_view_tablet&quot;:&quot;1&quot;,&quot;slides_per_view_mobile_extra&quot;:&quot;1&quot;,&quot;skin&quot;:&quot;carousel&quot;,&quot;effect&quot;:&quot;slide&quot;,&quot;show_arrows&quot;:&quot;yes&quot;,&quot;speed&quot;:500,&quot;autoplay&quot;:&quot;yes&quot;,&quot;autoplay_speed&quot;:5000,&quot;loop&quot;:&quot;yes&quot;,&quot;pause_on_hover&quot;:&quot;yes&quot;,&quot;pause_on_interaction&quot;:&quot;yes&quot;,&quot;space_between&quot;:{&quot;unit&quot;:&quot;px&quot;,&quot;size&quot;:10,&quot;sizes&quot;:[]},&quot;space_between_widescreen&quot;:{&quot;unit&quot;:&quot;px&quot;,&quot;size&quot;:10,&quot;sizes&quot;:[]},&quot;space_between_laptop&quot;:{&quot;unit&quot;:&quot;px&quot;,&quot;size&quot;:10,&quot;sizes&quot;:[]},&quot;space_between_tablet_extra&quot;:{&quot;unit&quot;:&quot;px&quot;,&quot;size&quot;:10,&quot;sizes&quot;:[]},&quot;space_between_tablet&quot;:{&quot;unit&quot;:&quot;px&quot;,&quot;size&quot;:10,&quot;sizes&quot;:[]},&quot;space_between_mobile_extra&quot;:{&quot;unit&quot;:&quot;px&quot;,&quot;size&quot;:10,&quot;sizes&quot;:[]},&quot;space_between_mobile&quot;:{&quot;unit&quot;:&quot;px&quot;,&quot;size&quot;:10,&quot;sizes&quot;:[]}}\" data-widget_type=\"media-carousel.default\">\n\t\t\t\t<div class=\"elementor-widget-container\">\n\t\t\t\t\t<div class=\"elementor-swiper\">\n\t\t\t<div class=\"elementor-main-swiper swiper\">\n\t\t\t\t<div class=\"swiper-wrapper\">\n\t\t\t\t\t\t\t\t\t\t\t<div class=\"swiper-slide\">\n\t\t\t\t\t\t\t<a href=\"https:\/\/niederthalerhof.com\/wp-content\/uploads\/2024\/06\/natuerliches-quellwasser-chalets-bauernhof.jpg\" data-elementor-open-lightbox=\"yes\" data-elementor-lightbox-slideshow=\"1ec817f0\" data-elementor-lightbox-title=\"natuerliches-quellwasser-chalets-bauernhof\" data-elementor-lightbox-description=\"Nat\u00fcrliches Quellwasser auf dem Bauernhof\" data-e-action-hash=\"#elementor-action%3Aaction%3Dlightbox%26settings%3DeyJpZCI6MTY5NywidXJsIjoiaHR0cHM6XC9cL3d3dy5uaWVkZXJ0aGFsZXJob2YuY29tXC93cC1jb250ZW50XC91cGxvYWRzXC8yMDI0XC8wNlwvbmF0dWVybGljaGVzLXF1ZWxsd2Fzc2VyLWNoYWxldHMtYmF1ZXJuaG9mLmpwZyIsInNsaWRlc2hvdyI6IjFlYzgxN2YwIn0%3D\">\t\t<div class=\"elementor-carousel-image\" role=\"img\" aria-label=\"Nat\u00fcrliches Quellwasser auf dem Bauernhof\" style=\"background-image: url(&#039;https:\/\/www.niederthalerhof.com\/wp-content\/uploads\/2024\/06\/natuerliches-quellwasser-chalets-bauernhof.jpg&#039;)\">\n\n\t\t\t\n\t\t\t\t\t<\/div>\n\t\t<\/a>\t\t\t\t\t\t<\/div>\n\t\t\t\t\t\t\t\t\t<\/div>\n\t\t\t\t\t\t\t<\/div>\n\t\t<\/div>\n\t\t\t\t<\/div>\n\t\t\t\t<\/div>\n\t\t\t\t<\/div>\n\t\t<div class=\"elementor-element elementor-element-7de520ac e-con-full e-flex e-con e-child\" data-id=\"7de520ac\" data-element_type=\"container\">\n\t\t\t\t<div class=\"elementor-element elementor-element-408fac44 elementor-widget elementor-widget-heading\" data-id=\"408fac44\" data-element_type=\"widget\" data-widget_type=\"heading.default\">\n\t\t\t\t<div class=\"elementor-widget-container\">\n\t\t\t<h2 class=\"elementor-heading-title elementor-size-default\">Un antidoto <br>naturale alla sete <\/h2>\t\t<\/div>\n\t\t\t\t<\/div>\n\t\t\t\t<div class=\"elementor-element elementor-element-8ce9124 elementor-widget elementor-widget-text-editor\" data-id=\"8ce9124\" data-element_type=\"widget\" data-widget_type=\"text-editor.default\">\n\t\t\t\t<div class=\"elementor-widget-container\">\n\t\t\t\t\t\t\t<p>Dalla fontana del maso sgorga acqua naturale di sorgente, e dal rubinetto un\u2019ottima acqua potabile. Amando la natura, ci teniamo molto a non usare acqua in bottiglie di plastica. <\/p>\n\t\t\t\t\t\t<\/div>\n\t\t\t\t<\/div>\n\t\t\t\t<\/div>\n\t\t\t\t<\/div>\n\t\t<div class=\"elementor-element elementor-element-a80a40b e-con-full e-flex e-con e-parent\" data-id=\"a80a40b\" data-element_type=\"container\" data-settings=\"{&quot;background_background&quot;:&quot;classic&quot;}\">\n\t\t<div class=\"elementor-element elementor-element-33b5f3c e-flex e-con-boxed e-con e-child\" data-id=\"33b5f3c\" data-element_type=\"container\">\n\t\t\t\t\t<div class=\"e-con-inner\">\n\t\t\t\t<div class=\"elementor-element elementor-element-7f08a3c elementor-widget elementor-widget-heading\" data-id=\"7f08a3c\" data-element_type=\"widget\" data-widget_type=\"heading.default\">\n\t\t\t\t<div class=\"elementor-widget-container\">\n\t\t\t<h2 class=\"elementor-heading-title elementor-size-default\">Fare<br>la spesa<\/h2>\t\t<\/div>\n\t\t\t\t<\/div>\n\t\t\t\t<div class=\"elementor-element elementor-element-4ba097e elementor-widget elementor-widget-text-editor\" data-id=\"4ba097e\" data-element_type=\"widget\" data-widget_type=\"text-editor.default\">\n\t\t\t\t<div class=\"elementor-widget-container\">\n\t\t\t\t\t\t\t<p>Per acquistare generi alimentari ci sono il negozio in paese a Sant\u2019Andrea, a soli 10 minuti a piedi, e il supermercato di Millan.<\/p>\n\t\t\t\t\t\t<\/div>\n\t\t\t\t<\/div>\n\t\t\t\t\t<\/div>\n\t\t\t\t<\/div>\n\t\t<div class=\"elementor-element elementor-element-9e23eda e-flex e-con-boxed e-con e-child\" data-id=\"9e23eda\" data-element_type=\"container\">\n\t\t\t\t\t<div class=\"e-con-inner\">\n\t\t\t\t\t<\/div>\n\t\t\t\t<\/div>\n\t\t\t\t<\/div>\n\t\t<div class=\"elementor-element elementor-element-703ab8b6 e-con-full e-flex e-con e-parent\" data-id=\"703ab8b6\" data-element_type=\"container\" data-settings=\"{&quot;background_background&quot;:&quot;classic&quot;}\">\n\t\t<div class=\"elementor-element elementor-element-2cf6c3e8 e-con-full e-flex e-con e-child\" data-id=\"2cf6c3e8\" data-element_type=\"container\">\n\t\t\t\t<div class=\"elementor-element elementor-element-8f816eb elementor-widget elementor-widget-heading\" data-id=\"8f816eb\" data-element_type=\"widget\" data-widget_type=\"heading.default\">\n\t\t\t\t<div class=\"elementor-widget-container\">\n\t\t\t<h2 class=\"elementor-heading-title elementor-size-default\">Mangiare <br>fuori<\/h2>\t\t<\/div>\n\t\t\t\t<\/div>\n\t\t\t\t<div class=\"elementor-element elementor-element-04bbadf elementor-widget elementor-widget-text-editor\" data-id=\"04bbadf\" data-element_type=\"widget\" data-widget_type=\"text-editor.default\">\n\t\t\t\t<div class=\"elementor-widget-container\">\n\t\t\t\t\t\t\t<p>Oggi non hai voglia di cucinare? Volentieri ti daremo qualche dritta sui migliori ristoranti della zona. <\/p>\n\t\t\t\t\t\t<\/div>\n\t\t\t\t<\/div>\n\t\t\t\t<\/div>\n\t\t<div class=\"elementor-element elementor-element-4b733593 e-con-full e-flex e-con e-child\" data-id=\"4b733593\" data-element_type=\"container\">\n\t\t\t\t<div class=\"elementor-element elementor-element-5c92142c pfeilrechtsoben elementor-skin-carousel elementor-arrows-yes elementor-widget elementor-widget-media-carousel\" data-id=\"5c92142c\" data-element_type=\"widget\" data-settings=\"{&quot;slides_per_view&quot;:&quot;1&quot;,&quot;slides_per_view_laptop&quot;:&quot;1&quot;,&quot;slides_per_view_tablet_extra&quot;:&quot;1&quot;,&quot;slides_per_view_tablet&quot;:&quot;1&quot;,&quot;slides_per_view_mobile_extra&quot;:&quot;1&quot;,&quot;skin&quot;:&quot;carousel&quot;,&quot;effect&quot;:&quot;slide&quot;,&quot;show_arrows&quot;:&quot;yes&quot;,&quot;speed&quot;:500,&quot;autoplay&quot;:&quot;yes&quot;,&quot;autoplay_speed&quot;:5000,&quot;loop&quot;:&quot;yes&quot;,&quot;pause_on_hover&quot;:&quot;yes&quot;,&quot;pause_on_interaction&quot;:&quot;yes&quot;,&quot;space_between&quot;:{&quot;unit&quot;:&quot;px&quot;,&quot;size&quot;:10,&quot;sizes&quot;:[]},&quot;space_between_widescreen&quot;:{&quot;unit&quot;:&quot;px&quot;,&quot;size&quot;:10,&quot;sizes&quot;:[]},&quot;space_between_laptop&quot;:{&quot;unit&quot;:&quot;px&quot;,&quot;size&quot;:10,&quot;sizes&quot;:[]},&quot;space_between_tablet_extra&quot;:{&quot;unit&quot;:&quot;px&quot;,&quot;size&quot;:10,&quot;sizes&quot;:[]},&quot;space_between_tablet&quot;:{&quot;unit&quot;:&quot;px&quot;,&quot;size&quot;:10,&quot;sizes&quot;:[]},&quot;space_between_mobile_extra&quot;:{&quot;unit&quot;:&quot;px&quot;,&quot;size&quot;:10,&quot;sizes&quot;:[]},&quot;space_between_mobile&quot;:{&quot;unit&quot;:&quot;px&quot;,&quot;size&quot;:10,&quot;sizes&quot;:[]}}\" data-widget_type=\"media-carousel.default\">\n\t\t\t\t<div class=\"elementor-widget-container\">\n\t\t\t\t\t<div class=\"elementor-swiper\">\n\t\t\t<div class=\"elementor-main-swiper swiper\">\n\t\t\t\t<div class=\"swiper-wrapper\">\n\t\t\t\t\t\t\t\t\t\t\t<div class=\"swiper-slide\">\n\t\t\t\t\t\t\t<a href=\"https:\/\/niederthalerhof.com\/wp-content\/uploads\/2024\/06\/restaurant-empfehlung-brixen.jpg\" data-elementor-open-lightbox=\"yes\" data-elementor-lightbox-slideshow=\"5c92142c\" data-elementor-lightbox-title=\"restaurant-empfehlung-brixen\" data-elementor-lightbox-description=\"Restaurant in Brixen\" data-e-action-hash=\"#elementor-action%3Aaction%3Dlightbox%26settings%3DeyJpZCI6MTcwNSwidXJsIjoiaHR0cHM6XC9cL3d3dy5uaWVkZXJ0aGFsZXJob2YuY29tXC93cC1jb250ZW50XC91cGxvYWRzXC8yMDI0XC8wNlwvcmVzdGF1cmFudC1lbXBmZWhsdW5nLWJyaXhlbi5qcGciLCJzbGlkZXNob3ciOiI1YzkyMTQyYyJ9\">\t\t<div class=\"elementor-carousel-image\" role=\"img\" aria-label=\"Restaurant in Brixen\" style=\"background-image: url(&#039;https:\/\/www.niederthalerhof.com\/wp-content\/uploads\/2024\/06\/restaurant-empfehlung-brixen.jpg&#039;)\">\n\n\t\t\t\n\t\t\t\t\t<\/div>\n\t\t<\/a>\t\t\t\t\t\t<\/div>\n\t\t\t\t\t\t\t\t\t<\/div>\n\t\t\t\t\t\t\t<\/div>\n\t\t<\/div>\n\t\t\t\t<\/div>\n\t\t\t\t<\/div>\n\t\t\t\t<\/div>\n\t\t\t\t<\/div>\n\t\t\t\t<\/div>\n\t\t","protected":false},"excerpt":{"rendered":"<p>Il tuo agriturismo con prima colazione Le bont\u00e0 della fattoria a colazione La giornata inizia con una squisita prima colazione preparata dalla padrona di casa Brigitte. Preparati ad assaggiare tante prelibatezze del nostro maso e altri prodotti di qualit\u00e0 rigorosamente altoatesini. Che dire\u2026 ci piace viziarti! La nostra colazione casereccia ti assicura energia per tutta [&hellip;]<\/p>\n","protected":false},"author":1,"featured_media":0,"parent":0,"menu_order":0,"comment_status":"closed","ping_status":"closed","template":"","meta":{"_acf_changed":false,"inline_featured_image":false,"footnotes":""},"class_list":["post-2152","page","type-page","status-publish","hentry"],"acf":[],"yoast_head":"<!-- This site is optimized with the Yoast SEO plugin v23.1 - https:\/\/yoast.com\/wordpress\/plugins\/seo\/ -->\n<title>Niederthalerhof: agriturismo con prima colazione in Alto Adige<\/title>\n<meta name=\"description\" content=\"Deliziosa e comodissima: da noi potrai fare colazione con squisiti prodotti del nostro maso e di altri produttori altoatesini, direttamente nel tuo chalet!\" \/>\n<meta name=\"robots\" content=\"index, follow, max-snippet:-1, max-image-preview:large, max-video-preview:-1\" \/>\n<link rel=\"canonical\" href=\"https:\/\/www.niederthalerhof.com\/it\/mangiare-e-bere\/\" \/>\n<meta property=\"og:locale\" content=\"it_IT\" \/>\n<meta property=\"og:type\" content=\"article\" \/>\n<meta property=\"og:title\" content=\"Niederthalerhof: agriturismo con prima colazione in Alto Adige\" \/>\n<meta property=\"og:description\" content=\"Deliziosa e comodissima: da noi potrai fare colazione con squisiti prodotti del nostro maso e di altri produttori altoatesini, direttamente nel tuo chalet!\" \/>\n<meta property=\"og:url\" content=\"https:\/\/www.niederthalerhof.com\/it\/mangiare-e-bere\/\" \/>\n<meta property=\"og:site_name\" content=\"niederthalerhof\" \/>\n<meta property=\"article:publisher\" content=\"https:\/\/www.facebook.com\/niederthalerhof\/\" \/>\n<meta property=\"article:modified_time\" content=\"2026-03-11T07:52:08+00:00\" \/>\n<meta name=\"twitter:card\" content=\"summary_large_image\" \/>\n<meta name=\"twitter:label1\" content=\"Tempo di lettura stimato\" \/>\n\t<meta name=\"twitter:data1\" content=\"2 minuti\" \/>\n<script type=\"application\/ld+json\" class=\"yoast-schema-graph\">{\"@context\":\"https:\/\/schema.org\",\"@graph\":[{\"@type\":\"WebPage\",\"@id\":\"https:\/\/www.niederthalerhof.com\/it\/mangiare-e-bere\/\",\"url\":\"https:\/\/www.niederthalerhof.com\/it\/mangiare-e-bere\/\",\"name\":\"Niederthalerhof: agriturismo con prima colazione in Alto Adige\",\"isPartOf\":{\"@id\":\"https:\/\/www.niederthalerhof.com\/it\/#website\"},\"datePublished\":\"2024-05-29T07:26:38+00:00\",\"dateModified\":\"2026-03-11T07:52:08+00:00\",\"description\":\"Deliziosa e comodissima: da noi potrai fare colazione con squisiti prodotti del nostro maso e di altri produttori altoatesini, direttamente nel tuo chalet!\",\"breadcrumb\":{\"@id\":\"https:\/\/www.niederthalerhof.com\/it\/mangiare-e-bere\/#breadcrumb\"},\"inLanguage\":\"it-IT\",\"potentialAction\":[{\"@type\":\"ReadAction\",\"target\":[\"https:\/\/www.niederthalerhof.com\/it\/mangiare-e-bere\/\"]}]},{\"@type\":\"BreadcrumbList\",\"@id\":\"https:\/\/www.niederthalerhof.com\/it\/mangiare-e-bere\/#breadcrumb\",\"itemListElement\":[{\"@type\":\"ListItem\",\"position\":1,\"name\":\"Startseite\",\"item\":\"https:\/\/www.niederthalerhof.com\/it\/\"},{\"@type\":\"ListItem\",\"position\":2,\"name\":\"Mangiare e bere\"}]},{\"@type\":\"WebSite\",\"@id\":\"https:\/\/www.niederthalerhof.com\/it\/#website\",\"url\":\"https:\/\/www.niederthalerhof.com\/it\/\",\"name\":\"niederthalerhof\",\"description\":\"\",\"publisher\":{\"@id\":\"https:\/\/www.niederthalerhof.com\/it\/#organization\"},\"potentialAction\":[{\"@type\":\"SearchAction\",\"target\":{\"@type\":\"EntryPoint\",\"urlTemplate\":\"https:\/\/www.niederthalerhof.com\/it\/?s={search_term_string}\"},\"query-input\":\"required name=search_term_string\"}],\"inLanguage\":\"it-IT\"},{\"@type\":\"Organization\",\"@id\":\"https:\/\/www.niederthalerhof.com\/it\/#organization\",\"name\":\"niederthalerhof\",\"url\":\"https:\/\/www.niederthalerhof.com\/it\/\",\"logo\":{\"@type\":\"ImageObject\",\"inLanguage\":\"it-IT\",\"@id\":\"https:\/\/www.niederthalerhof.com\/it\/#\/schema\/logo\/image\/\",\"url\":\"https:\/\/www.niederthalerhof.com\/wp-content\/uploads\/2024\/05\/Gruppe-2461-2.svg\",\"contentUrl\":\"https:\/\/www.niederthalerhof.com\/wp-content\/uploads\/2024\/05\/Gruppe-2461-2.svg\",\"width\":345,\"height\":133,\"caption\":\"niederthalerhof\"},\"image\":{\"@id\":\"https:\/\/www.niederthalerhof.com\/it\/#\/schema\/logo\/image\/\"},\"sameAs\":[\"https:\/\/www.facebook.com\/niederthalerhof\/\",\"https:\/\/www.instagram.com\/niederthalerhof_chalets\/\"]}]}<\/script>\n<!-- \/ Yoast SEO plugin. -->","yoast_head_json":{"title":"Niederthalerhof: agriturismo con prima colazione in Alto Adige","description":"Deliziosa e comodissima: da noi potrai fare colazione con squisiti prodotti del nostro maso e di altri produttori altoatesini, direttamente nel tuo chalet!","robots":{"index":"index","follow":"follow","max-snippet":"max-snippet:-1","max-image-preview":"max-image-preview:large","max-video-preview":"max-video-preview:-1"},"canonical":"https:\/\/www.niederthalerhof.com\/it\/mangiare-e-bere\/","og_locale":"it_IT","og_type":"article","og_title":"Niederthalerhof: agriturismo con prima colazione in Alto Adige","og_description":"Deliziosa e comodissima: da noi potrai fare colazione con squisiti prodotti del nostro maso e di altri produttori altoatesini, direttamente nel tuo chalet!","og_url":"https:\/\/www.niederthalerhof.com\/it\/mangiare-e-bere\/","og_site_name":"niederthalerhof","article_publisher":"https:\/\/www.facebook.com\/niederthalerhof\/","article_modified_time":"2026-03-11T07:52:08+00:00","twitter_card":"summary_large_image","twitter_misc":{"Tempo di lettura stimato":"2 minuti"},"schema":{"@context":"https:\/\/schema.org","@graph":[{"@type":"WebPage","@id":"https:\/\/www.niederthalerhof.com\/it\/mangiare-e-bere\/","url":"https:\/\/www.niederthalerhof.com\/it\/mangiare-e-bere\/","name":"Niederthalerhof: agriturismo con prima colazione in Alto Adige","isPartOf":{"@id":"https:\/\/www.niederthalerhof.com\/it\/#website"},"datePublished":"2024-05-29T07:26:38+00:00","dateModified":"2026-03-11T07:52:08+00:00","description":"Deliziosa e comodissima: da noi potrai fare colazione con squisiti prodotti del nostro maso e di altri produttori altoatesini, direttamente nel tuo chalet!","breadcrumb":{"@id":"https:\/\/www.niederthalerhof.com\/it\/mangiare-e-bere\/#breadcrumb"},"inLanguage":"it-IT","potentialAction":[{"@type":"ReadAction","target":["https:\/\/www.niederthalerhof.com\/it\/mangiare-e-bere\/"]}]},{"@type":"BreadcrumbList","@id":"https:\/\/www.niederthalerhof.com\/it\/mangiare-e-bere\/#breadcrumb","itemListElement":[{"@type":"ListItem","position":1,"name":"Startseite","item":"https:\/\/www.niederthalerhof.com\/it\/"},{"@type":"ListItem","position":2,"name":"Mangiare e bere"}]},{"@type":"WebSite","@id":"https:\/\/www.niederthalerhof.com\/it\/#website","url":"https:\/\/www.niederthalerhof.com\/it\/","name":"niederthalerhof","description":"","publisher":{"@id":"https:\/\/www.niederthalerhof.com\/it\/#organization"},"potentialAction":[{"@type":"SearchAction","target":{"@type":"EntryPoint","urlTemplate":"https:\/\/www.niederthalerhof.com\/it\/?s={search_term_string}"},"query-input":"required name=search_term_string"}],"inLanguage":"it-IT"},{"@type":"Organization","@id":"https:\/\/www.niederthalerhof.com\/it\/#organization","name":"niederthalerhof","url":"https:\/\/www.niederthalerhof.com\/it\/","logo":{"@type":"ImageObject","inLanguage":"it-IT","@id":"https:\/\/www.niederthalerhof.com\/it\/#\/schema\/logo\/image\/","url":"https:\/\/www.niederthalerhof.com\/wp-content\/uploads\/2024\/05\/Gruppe-2461-2.svg","contentUrl":"https:\/\/www.niederthalerhof.com\/wp-content\/uploads\/2024\/05\/Gruppe-2461-2.svg","width":345,"height":133,"caption":"niederthalerhof"},"image":{"@id":"https:\/\/www.niederthalerhof.com\/it\/#\/schema\/logo\/image\/"},"sameAs":["https:\/\/www.facebook.com\/niederthalerhof\/","https:\/\/www.instagram.com\/niederthalerhof_chalets\/"]}]}},"_links":{"self":[{"href":"https:\/\/www.niederthalerhof.com\/it\/wp-json\/wp\/v2\/pages\/2152"}],"collection":[{"href":"https:\/\/www.niederthalerhof.com\/it\/wp-json\/wp\/v2\/pages"}],"about":[{"href":"https:\/\/www.niederthalerhof.com\/it\/wp-json\/wp\/v2\/types\/page"}],"author":[{"embeddable":true,"href":"https:\/\/www.niederthalerhof.com\/it\/wp-json\/wp\/v2\/users\/1"}],"replies":[{"embeddable":true,"href":"https:\/\/www.niederthalerhof.com\/it\/wp-json\/wp\/v2\/comments?post=2152"}],"version-history":[{"count":22,"href":"https:\/\/www.niederthalerhof.com\/it\/wp-json\/wp\/v2\/pages\/2152\/revisions"}],"predecessor-version":[{"id":3399,"href":"https:\/\/www.niederthalerhof.com\/it\/wp-json\/wp\/v2\/pages\/2152\/revisions\/3399"}],"wp:attachment":[{"href":"https:\/\/www.niederthalerhof.com\/it\/wp-json\/wp\/v2\/media?parent=2152"}],"curies":[{"name":"wp","href":"https:\/\/api.w.org\/{rel}","templated":true}]}}