{"id":2162,"date":"2024-05-29T07:36:06","date_gmt":"2024-05-29T07:36:06","guid":{"rendered":"https:\/\/niederthalerhof.muwit.net\/lesperienza\/"},"modified":"2024-12-02T15:06:45","modified_gmt":"2024-12-02T15:06:45","slug":"lesperienza","status":"publish","type":"page","link":"https:\/\/www.niederthalerhof.com\/it\/lesperienza\/","title":{"rendered":"L&#8217;esperienza"},"content":{"rendered":"\t\t<div data-elementor-type=\"wp-page\" data-elementor-id=\"2162\" class=\"elementor elementor-2162 elementor-42\" data-elementor-post-type=\"page\">\n\t\t\t\t<div class=\"elementor-element elementor-element-7039ba15 e-con-full e-flex e-con e-parent\" data-id=\"7039ba15\" data-element_type=\"container\">\n\t\t\t\t<div class=\"elementor-element elementor-element-76311812 elementor-pagination-position-inside pfeillinksunten elementor-skin-carousel elementor-pagination-type-bullets elementor-widget elementor-widget-media-carousel\" data-id=\"76311812\" data-element_type=\"widget\" data-settings=\"{&quot;slides_per_view&quot;:&quot;1&quot;,&quot;slides_per_view_widescreen&quot;:&quot;1&quot;,&quot;slides_per_view_laptop&quot;:&quot;1&quot;,&quot;slides_per_view_tablet_extra&quot;:&quot;1&quot;,&quot;slides_per_view_tablet&quot;:&quot;1&quot;,&quot;slides_per_view_mobile_extra&quot;:&quot;1&quot;,&quot;skin&quot;:&quot;carousel&quot;,&quot;effect&quot;:&quot;slide&quot;,&quot;pagination&quot;:&quot;bullets&quot;,&quot;speed&quot;:500,&quot;autoplay&quot;:&quot;yes&quot;,&quot;autoplay_speed&quot;:5000,&quot;loop&quot;:&quot;yes&quot;,&quot;pause_on_hover&quot;:&quot;yes&quot;,&quot;pause_on_interaction&quot;:&quot;yes&quot;,&quot;space_between&quot;:{&quot;unit&quot;:&quot;px&quot;,&quot;size&quot;:10,&quot;sizes&quot;:[]},&quot;space_between_widescreen&quot;:{&quot;unit&quot;:&quot;px&quot;,&quot;size&quot;:10,&quot;sizes&quot;:[]},&quot;space_between_laptop&quot;:{&quot;unit&quot;:&quot;px&quot;,&quot;size&quot;:10,&quot;sizes&quot;:[]},&quot;space_between_tablet_extra&quot;:{&quot;unit&quot;:&quot;px&quot;,&quot;size&quot;:10,&quot;sizes&quot;:[]},&quot;space_between_tablet&quot;:{&quot;unit&quot;:&quot;px&quot;,&quot;size&quot;:10,&quot;sizes&quot;:[]},&quot;space_between_mobile_extra&quot;:{&quot;unit&quot;:&quot;px&quot;,&quot;size&quot;:10,&quot;sizes&quot;:[]},&quot;space_between_mobile&quot;:{&quot;unit&quot;:&quot;px&quot;,&quot;size&quot;:10,&quot;sizes&quot;:[]}}\" data-widget_type=\"media-carousel.default\">\n\t\t\t\t<div class=\"elementor-widget-container\">\n\t\t\t<link rel=\"stylesheet\" href=\"https:\/\/www.niederthalerhof.com\/wp-content\/plugins\/elementor-pro\/assets\/css\/widget-carousel.min.css?ver=1721981042\">\t\t<div class=\"elementor-swiper\">\n\t\t\t<div class=\"elementor-main-swiper swiper\">\n\t\t\t\t<div class=\"swiper-wrapper\">\n\t\t\t\t\t\t\t\t\t\t\t<div class=\"swiper-slide\">\n\t\t\t\t\t\t\t\t\t<div class=\"elementor-carousel-image\" role=\"img\" aria-label=\"Aktivurlaub und wandern in S\u00fcdtirol\" style=\"background-image: url(&#039;https:\/\/www.niederthalerhof.com\/wp-content\/uploads\/2024\/06\/aktivurlaub-suedtirol.jpg&#039;)\">\n\n\t\t\t\n\t\t\t\t\t<\/div>\n\t\t\t\t\t\t\t\t<\/div>\n\t\t\t\t\t\t\t\t\t\t\t<div class=\"swiper-slide\">\n\t\t\t\t\t\t\t\t\t<div class=\"elementor-carousel-image\" role=\"img\" aria-label=\"Skiurlaub im Chalet in Brixen\" style=\"background-image: url(&#039;https:\/\/www.niederthalerhof.com\/wp-content\/uploads\/2024\/07\/skiurlaub-im-chalet-in-brixen.jpg&#039;)\">\n\n\t\t\t\n\t\t\t\t\t<\/div>\n\t\t\t\t\t\t\t\t<\/div>\n\t\t\t\t\t\t\t\t\t\t\t<div class=\"swiper-slide\">\n\t\t\t\t\t\t\t\t\t<div class=\"elementor-carousel-image\" role=\"img\" aria-label=\"Aktivurlaub in Brixen S\u00fcdtirol\" style=\"background-image: url(&#039;https:\/\/www.niederthalerhof.com\/wp-content\/uploads\/2024\/07\/brixen-in-suedtirol-aktivurlaub.jpg&#039;)\">\n\n\t\t\t\n\t\t\t\t\t<\/div>\n\t\t\t\t\t\t\t\t<\/div>\n\t\t\t\t\t\t\t\t\t<\/div>\n\t\t\t\t\t\t\t\t\t\t\t\t\t\t\t<div class=\"swiper-pagination\"><\/div>\n\t\t\t\t\t\t\t\t\t\t\t\t\t\t\t\t\t<\/div>\n\t\t<\/div>\n\t\t\t\t<\/div>\n\t\t\t\t<\/div>\n\t\t\t\t<\/div>\n\t\t<div class=\"elementor-element elementor-element-15f44a5d e-con-full brownlink e-flex e-con e-parent\" data-id=\"15f44a5d\" data-element_type=\"container\" data-settings=\"{&quot;background_background&quot;:&quot;classic&quot;}\">\n\t\t<div class=\"elementor-element elementor-element-6f979f2b e-flex e-con-boxed e-con e-child\" data-id=\"6f979f2b\" data-element_type=\"container\">\n\t\t\t\t\t<div class=\"e-con-inner\">\n\t\t\t\t<div class=\"elementor-element elementor-element-da5f3c5 elementor-widget elementor-widget-heading\" data-id=\"da5f3c5\" data-element_type=\"widget\" data-widget_type=\"heading.default\">\n\t\t\t\t<div class=\"elementor-widget-container\">\n\t\t\t<style>\/*! elementor - v3.23.0 - 25-07-2024 *\/\n.elementor-heading-title{padding:0;margin:0;line-height:1}.elementor-widget-heading .elementor-heading-title[class*=elementor-size-]>a{color:inherit;font-size:inherit;line-height:inherit}.elementor-widget-heading .elementor-heading-title.elementor-size-small{font-size:15px}.elementor-widget-heading .elementor-heading-title.elementor-size-medium{font-size:19px}.elementor-widget-heading .elementor-heading-title.elementor-size-large{font-size:29px}.elementor-widget-heading .elementor-heading-title.elementor-size-xl{font-size:39px}.elementor-widget-heading .elementor-heading-title.elementor-size-xxl{font-size:59px}<\/style><h2 class=\"elementor-heading-title elementor-size-default\">Vacanze attive <br>in Alto Adige<\/h2>\t\t<\/div>\n\t\t\t\t<\/div>\n\t\t\t\t\t<\/div>\n\t\t\t\t<\/div>\n\t\t<div class=\"elementor-element elementor-element-5d28effc e-flex e-con-boxed e-con e-child\" data-id=\"5d28effc\" data-element_type=\"container\">\n\t\t\t\t\t<div class=\"e-con-inner\">\n\t\t\t\t<div class=\"elementor-element elementor-element-7e1336bf elementor-widget elementor-widget-heading\" data-id=\"7e1336bf\" data-element_type=\"widget\" data-widget_type=\"heading.default\">\n\t\t\t\t<div class=\"elementor-widget-container\">\n\t\t\t<h1 class=\"elementor-heading-title elementor-size-default\">Sport e attivit\u00e0 a contatto con la natura, in ogni stagione <\/h1>\t\t<\/div>\n\t\t\t\t<\/div>\n\t\t\t\t<div class=\"elementor-element elementor-element-3f00e602 elementor-widget elementor-widget-text-editor\" data-id=\"3f00e602\" data-element_type=\"widget\" data-widget_type=\"text-editor.default\">\n\t\t\t\t<div class=\"elementor-widget-container\">\n\t\t\t<style>\/*! elementor - v3.23.0 - 25-07-2024 *\/\n.elementor-widget-text-editor.elementor-drop-cap-view-stacked .elementor-drop-cap{background-color:#69727d;color:#fff}.elementor-widget-text-editor.elementor-drop-cap-view-framed .elementor-drop-cap{color:#69727d;border:3px solid;background-color:transparent}.elementor-widget-text-editor:not(.elementor-drop-cap-view-default) .elementor-drop-cap{margin-top:8px}.elementor-widget-text-editor:not(.elementor-drop-cap-view-default) .elementor-drop-cap-letter{width:1em;height:1em}.elementor-widget-text-editor .elementor-drop-cap{float:left;text-align:center;line-height:1;font-size:50px}.elementor-widget-text-editor .elementor-drop-cap-letter{display:inline-block}<\/style>\t\t\t\t<p>Si sa, oltre ad essere bellissimi, i paesaggi naturali dell\u2019Alto Adige sono anche estremamente vari, cos\u00ec come lo sono le possibilit\u00e0 per viverli ed esplorarli. Come goderti la tua vacanza attiva lo scegli tu!<\/p>\n\t\t\t\t\t\t<\/div>\n\t\t\t\t<\/div>\n\t\t\t\t\t<\/div>\n\t\t\t\t<\/div>\n\t\t\t\t<\/div>\n\t\t<div class=\"elementor-element elementor-element-51842f9a e-con-full e-flex e-con e-parent\" data-id=\"51842f9a\" data-element_type=\"container\" data-settings=\"{&quot;background_background&quot;:&quot;classic&quot;}\">\n\t\t\t\t<div class=\"elementor-element elementor-element-5a20ffb7 pfeillinksunten elementor-skin-carousel elementor-arrows-yes elementor-widget elementor-widget-media-carousel\" data-id=\"5a20ffb7\" data-element_type=\"widget\" data-settings=\"{&quot;slides_per_view&quot;:&quot;1&quot;,&quot;slides_per_view_widescreen&quot;:&quot;1&quot;,&quot;slides_per_view_laptop&quot;:&quot;1&quot;,&quot;slides_per_view_tablet_extra&quot;:&quot;1&quot;,&quot;slides_per_view_tablet&quot;:&quot;1&quot;,&quot;slides_per_view_mobile_extra&quot;:&quot;1&quot;,&quot;skin&quot;:&quot;carousel&quot;,&quot;effect&quot;:&quot;slide&quot;,&quot;show_arrows&quot;:&quot;yes&quot;,&quot;speed&quot;:500,&quot;autoplay&quot;:&quot;yes&quot;,&quot;autoplay_speed&quot;:5000,&quot;loop&quot;:&quot;yes&quot;,&quot;pause_on_hover&quot;:&quot;yes&quot;,&quot;pause_on_interaction&quot;:&quot;yes&quot;,&quot;space_between&quot;:{&quot;unit&quot;:&quot;px&quot;,&quot;size&quot;:10,&quot;sizes&quot;:[]},&quot;space_between_widescreen&quot;:{&quot;unit&quot;:&quot;px&quot;,&quot;size&quot;:10,&quot;sizes&quot;:[]},&quot;space_between_laptop&quot;:{&quot;unit&quot;:&quot;px&quot;,&quot;size&quot;:10,&quot;sizes&quot;:[]},&quot;space_between_tablet_extra&quot;:{&quot;unit&quot;:&quot;px&quot;,&quot;size&quot;:10,&quot;sizes&quot;:[]},&quot;space_between_tablet&quot;:{&quot;unit&quot;:&quot;px&quot;,&quot;size&quot;:10,&quot;sizes&quot;:[]},&quot;space_between_mobile_extra&quot;:{&quot;unit&quot;:&quot;px&quot;,&quot;size&quot;:10,&quot;sizes&quot;:[]},&quot;space_between_mobile&quot;:{&quot;unit&quot;:&quot;px&quot;,&quot;size&quot;:10,&quot;sizes&quot;:[]}}\" data-widget_type=\"media-carousel.default\">\n\t\t\t\t<div class=\"elementor-widget-container\">\n\t\t\t\t\t<div class=\"elementor-swiper\">\n\t\t\t<div class=\"elementor-main-swiper swiper\">\n\t\t\t\t<div class=\"swiper-wrapper\">\n\t\t\t\t\t\t\t\t\t\t\t<div class=\"swiper-slide\">\n\t\t\t\t\t\t\t<a href=\"https:\/\/niederthalerhof.com\/wp-content\/uploads\/2024\/06\/sommer-aktivurlaub-plose.jpg\" data-elementor-open-lightbox=\"yes\" data-elementor-lightbox-slideshow=\"5a20ffb7\" data-elementor-lightbox-title=\"sommer-aktivurlaub-plose\" data-elementor-lightbox-description=\"Sommer Aktivurlaub auf der Plose in S\u00fcdtirol\" data-e-action-hash=\"#elementor-action%3Aaction%3Dlightbox%26settings%3DeyJpZCI6MTgyMiwidXJsIjoiaHR0cHM6XC9cL3d3dy5uaWVkZXJ0aGFsZXJob2YuY29tXC93cC1jb250ZW50XC91cGxvYWRzXC8yMDI0XC8wNlwvc29tbWVyLWFrdGl2dXJsYXViLXBsb3NlLmpwZyIsInNsaWRlc2hvdyI6IjVhMjBmZmI3In0%3D\">\t\t<div class=\"elementor-carousel-image\" role=\"img\" aria-label=\"Sommer Aktivurlaub auf der Plose in S\u00fcdtirol\" style=\"background-image: url(&#039;https:\/\/www.niederthalerhof.com\/wp-content\/uploads\/2024\/06\/sommer-aktivurlaub-plose.jpg&#039;)\">\n\n\t\t\t\n\t\t\t\t\t<\/div>\n\t\t<\/a>\t\t\t\t\t\t<\/div>\n\t\t\t\t\t\t\t\t\t<\/div>\n\t\t\t\t\t\t\t<\/div>\n\t\t<\/div>\n\t\t\t\t<\/div>\n\t\t\t\t<\/div>\n\t\t\t\t<div class=\"elementor-element elementor-element-816fc9a elementor-widget elementor-widget-heading\" data-id=\"816fc9a\" data-element_type=\"widget\" data-widget_type=\"heading.default\">\n\t\t\t\t<div class=\"elementor-widget-container\">\n\t\t\t<h2 class=\"elementor-heading-title elementor-size-default\">Attivit\u00e0 <br>estive<\/h2>\t\t<\/div>\n\t\t\t\t<\/div>\n\t\t\t\t<div class=\"elementor-element elementor-element-7ba26b2 elementor-widget elementor-widget-text-editor\" data-id=\"7ba26b2\" data-element_type=\"widget\" data-widget_type=\"text-editor.default\">\n\t\t\t\t<div class=\"elementor-widget-container\">\n\t\t\t\t\t\t\t<p>Le montagne e i soleggiati alpeggi hanno tanto da offrire per escursionisti, ciclisti e famiglie.<\/p>\n\t\t\t\t\t\t<\/div>\n\t\t\t\t<\/div>\n\t\t\t\t<div class=\"elementor-element elementor-element-1e283134 elementor-widget elementor-widget-button\" data-id=\"1e283134\" data-element_type=\"widget\" data-widget_type=\"button.default\">\n\t\t\t\t<div class=\"elementor-widget-container\">\n\t\t\t\t\t<div class=\"elementor-button-wrapper\">\n\t\t\t<a class=\"elementor-button elementor-button-link elementor-size-sm\" href=\"https:\/\/niederthalerhof.com\/it\/escursioni-estive\/\">\n\t\t\t\t\t\t<span class=\"elementor-button-content-wrapper\">\n\t\t\t\t\t\t<span class=\"elementor-button-icon\">\n\t\t\t\t<svg xmlns=\"http:\/\/www.w3.org\/2000\/svg\" width=\"29.52\" height=\"26.846\" viewBox=\"0 0 29.52 26.846\"><g id=\"Gruppe_2504\" data-name=\"Gruppe 2504\" transform=\"translate(-882.531 -2211.086)\"><path id=\"Pfad_1494\" data-name=\"Pfad 1494\" d=\"M24.541,11.366a46.393,46.393,0,0,0-2.814-3.85C20.721,6.269,19.636,5.068,18.5,3.9S16.145,1.606,14.881.516L14.867.5a2.317,2.317,0,0,0-2.9.012C10.7,1.607,9.494,2.731,8.355,3.9S6.13,6.273,5.123,7.519A45.828,45.828,0,0,0,2.312,11.37c-.419.672-.843,1.33-1.229,2.019S.326,14.768,0,15.489C.643,15,1.256,14.483,1.873,13.969s1.217-1.038,1.841-1.549c1.222-1.041,2.435-2.094,3.663-3.145s2.458-2.11,3.7-3.165c.774-.655,1.56-1.31,2.343-1.966.782.657,1.569,1.313,2.342,1.969,1.246,1.052,2.472,2.116,3.7,3.166s2.443,2.1,3.664,3.143c.615.518,1.221,1.041,1.842,1.549S26.2,15,26.846,15.49c-.324-.721-.693-1.414-1.079-2.1s-.8-1.359-1.226-2.024\" transform=\"translate(898.02 2211.085) rotate(90)\" fill=\"#997a5c\"><\/path><path id=\"Pfad_1516\" data-name=\"Pfad 1516\" d=\"M24.541,11.366a46.393,46.393,0,0,0-2.814-3.85C20.721,6.269,19.636,5.068,18.5,3.9S16.145,1.606,14.881.516L14.867.5a2.317,2.317,0,0,0-2.9.012C10.7,1.607,9.494,2.731,8.355,3.9S6.13,6.273,5.123,7.519A45.828,45.828,0,0,0,2.312,11.37c-.419.672-.843,1.33-1.229,2.019S.326,14.768,0,15.489C.643,15,1.256,14.483,1.873,13.969s1.217-1.038,1.841-1.549c1.222-1.041,2.435-2.094,3.663-3.145s2.458-2.11,3.7-3.165c.774-.655,1.56-1.31,2.343-1.966.782.657,1.569,1.313,2.342,1.969,1.246,1.052,2.472,2.116,3.7,3.166s2.443,2.1,3.664,3.143c.615.518,1.221,1.041,1.842,1.549S26.2,15,26.846,15.49c-.324-.721-.693-1.414-1.079-2.1s-.8-1.359-1.226-2.024\" transform=\"translate(912.051 2211.085) rotate(90)\" fill=\"#997a5c\"><\/path><\/g><\/svg>\t\t\t<\/span>\n\t\t\t\t\t\t\t\t\t<span class=\"elementor-button-text\">Escursioni estive<\/span>\n\t\t\t\t\t<\/span>\n\t\t\t\t\t<\/a>\n\t\t<\/div>\n\t\t\t\t<\/div>\n\t\t\t\t<\/div>\n\t\t\t\t<div class=\"elementor-element elementor-element-aac4785 elementor-widget elementor-widget-button\" data-id=\"aac4785\" data-element_type=\"widget\" data-widget_type=\"button.default\">\n\t\t\t\t<div class=\"elementor-widget-container\">\n\t\t\t\t\t<div class=\"elementor-button-wrapper\">\n\t\t\t<a class=\"elementor-button elementor-button-link elementor-size-sm\" href=\"https:\/\/niederthalerhof.com\/it\/mountainbike-e-downhill\/\">\n\t\t\t\t\t\t<span class=\"elementor-button-content-wrapper\">\n\t\t\t\t\t\t<span class=\"elementor-button-icon\">\n\t\t\t\t<svg xmlns=\"http:\/\/www.w3.org\/2000\/svg\" width=\"29.52\" height=\"26.846\" viewBox=\"0 0 29.52 26.846\"><g id=\"Gruppe_2504\" data-name=\"Gruppe 2504\" transform=\"translate(-882.531 -2211.086)\"><path id=\"Pfad_1494\" data-name=\"Pfad 1494\" d=\"M24.541,11.366a46.393,46.393,0,0,0-2.814-3.85C20.721,6.269,19.636,5.068,18.5,3.9S16.145,1.606,14.881.516L14.867.5a2.317,2.317,0,0,0-2.9.012C10.7,1.607,9.494,2.731,8.355,3.9S6.13,6.273,5.123,7.519A45.828,45.828,0,0,0,2.312,11.37c-.419.672-.843,1.33-1.229,2.019S.326,14.768,0,15.489C.643,15,1.256,14.483,1.873,13.969s1.217-1.038,1.841-1.549c1.222-1.041,2.435-2.094,3.663-3.145s2.458-2.11,3.7-3.165c.774-.655,1.56-1.31,2.343-1.966.782.657,1.569,1.313,2.342,1.969,1.246,1.052,2.472,2.116,3.7,3.166s2.443,2.1,3.664,3.143c.615.518,1.221,1.041,1.842,1.549S26.2,15,26.846,15.49c-.324-.721-.693-1.414-1.079-2.1s-.8-1.359-1.226-2.024\" transform=\"translate(898.02 2211.085) rotate(90)\" fill=\"#997a5c\"><\/path><path id=\"Pfad_1516\" data-name=\"Pfad 1516\" d=\"M24.541,11.366a46.393,46.393,0,0,0-2.814-3.85C20.721,6.269,19.636,5.068,18.5,3.9S16.145,1.606,14.881.516L14.867.5a2.317,2.317,0,0,0-2.9.012C10.7,1.607,9.494,2.731,8.355,3.9S6.13,6.273,5.123,7.519A45.828,45.828,0,0,0,2.312,11.37c-.419.672-.843,1.33-1.229,2.019S.326,14.768,0,15.489C.643,15,1.256,14.483,1.873,13.969s1.217-1.038,1.841-1.549c1.222-1.041,2.435-2.094,3.663-3.145s2.458-2.11,3.7-3.165c.774-.655,1.56-1.31,2.343-1.966.782.657,1.569,1.313,2.342,1.969,1.246,1.052,2.472,2.116,3.7,3.166s2.443,2.1,3.664,3.143c.615.518,1.221,1.041,1.842,1.549S26.2,15,26.846,15.49c-.324-.721-.693-1.414-1.079-2.1s-.8-1.359-1.226-2.024\" transform=\"translate(912.051 2211.085) rotate(90)\" fill=\"#997a5c\"><\/path><\/g><\/svg>\t\t\t<\/span>\n\t\t\t\t\t\t\t\t\t<span class=\"elementor-button-text\">Mountainbike e downhill<\/span>\n\t\t\t\t\t<\/span>\n\t\t\t\t\t<\/a>\n\t\t<\/div>\n\t\t\t\t<\/div>\n\t\t\t\t<\/div>\n\t\t\t\t<\/div>\n\t\t<div class=\"elementor-element elementor-element-39da3d38 e-con-full e-flex e-con e-parent\" data-id=\"39da3d38\" data-element_type=\"container\" data-settings=\"{&quot;background_background&quot;:&quot;classic&quot;}\">\n\t\t<div class=\"elementor-element elementor-element-6a2467c2 e-con-full e-flex e-con e-child\" data-id=\"6a2467c2\" data-element_type=\"container\">\n\t\t\t\t<div class=\"elementor-element elementor-element-24677c59 pfeilrechtsoben elementor-skin-carousel elementor-arrows-yes elementor-widget elementor-widget-media-carousel\" data-id=\"24677c59\" data-element_type=\"widget\" data-settings=\"{&quot;slides_per_view&quot;:&quot;1&quot;,&quot;slides_per_view_laptop&quot;:&quot;1&quot;,&quot;slides_per_view_tablet_extra&quot;:&quot;1&quot;,&quot;slides_per_view_tablet&quot;:&quot;1&quot;,&quot;slides_per_view_mobile_extra&quot;:&quot;1&quot;,&quot;skin&quot;:&quot;carousel&quot;,&quot;effect&quot;:&quot;slide&quot;,&quot;show_arrows&quot;:&quot;yes&quot;,&quot;speed&quot;:500,&quot;autoplay&quot;:&quot;yes&quot;,&quot;autoplay_speed&quot;:5000,&quot;loop&quot;:&quot;yes&quot;,&quot;pause_on_hover&quot;:&quot;yes&quot;,&quot;pause_on_interaction&quot;:&quot;yes&quot;,&quot;space_between&quot;:{&quot;unit&quot;:&quot;px&quot;,&quot;size&quot;:10,&quot;sizes&quot;:[]},&quot;space_between_widescreen&quot;:{&quot;unit&quot;:&quot;px&quot;,&quot;size&quot;:10,&quot;sizes&quot;:[]},&quot;space_between_laptop&quot;:{&quot;unit&quot;:&quot;px&quot;,&quot;size&quot;:10,&quot;sizes&quot;:[]},&quot;space_between_tablet_extra&quot;:{&quot;unit&quot;:&quot;px&quot;,&quot;size&quot;:10,&quot;sizes&quot;:[]},&quot;space_between_tablet&quot;:{&quot;unit&quot;:&quot;px&quot;,&quot;size&quot;:10,&quot;sizes&quot;:[]},&quot;space_between_mobile_extra&quot;:{&quot;unit&quot;:&quot;px&quot;,&quot;size&quot;:10,&quot;sizes&quot;:[]},&quot;space_between_mobile&quot;:{&quot;unit&quot;:&quot;px&quot;,&quot;size&quot;:10,&quot;sizes&quot;:[]}}\" data-widget_type=\"media-carousel.default\">\n\t\t\t\t<div class=\"elementor-widget-container\">\n\t\t\t\t\t<div class=\"elementor-swiper\">\n\t\t\t<div class=\"elementor-main-swiper swiper\">\n\t\t\t\t<div class=\"swiper-wrapper\">\n\t\t\t\t\t\t\t\t\t\t\t<div class=\"swiper-slide\">\n\t\t\t\t\t\t\t<a href=\"https:\/\/niederthalerhof.com\/wp-content\/uploads\/2024\/06\/winterurlaub-suedtirol-plose.jpg\" data-elementor-open-lightbox=\"yes\" data-elementor-lightbox-slideshow=\"24677c59\" data-elementor-lightbox-title=\"winterurlaub-suedtirol-plose\" data-elementor-lightbox-description=\"Winterurlaub in S\u00fcdtirol auf der Plose\" data-e-action-hash=\"#elementor-action%3Aaction%3Dlightbox%26settings%3DeyJpZCI6MTgyMCwidXJsIjoiaHR0cHM6XC9cL3d3dy5uaWVkZXJ0aGFsZXJob2YuY29tXC93cC1jb250ZW50XC91cGxvYWRzXC8yMDI0XC8wNlwvd2ludGVydXJsYXViLXN1ZWR0aXJvbC1wbG9zZS5qcGciLCJzbGlkZXNob3ciOiIyNDY3N2M1OSJ9\">\t\t<div class=\"elementor-carousel-image\" role=\"img\" aria-label=\"Winterurlaub in S\u00fcdtirol auf der Plose\" style=\"background-image: url(&#039;https:\/\/www.niederthalerhof.com\/wp-content\/uploads\/2024\/06\/winterurlaub-suedtirol-plose.jpg&#039;)\">\n\n\t\t\t\n\t\t\t\t\t<\/div>\n\t\t<\/a>\t\t\t\t\t\t<\/div>\n\t\t\t\t\t\t\t\t\t<\/div>\n\t\t\t\t\t\t\t<\/div>\n\t\t<\/div>\n\t\t\t\t<\/div>\n\t\t\t\t<\/div>\n\t\t\t\t<\/div>\n\t\t<div class=\"elementor-element elementor-element-4cf37ec6 e-con-full e-flex e-con e-child\" data-id=\"4cf37ec6\" data-element_type=\"container\">\n\t\t\t\t<div class=\"elementor-element elementor-element-73f790ee elementor-widget elementor-widget-heading\" data-id=\"73f790ee\" data-element_type=\"widget\" data-widget_type=\"heading.default\">\n\t\t\t\t<div class=\"elementor-widget-container\">\n\t\t\t<h2 class=\"elementor-heading-title elementor-size-default\">Attivit\u00e0<br>invernali<\/h2>\t\t<\/div>\n\t\t\t\t<\/div>\n\t\t\t\t<div class=\"elementor-element elementor-element-63dd6d30 elementor-widget elementor-widget-text-editor\" data-id=\"63dd6d30\" data-element_type=\"widget\" data-widget_type=\"text-editor.default\">\n\t\t\t\t<div class=\"elementor-widget-container\">\n\t\t\t\t\t\t\t<p>Ami gli sport invernali o semplicemente la quiete paradisiaca dell\u2019inverno? Allora vieni a goderti la magia della neve sulla Plose e sulle malghe della Valle Isarco!<\/p>\n\t\t\t\t\t\t<\/div>\n\t\t\t\t<\/div>\n\t\t\t\t<div class=\"elementor-element elementor-element-16a493f5 elementor-widget elementor-widget-button\" data-id=\"16a493f5\" data-element_type=\"widget\" data-widget_type=\"button.default\">\n\t\t\t\t<div class=\"elementor-widget-container\">\n\t\t\t\t\t<div class=\"elementor-button-wrapper\">\n\t\t\t<a class=\"elementor-button elementor-button-link elementor-size-sm\" href=\"https:\/\/niederthalerhof.com\/it\/escursioni-invernali\/\">\n\t\t\t\t\t\t<span class=\"elementor-button-content-wrapper\">\n\t\t\t\t\t\t<span class=\"elementor-button-icon\">\n\t\t\t\t<svg xmlns=\"http:\/\/www.w3.org\/2000\/svg\" width=\"29.52\" height=\"26.846\" viewBox=\"0 0 29.52 26.846\"><g id=\"Gruppe_2504\" data-name=\"Gruppe 2504\" transform=\"translate(-882.531 -2211.086)\"><path id=\"Pfad_1494\" data-name=\"Pfad 1494\" d=\"M24.541,11.366a46.393,46.393,0,0,0-2.814-3.85C20.721,6.269,19.636,5.068,18.5,3.9S16.145,1.606,14.881.516L14.867.5a2.317,2.317,0,0,0-2.9.012C10.7,1.607,9.494,2.731,8.355,3.9S6.13,6.273,5.123,7.519A45.828,45.828,0,0,0,2.312,11.37c-.419.672-.843,1.33-1.229,2.019S.326,14.768,0,15.489C.643,15,1.256,14.483,1.873,13.969s1.217-1.038,1.841-1.549c1.222-1.041,2.435-2.094,3.663-3.145s2.458-2.11,3.7-3.165c.774-.655,1.56-1.31,2.343-1.966.782.657,1.569,1.313,2.342,1.969,1.246,1.052,2.472,2.116,3.7,3.166s2.443,2.1,3.664,3.143c.615.518,1.221,1.041,1.842,1.549S26.2,15,26.846,15.49c-.324-.721-.693-1.414-1.079-2.1s-.8-1.359-1.226-2.024\" transform=\"translate(898.02 2211.085) rotate(90)\" fill=\"#997a5c\"><\/path><path id=\"Pfad_1516\" data-name=\"Pfad 1516\" d=\"M24.541,11.366a46.393,46.393,0,0,0-2.814-3.85C20.721,6.269,19.636,5.068,18.5,3.9S16.145,1.606,14.881.516L14.867.5a2.317,2.317,0,0,0-2.9.012C10.7,1.607,9.494,2.731,8.355,3.9S6.13,6.273,5.123,7.519A45.828,45.828,0,0,0,2.312,11.37c-.419.672-.843,1.33-1.229,2.019S.326,14.768,0,15.489C.643,15,1.256,14.483,1.873,13.969s1.217-1.038,1.841-1.549c1.222-1.041,2.435-2.094,3.663-3.145s2.458-2.11,3.7-3.165c.774-.655,1.56-1.31,2.343-1.966.782.657,1.569,1.313,2.342,1.969,1.246,1.052,2.472,2.116,3.7,3.166s2.443,2.1,3.664,3.143c.615.518,1.221,1.041,1.842,1.549S26.2,15,26.846,15.49c-.324-.721-.693-1.414-1.079-2.1s-.8-1.359-1.226-2.024\" transform=\"translate(912.051 2211.085) rotate(90)\" fill=\"#997a5c\"><\/path><\/g><\/svg>\t\t\t<\/span>\n\t\t\t\t\t\t\t\t\t<span class=\"elementor-button-text\">Escursioni invernali<\/span>\n\t\t\t\t\t<\/span>\n\t\t\t\t\t<\/a>\n\t\t<\/div>\n\t\t\t\t<\/div>\n\t\t\t\t<\/div>\n\t\t\t\t<div class=\"elementor-element elementor-element-2325312 elementor-widget elementor-widget-button\" data-id=\"2325312\" data-element_type=\"widget\" data-widget_type=\"button.default\">\n\t\t\t\t<div class=\"elementor-widget-container\">\n\t\t\t\t\t<div class=\"elementor-button-wrapper\">\n\t\t\t<a class=\"elementor-button elementor-button-link elementor-size-sm\" href=\"https:\/\/niederthalerhof.com\/it\/sci\/\">\n\t\t\t\t\t\t<span class=\"elementor-button-content-wrapper\">\n\t\t\t\t\t\t<span class=\"elementor-button-icon\">\n\t\t\t\t<svg xmlns=\"http:\/\/www.w3.org\/2000\/svg\" width=\"29.52\" height=\"26.846\" viewBox=\"0 0 29.52 26.846\"><g id=\"Gruppe_2504\" data-name=\"Gruppe 2504\" transform=\"translate(-882.531 -2211.086)\"><path id=\"Pfad_1494\" data-name=\"Pfad 1494\" d=\"M24.541,11.366a46.393,46.393,0,0,0-2.814-3.85C20.721,6.269,19.636,5.068,18.5,3.9S16.145,1.606,14.881.516L14.867.5a2.317,2.317,0,0,0-2.9.012C10.7,1.607,9.494,2.731,8.355,3.9S6.13,6.273,5.123,7.519A45.828,45.828,0,0,0,2.312,11.37c-.419.672-.843,1.33-1.229,2.019S.326,14.768,0,15.489C.643,15,1.256,14.483,1.873,13.969s1.217-1.038,1.841-1.549c1.222-1.041,2.435-2.094,3.663-3.145s2.458-2.11,3.7-3.165c.774-.655,1.56-1.31,2.343-1.966.782.657,1.569,1.313,2.342,1.969,1.246,1.052,2.472,2.116,3.7,3.166s2.443,2.1,3.664,3.143c.615.518,1.221,1.041,1.842,1.549S26.2,15,26.846,15.49c-.324-.721-.693-1.414-1.079-2.1s-.8-1.359-1.226-2.024\" transform=\"translate(898.02 2211.085) rotate(90)\" fill=\"#997a5c\"><\/path><path id=\"Pfad_1516\" data-name=\"Pfad 1516\" d=\"M24.541,11.366a46.393,46.393,0,0,0-2.814-3.85C20.721,6.269,19.636,5.068,18.5,3.9S16.145,1.606,14.881.516L14.867.5a2.317,2.317,0,0,0-2.9.012C10.7,1.607,9.494,2.731,8.355,3.9S6.13,6.273,5.123,7.519A45.828,45.828,0,0,0,2.312,11.37c-.419.672-.843,1.33-1.229,2.019S.326,14.768,0,15.489C.643,15,1.256,14.483,1.873,13.969s1.217-1.038,1.841-1.549c1.222-1.041,2.435-2.094,3.663-3.145s2.458-2.11,3.7-3.165c.774-.655,1.56-1.31,2.343-1.966.782.657,1.569,1.313,2.342,1.969,1.246,1.052,2.472,2.116,3.7,3.166s2.443,2.1,3.664,3.143c.615.518,1.221,1.041,1.842,1.549S26.2,15,26.846,15.49c-.324-.721-.693-1.414-1.079-2.1s-.8-1.359-1.226-2.024\" transform=\"translate(912.051 2211.085) rotate(90)\" fill=\"#997a5c\"><\/path><\/g><\/svg>\t\t\t<\/span>\n\t\t\t\t\t\t\t\t\t<span class=\"elementor-button-text\">Sci e slittino<\/span>\n\t\t\t\t\t<\/span>\n\t\t\t\t\t<\/a>\n\t\t<\/div>\n\t\t\t\t<\/div>\n\t\t\t\t<\/div>\n\t\t\t\t<\/div>\n\t\t\t\t<\/div>\n\t\t<div class=\"elementor-element elementor-element-7c492e66 e-con-full e-flex e-con e-parent\" data-id=\"7c492e66\" data-element_type=\"container\" data-settings=\"{&quot;background_background&quot;:&quot;classic&quot;}\">\n\t\t<div class=\"elementor-element elementor-element-8a1d4ef e-con-full e-flex e-con e-child\" data-id=\"8a1d4ef\" data-element_type=\"container\">\n\t\t\t\t<div class=\"elementor-element elementor-element-279da43b elementor-widget elementor-widget-heading\" data-id=\"279da43b\" data-element_type=\"widget\" data-widget_type=\"heading.default\">\n\t\t\t\t<div class=\"elementor-widget-container\">\n\t\t\t<h2 class=\"elementor-heading-title elementor-size-default\">Attivit\u00e0 nei dintorni <\/h2>\t\t<\/div>\n\t\t\t\t<\/div>\n\t\t\t\t<div class=\"elementor-element elementor-element-3dd4987d elementor-widget elementor-widget-text-editor\" data-id=\"3dd4987d\" data-element_type=\"widget\" data-widget_type=\"text-editor.default\">\n\t\t\t\t<div class=\"elementor-widget-container\">\n\t\t\t\t\t\t\t<p>Una passeggiata in citt\u00e0, una visita al museo o una sagra sfiziosa: a Bressanone e dintorni c&#8217;\u00e8 sempre qualcosa da fare!<\/p>\n\t\t\t\t\t\t<\/div>\n\t\t\t\t<\/div>\n\t\t\t\t<div class=\"elementor-element elementor-element-5ff796f8 elementor-widget elementor-widget-button\" data-id=\"5ff796f8\" data-element_type=\"widget\" data-widget_type=\"button.default\">\n\t\t\t\t<div class=\"elementor-widget-container\">\n\t\t\t\t\t<div class=\"elementor-button-wrapper\">\n\t\t\t<a class=\"elementor-button elementor-button-link elementor-size-sm\" href=\"https:\/\/niederthalerhof.com\/it\/bressanone-e-dintorni\/\">\n\t\t\t\t\t\t<span class=\"elementor-button-content-wrapper\">\n\t\t\t\t\t\t<span class=\"elementor-button-icon\">\n\t\t\t\t<svg xmlns=\"http:\/\/www.w3.org\/2000\/svg\" width=\"29.52\" height=\"26.846\" viewBox=\"0 0 29.52 26.846\"><g id=\"Gruppe_2504\" data-name=\"Gruppe 2504\" transform=\"translate(-882.531 -2211.086)\"><path id=\"Pfad_1494\" data-name=\"Pfad 1494\" d=\"M24.541,11.366a46.393,46.393,0,0,0-2.814-3.85C20.721,6.269,19.636,5.068,18.5,3.9S16.145,1.606,14.881.516L14.867.5a2.317,2.317,0,0,0-2.9.012C10.7,1.607,9.494,2.731,8.355,3.9S6.13,6.273,5.123,7.519A45.828,45.828,0,0,0,2.312,11.37c-.419.672-.843,1.33-1.229,2.019S.326,14.768,0,15.489C.643,15,1.256,14.483,1.873,13.969s1.217-1.038,1.841-1.549c1.222-1.041,2.435-2.094,3.663-3.145s2.458-2.11,3.7-3.165c.774-.655,1.56-1.31,2.343-1.966.782.657,1.569,1.313,2.342,1.969,1.246,1.052,2.472,2.116,3.7,3.166s2.443,2.1,3.664,3.143c.615.518,1.221,1.041,1.842,1.549S26.2,15,26.846,15.49c-.324-.721-.693-1.414-1.079-2.1s-.8-1.359-1.226-2.024\" transform=\"translate(898.02 2211.085) rotate(90)\" fill=\"#997a5c\"><\/path><path id=\"Pfad_1516\" data-name=\"Pfad 1516\" d=\"M24.541,11.366a46.393,46.393,0,0,0-2.814-3.85C20.721,6.269,19.636,5.068,18.5,3.9S16.145,1.606,14.881.516L14.867.5a2.317,2.317,0,0,0-2.9.012C10.7,1.607,9.494,2.731,8.355,3.9S6.13,6.273,5.123,7.519A45.828,45.828,0,0,0,2.312,11.37c-.419.672-.843,1.33-1.229,2.019S.326,14.768,0,15.489C.643,15,1.256,14.483,1.873,13.969s1.217-1.038,1.841-1.549c1.222-1.041,2.435-2.094,3.663-3.145s2.458-2.11,3.7-3.165c.774-.655,1.56-1.31,2.343-1.966.782.657,1.569,1.313,2.342,1.969,1.246,1.052,2.472,2.116,3.7,3.166s2.443,2.1,3.664,3.143c.615.518,1.221,1.041,1.842,1.549S26.2,15,26.846,15.49c-.324-.721-.693-1.414-1.079-2.1s-.8-1.359-1.226-2.024\" transform=\"translate(912.051 2211.085) rotate(90)\" fill=\"#997a5c\"><\/path><\/g><\/svg>\t\t\t<\/span>\n\t\t\t\t\t\t\t\t\t<span class=\"elementor-button-text\">Bressanone e dintorni<\/span>\n\t\t\t\t\t<\/span>\n\t\t\t\t\t<\/a>\n\t\t<\/div>\n\t\t\t\t<\/div>\n\t\t\t\t<\/div>\n\t\t\t\t<div class=\"elementor-element elementor-element-d43bec3 elementor-widget elementor-widget-button\" data-id=\"d43bec3\" data-element_type=\"widget\" data-widget_type=\"button.default\">\n\t\t\t\t<div class=\"elementor-widget-container\">\n\t\t\t\t\t<div class=\"elementor-button-wrapper\">\n\t\t\t<a class=\"elementor-button elementor-button-link elementor-size-sm\" href=\"https:\/\/niederthalerhof.com\/it\/eventi-in-zona\/\">\n\t\t\t\t\t\t<span class=\"elementor-button-content-wrapper\">\n\t\t\t\t\t\t<span class=\"elementor-button-icon\">\n\t\t\t\t<svg xmlns=\"http:\/\/www.w3.org\/2000\/svg\" width=\"29.52\" height=\"26.846\" viewBox=\"0 0 29.52 26.846\"><g id=\"Gruppe_2504\" data-name=\"Gruppe 2504\" transform=\"translate(-882.531 -2211.086)\"><path id=\"Pfad_1494\" data-name=\"Pfad 1494\" d=\"M24.541,11.366a46.393,46.393,0,0,0-2.814-3.85C20.721,6.269,19.636,5.068,18.5,3.9S16.145,1.606,14.881.516L14.867.5a2.317,2.317,0,0,0-2.9.012C10.7,1.607,9.494,2.731,8.355,3.9S6.13,6.273,5.123,7.519A45.828,45.828,0,0,0,2.312,11.37c-.419.672-.843,1.33-1.229,2.019S.326,14.768,0,15.489C.643,15,1.256,14.483,1.873,13.969s1.217-1.038,1.841-1.549c1.222-1.041,2.435-2.094,3.663-3.145s2.458-2.11,3.7-3.165c.774-.655,1.56-1.31,2.343-1.966.782.657,1.569,1.313,2.342,1.969,1.246,1.052,2.472,2.116,3.7,3.166s2.443,2.1,3.664,3.143c.615.518,1.221,1.041,1.842,1.549S26.2,15,26.846,15.49c-.324-.721-.693-1.414-1.079-2.1s-.8-1.359-1.226-2.024\" transform=\"translate(898.02 2211.085) rotate(90)\" fill=\"#997a5c\"><\/path><path id=\"Pfad_1516\" data-name=\"Pfad 1516\" d=\"M24.541,11.366a46.393,46.393,0,0,0-2.814-3.85C20.721,6.269,19.636,5.068,18.5,3.9S16.145,1.606,14.881.516L14.867.5a2.317,2.317,0,0,0-2.9.012C10.7,1.607,9.494,2.731,8.355,3.9S6.13,6.273,5.123,7.519A45.828,45.828,0,0,0,2.312,11.37c-.419.672-.843,1.33-1.229,2.019S.326,14.768,0,15.489C.643,15,1.256,14.483,1.873,13.969s1.217-1.038,1.841-1.549c1.222-1.041,2.435-2.094,3.663-3.145s2.458-2.11,3.7-3.165c.774-.655,1.56-1.31,2.343-1.966.782.657,1.569,1.313,2.342,1.969,1.246,1.052,2.472,2.116,3.7,3.166s2.443,2.1,3.664,3.143c.615.518,1.221,1.041,1.842,1.549S26.2,15,26.846,15.49c-.324-.721-.693-1.414-1.079-2.1s-.8-1.359-1.226-2.024\" transform=\"translate(912.051 2211.085) rotate(90)\" fill=\"#997a5c\"><\/path><\/g><\/svg>\t\t\t<\/span>\n\t\t\t\t\t\t\t\t\t<span class=\"elementor-button-text\">Eventi in zona<\/span>\n\t\t\t\t\t<\/span>\n\t\t\t\t\t<\/a>\n\t\t<\/div>\n\t\t\t\t<\/div>\n\t\t\t\t<\/div>\n\t\t\t\t<\/div>\n\t\t<div class=\"elementor-element elementor-element-7dd22800 e-con-full e-flex e-con e-child\" data-id=\"7dd22800\" data-element_type=\"container\">\n\t\t\t\t<div class=\"elementor-element elementor-element-3c42a858 pfeilrechtsoben elementor-skin-carousel elementor-arrows-yes elementor-widget elementor-widget-media-carousel\" data-id=\"3c42a858\" data-element_type=\"widget\" data-settings=\"{&quot;slides_per_view&quot;:&quot;1&quot;,&quot;slides_per_view_laptop&quot;:&quot;1&quot;,&quot;slides_per_view_tablet_extra&quot;:&quot;1&quot;,&quot;slides_per_view_tablet&quot;:&quot;1&quot;,&quot;slides_per_view_mobile_extra&quot;:&quot;1&quot;,&quot;skin&quot;:&quot;carousel&quot;,&quot;effect&quot;:&quot;slide&quot;,&quot;show_arrows&quot;:&quot;yes&quot;,&quot;speed&quot;:500,&quot;autoplay&quot;:&quot;yes&quot;,&quot;autoplay_speed&quot;:5000,&quot;loop&quot;:&quot;yes&quot;,&quot;pause_on_hover&quot;:&quot;yes&quot;,&quot;pause_on_interaction&quot;:&quot;yes&quot;,&quot;space_between&quot;:{&quot;unit&quot;:&quot;px&quot;,&quot;size&quot;:10,&quot;sizes&quot;:[]},&quot;space_between_widescreen&quot;:{&quot;unit&quot;:&quot;px&quot;,&quot;size&quot;:10,&quot;sizes&quot;:[]},&quot;space_between_laptop&quot;:{&quot;unit&quot;:&quot;px&quot;,&quot;size&quot;:10,&quot;sizes&quot;:[]},&quot;space_between_tablet_extra&quot;:{&quot;unit&quot;:&quot;px&quot;,&quot;size&quot;:10,&quot;sizes&quot;:[]},&quot;space_between_tablet&quot;:{&quot;unit&quot;:&quot;px&quot;,&quot;size&quot;:10,&quot;sizes&quot;:[]},&quot;space_between_mobile_extra&quot;:{&quot;unit&quot;:&quot;px&quot;,&quot;size&quot;:10,&quot;sizes&quot;:[]},&quot;space_between_mobile&quot;:{&quot;unit&quot;:&quot;px&quot;,&quot;size&quot;:10,&quot;sizes&quot;:[]}}\" data-widget_type=\"media-carousel.default\">\n\t\t\t\t<div class=\"elementor-widget-container\">\n\t\t\t\t\t<div class=\"elementor-swiper\">\n\t\t\t<div class=\"elementor-main-swiper swiper\">\n\t\t\t\t<div class=\"swiper-wrapper\">\n\t\t\t\t\t\t\t\t\t\t\t<div class=\"swiper-slide\">\n\t\t\t\t\t\t\t<a href=\"https:\/\/niederthalerhof.com\/wp-content\/uploads\/2024\/06\/stadtbummel-brixen-e1719830879913.jpg\" data-elementor-open-lightbox=\"yes\" data-elementor-lightbox-slideshow=\"3c42a858\" data-elementor-lightbox-title=\"stadtbummel-brixen\" data-elementor-lightbox-description=\"Stadtbummel in Brixen\" data-e-action-hash=\"#elementor-action%3Aaction%3Dlightbox%26settings%3DeyJpZCI6MTgyNCwidXJsIjoiaHR0cHM6XC9cL3d3dy5uaWVkZXJ0aGFsZXJob2YuY29tXC93cC1jb250ZW50XC91cGxvYWRzXC8yMDI0XC8wNlwvc3RhZHRidW1tZWwtYnJpeGVuLWUxNzE5ODMwODc5OTEzLmpwZyIsInNsaWRlc2hvdyI6IjNjNDJhODU4In0%3D\">\t\t<div class=\"elementor-carousel-image\" role=\"img\" aria-label=\"Stadtbummel in Brixen\" style=\"background-image: url(&#039;https:\/\/www.niederthalerhof.com\/wp-content\/uploads\/2024\/06\/stadtbummel-brixen-e1719830879913.jpg&#039;)\">\n\n\t\t\t\n\t\t\t\t\t<\/div>\n\t\t<\/a>\t\t\t\t\t\t<\/div>\n\t\t\t\t\t\t\t\t\t<\/div>\n\t\t\t\t\t\t\t<\/div>\n\t\t<\/div>\n\t\t\t\t<\/div>\n\t\t\t\t<\/div>\n\t\t\t\t<\/div>\n\t\t\t\t<\/div>\n\t\t\t\t<\/div>\n\t\t","protected":false},"excerpt":{"rendered":"<p>Vacanze attive in Alto Adige Sport e attivit\u00e0 a contatto con la natura, in ogni stagione Si sa, oltre ad essere bellissimi, i paesaggi naturali dell\u2019Alto Adige sono anche estremamente vari, cos\u00ec come lo sono le possibilit\u00e0 per viverli ed esplorarli. Come goderti la tua vacanza attiva lo scegli tu! Attivit\u00e0 estive Le montagne e [&hellip;]<\/p>\n","protected":false},"author":1,"featured_media":0,"parent":0,"menu_order":0,"comment_status":"closed","ping_status":"closed","template":"","meta":{"_acf_changed":false,"inline_featured_image":false,"footnotes":""},"class_list":["post-2162","page","type-page","status-publish","hentry"],"acf":[],"yoast_head":"<!-- This site is optimized with the Yoast SEO plugin v23.1 - https:\/\/yoast.com\/wordpress\/plugins\/seo\/ -->\n<title>Vacanze attive in Alto Adige in ogni stagione<\/title>\n<meta name=\"description\" content=\"Con la grande variet\u00e0 di scenari che offre, l\u2019Alto Adige \u00e8 la meta ideale per una vacanza attiva tutto l\u2019anno. Ecco qualche spunto per le tue avventure...\" \/>\n<meta name=\"robots\" content=\"index, follow, max-snippet:-1, max-image-preview:large, max-video-preview:-1\" \/>\n<link rel=\"canonical\" href=\"https:\/\/www.niederthalerhof.com\/it\/lesperienza\/\" \/>\n<meta property=\"og:locale\" content=\"it_IT\" \/>\n<meta property=\"og:type\" content=\"article\" \/>\n<meta property=\"og:title\" content=\"Vacanze attive in Alto Adige in ogni stagione\" \/>\n<meta property=\"og:description\" content=\"Con la grande variet\u00e0 di scenari che offre, l\u2019Alto Adige \u00e8 la meta ideale per una vacanza attiva tutto l\u2019anno. Ecco qualche spunto per le tue avventure...\" \/>\n<meta property=\"og:url\" content=\"https:\/\/www.niederthalerhof.com\/it\/lesperienza\/\" \/>\n<meta property=\"og:site_name\" content=\"niederthalerhof\" \/>\n<meta property=\"article:publisher\" content=\"https:\/\/www.facebook.com\/niederthalerhof\/\" \/>\n<meta property=\"article:modified_time\" content=\"2024-12-02T15:06:45+00:00\" \/>\n<meta name=\"twitter:card\" content=\"summary_large_image\" \/>\n<meta name=\"twitter:label1\" content=\"Tempo di lettura stimato\" \/>\n\t<meta name=\"twitter:data1\" content=\"1 minuto\" \/>\n<script type=\"application\/ld+json\" class=\"yoast-schema-graph\">{\"@context\":\"https:\/\/schema.org\",\"@graph\":[{\"@type\":\"WebPage\",\"@id\":\"https:\/\/www.niederthalerhof.com\/it\/lesperienza\/\",\"url\":\"https:\/\/www.niederthalerhof.com\/it\/lesperienza\/\",\"name\":\"Vacanze attive in Alto Adige in ogni stagione\",\"isPartOf\":{\"@id\":\"https:\/\/www.niederthalerhof.com\/it\/#website\"},\"datePublished\":\"2024-05-29T07:36:06+00:00\",\"dateModified\":\"2024-12-02T15:06:45+00:00\",\"description\":\"Con la grande variet\u00e0 di scenari che offre, l\u2019Alto Adige \u00e8 la meta ideale per una vacanza attiva tutto l\u2019anno. Ecco qualche spunto per le tue avventure...\",\"breadcrumb\":{\"@id\":\"https:\/\/www.niederthalerhof.com\/it\/lesperienza\/#breadcrumb\"},\"inLanguage\":\"it-IT\",\"potentialAction\":[{\"@type\":\"ReadAction\",\"target\":[\"https:\/\/www.niederthalerhof.com\/it\/lesperienza\/\"]}]},{\"@type\":\"BreadcrumbList\",\"@id\":\"https:\/\/www.niederthalerhof.com\/it\/lesperienza\/#breadcrumb\",\"itemListElement\":[{\"@type\":\"ListItem\",\"position\":1,\"name\":\"Startseite\",\"item\":\"https:\/\/www.niederthalerhof.com\/it\/\"},{\"@type\":\"ListItem\",\"position\":2,\"name\":\"L&#8217;esperienza\"}]},{\"@type\":\"WebSite\",\"@id\":\"https:\/\/www.niederthalerhof.com\/it\/#website\",\"url\":\"https:\/\/www.niederthalerhof.com\/it\/\",\"name\":\"niederthalerhof\",\"description\":\"\",\"publisher\":{\"@id\":\"https:\/\/www.niederthalerhof.com\/it\/#organization\"},\"potentialAction\":[{\"@type\":\"SearchAction\",\"target\":{\"@type\":\"EntryPoint\",\"urlTemplate\":\"https:\/\/www.niederthalerhof.com\/it\/?s={search_term_string}\"},\"query-input\":\"required name=search_term_string\"}],\"inLanguage\":\"it-IT\"},{\"@type\":\"Organization\",\"@id\":\"https:\/\/www.niederthalerhof.com\/it\/#organization\",\"name\":\"niederthalerhof\",\"url\":\"https:\/\/www.niederthalerhof.com\/it\/\",\"logo\":{\"@type\":\"ImageObject\",\"inLanguage\":\"it-IT\",\"@id\":\"https:\/\/www.niederthalerhof.com\/it\/#\/schema\/logo\/image\/\",\"url\":\"https:\/\/www.niederthalerhof.com\/wp-content\/uploads\/2024\/05\/Gruppe-2461-2.svg\",\"contentUrl\":\"https:\/\/www.niederthalerhof.com\/wp-content\/uploads\/2024\/05\/Gruppe-2461-2.svg\",\"width\":345,\"height\":133,\"caption\":\"niederthalerhof\"},\"image\":{\"@id\":\"https:\/\/www.niederthalerhof.com\/it\/#\/schema\/logo\/image\/\"},\"sameAs\":[\"https:\/\/www.facebook.com\/niederthalerhof\/\",\"https:\/\/www.instagram.com\/niederthalerhof_chalets\/\"]}]}<\/script>\n<!-- \/ Yoast SEO plugin. -->","yoast_head_json":{"title":"Vacanze attive in Alto Adige in ogni stagione","description":"Con la grande variet\u00e0 di scenari che offre, l\u2019Alto Adige \u00e8 la meta ideale per una vacanza attiva tutto l\u2019anno. Ecco qualche spunto per le tue avventure...","robots":{"index":"index","follow":"follow","max-snippet":"max-snippet:-1","max-image-preview":"max-image-preview:large","max-video-preview":"max-video-preview:-1"},"canonical":"https:\/\/www.niederthalerhof.com\/it\/lesperienza\/","og_locale":"it_IT","og_type":"article","og_title":"Vacanze attive in Alto Adige in ogni stagione","og_description":"Con la grande variet\u00e0 di scenari che offre, l\u2019Alto Adige \u00e8 la meta ideale per una vacanza attiva tutto l\u2019anno. Ecco qualche spunto per le tue avventure...","og_url":"https:\/\/www.niederthalerhof.com\/it\/lesperienza\/","og_site_name":"niederthalerhof","article_publisher":"https:\/\/www.facebook.com\/niederthalerhof\/","article_modified_time":"2024-12-02T15:06:45+00:00","twitter_card":"summary_large_image","twitter_misc":{"Tempo di lettura stimato":"1 minuto"},"schema":{"@context":"https:\/\/schema.org","@graph":[{"@type":"WebPage","@id":"https:\/\/www.niederthalerhof.com\/it\/lesperienza\/","url":"https:\/\/www.niederthalerhof.com\/it\/lesperienza\/","name":"Vacanze attive in Alto Adige in ogni stagione","isPartOf":{"@id":"https:\/\/www.niederthalerhof.com\/it\/#website"},"datePublished":"2024-05-29T07:36:06+00:00","dateModified":"2024-12-02T15:06:45+00:00","description":"Con la grande variet\u00e0 di scenari che offre, l\u2019Alto Adige \u00e8 la meta ideale per una vacanza attiva tutto l\u2019anno. Ecco qualche spunto per le tue avventure...","breadcrumb":{"@id":"https:\/\/www.niederthalerhof.com\/it\/lesperienza\/#breadcrumb"},"inLanguage":"it-IT","potentialAction":[{"@type":"ReadAction","target":["https:\/\/www.niederthalerhof.com\/it\/lesperienza\/"]}]},{"@type":"BreadcrumbList","@id":"https:\/\/www.niederthalerhof.com\/it\/lesperienza\/#breadcrumb","itemListElement":[{"@type":"ListItem","position":1,"name":"Startseite","item":"https:\/\/www.niederthalerhof.com\/it\/"},{"@type":"ListItem","position":2,"name":"L&#8217;esperienza"}]},{"@type":"WebSite","@id":"https:\/\/www.niederthalerhof.com\/it\/#website","url":"https:\/\/www.niederthalerhof.com\/it\/","name":"niederthalerhof","description":"","publisher":{"@id":"https:\/\/www.niederthalerhof.com\/it\/#organization"},"potentialAction":[{"@type":"SearchAction","target":{"@type":"EntryPoint","urlTemplate":"https:\/\/www.niederthalerhof.com\/it\/?s={search_term_string}"},"query-input":"required name=search_term_string"}],"inLanguage":"it-IT"},{"@type":"Organization","@id":"https:\/\/www.niederthalerhof.com\/it\/#organization","name":"niederthalerhof","url":"https:\/\/www.niederthalerhof.com\/it\/","logo":{"@type":"ImageObject","inLanguage":"it-IT","@id":"https:\/\/www.niederthalerhof.com\/it\/#\/schema\/logo\/image\/","url":"https:\/\/www.niederthalerhof.com\/wp-content\/uploads\/2024\/05\/Gruppe-2461-2.svg","contentUrl":"https:\/\/www.niederthalerhof.com\/wp-content\/uploads\/2024\/05\/Gruppe-2461-2.svg","width":345,"height":133,"caption":"niederthalerhof"},"image":{"@id":"https:\/\/www.niederthalerhof.com\/it\/#\/schema\/logo\/image\/"},"sameAs":["https:\/\/www.facebook.com\/niederthalerhof\/","https:\/\/www.instagram.com\/niederthalerhof_chalets\/"]}]}},"_links":{"self":[{"href":"https:\/\/www.niederthalerhof.com\/it\/wp-json\/wp\/v2\/pages\/2162"}],"collection":[{"href":"https:\/\/www.niederthalerhof.com\/it\/wp-json\/wp\/v2\/pages"}],"about":[{"href":"https:\/\/www.niederthalerhof.com\/it\/wp-json\/wp\/v2\/types\/page"}],"author":[{"embeddable":true,"href":"https:\/\/www.niederthalerhof.com\/it\/wp-json\/wp\/v2\/users\/1"}],"replies":[{"embeddable":true,"href":"https:\/\/www.niederthalerhof.com\/it\/wp-json\/wp\/v2\/comments?post=2162"}],"version-history":[{"count":11,"href":"https:\/\/www.niederthalerhof.com\/it\/wp-json\/wp\/v2\/pages\/2162\/revisions"}],"predecessor-version":[{"id":3166,"href":"https:\/\/www.niederthalerhof.com\/it\/wp-json\/wp\/v2\/pages\/2162\/revisions\/3166"}],"wp:attachment":[{"href":"https:\/\/www.niederthalerhof.com\/it\/wp-json\/wp\/v2\/media?parent=2162"}],"curies":[{"name":"wp","href":"https:\/\/api.w.org\/{rel}","templated":true}]}}